{"id":2109,"date":"2019-04-25T12:11:55","date_gmt":"2019-04-25T17:11:55","guid":{"rendered":"https:\/\/musiciensalacarte.com\/our-clients\/"},"modified":"2025-02-02T10:23:40","modified_gmt":"2025-02-02T15:23:40","slug":"our-clients","status":"publish","type":"page","link":"https:\/\/musiciensalacarte.com\/en\/our-clients\/","title":{"rendered":"Our clients"},"content":{"rendered":"<p>[et_pb_section fb_built=&#8221;1&#8243; custom_padding_last_edited=&#8221;on|desktop&#8221; admin_label=&#8221;New Inner Pages Banner&#8221; module_class=&#8221;home-banner&#8221; _builder_version=&#8221;4.27.3&#8243; _module_preset=&#8221;default&#8221; use_background_color_gradient=&#8221;on&#8221; background_color_gradient_direction=&#8221;90deg&#8221; background_color_gradient_stops=&#8221;rgba(0,0,0,0.4) 0%|rgba(41,196,169,0) 100%&#8221; background_image=&#8221;https:\/\/musiciensalacarte.com\/wp-content\/uploads\/2024\/11\/bg-black-scaled.jpg&#8221; background_blend=&#8221;overlay&#8221; custom_padding=&#8221;150px||150px||true|false&#8221; custom_padding_tablet=&#8221;80px||80px||false|false&#8221; custom_padding_phone=&#8221;80px||50px||false|false&#8221; background_color_tablet=&#8221;#000000&#8243; background_last_edited=&#8221;on|desktop&#8221; background_enable_color_tablet=&#8221;on&#8221; background_enable_image_tablet=&#8221;off&#8221; background_enable_image_phone=&#8221;off&#8221; custom_css_main_element=&#8221;align-items:center;||display:flex;||    flex-direction: column-reverse;&#8221; locked=&#8221;off&#8221; global_colors_info=&#8221;{}&#8221;][et_pb_row _builder_version=&#8221;4.27.3&#8243; _module_preset=&#8221;default&#8221; width=&#8221;95%&#8221; width_tablet=&#8221;80%&#8221; width_phone=&#8221;80%&#8221; width_last_edited=&#8221;on|tablet&#8221; global_colors_info=&#8221;{}&#8221;][et_pb_column type=&#8221;4_4&#8243; _builder_version=&#8221;4.27.3&#8243; _module_preset=&#8221;default&#8221; global_colors_info=&#8221;{}&#8221;][et_pb_text _builder_version=&#8221;4.27.3&#8243; _module_preset=&#8221;default&#8221; header_text_align=&#8221;center&#8221; header_font_size=&#8221;58px&#8221; custom_margin=&#8221;||20px||false|false&#8221; header_font_size_tablet=&#8221;74px&#8221; header_font_size_phone=&#8221;40px&#8221; header_font_size_last_edited=&#8221;on|phone&#8221; global_colors_info=&#8221;{}&#8221;]<\/p>\n<h1>Satisfied Clients, Unforgettable Events<\/h1>\n<p>[\/et_pb_text][et_pb_text _builder_version=&#8221;4.27.3&#8243; _module_preset=&#8221;default&#8221; text_text_color=&#8221;rgba(255,255,255,0.81)&#8221; text_font_size=&#8221;18px&#8221; text_letter_spacing=&#8221;0.5px&#8221; text_line_height=&#8221;1.6em&#8221; text_orientation=&#8221;center&#8221; max_width=&#8221;1080px&#8221; module_alignment=&#8221;center&#8221; text_font_size_tablet=&#8221;18px&#8221; text_font_size_phone=&#8221;16px&#8221; text_font_size_last_edited=&#8221;on|phone&#8221; global_colors_info=&#8221;{}&#8221;]We are proud to have worked with a diverse range of clients, from private individuals to renowned corporations. Their trust in our musical expertise inspires us to deliver exceptional performances for every occasion.[\/et_pb_text][\/et_pb_column][\/et_pb_row][\/et_pb_section][et_pb_section fb_built=&#8221;1&#8243; custom_padding_last_edited=&#8221;on|desktop&#8221; disabled_on=&#8221;on|off|off&#8221; admin_label=&#8221;Inside Page Header&#8221; module_class=&#8221;services&#8221; _builder_version=&#8221;4.27.3&#8243; _module_preset=&#8221;default&#8221; custom_padding=&#8221;20px||||false|false&#8221; custom_padding_tablet=&#8221;||||false|false&#8221; custom_padding_phone=&#8221;||60px||false|false&#8221; saved_tabs=&#8221;all&#8221; locked=&#8221;off&#8221; global_colors_info=&#8221;{}&#8221; global_module=&#8221;4403&#8243; theme_builder_area=&#8221;post_content&#8221;][et_pb_row column_structure=&#8221;1_4,1_4,1_4,1_4&#8243; use_custom_gutter=&#8221;on&#8221; gutter_width=&#8221;2&#8243; make_equal=&#8221;on&#8221; _builder_version=&#8221;4.27.3&#8243; _module_preset=&#8221;default&#8221; width=&#8221;90%&#8221; custom_margin=&#8221;-90px||||false|false&#8221; custom_margin_tablet=&#8221;-70px||||false|false&#8221; custom_margin_phone=&#8221;-50px||||false|false&#8221; custom_margin_last_edited=&#8221;on|desktop&#8221; custom_padding=&#8221;10px||||false|false&#8221; global_colors_info=&#8221;{}&#8221; theme_builder_area=&#8221;post_content&#8221;][et_pb_column type=&#8221;1_4&#8243; _builder_version=&#8221;4.27.3&#8243; _module_preset=&#8221;default&#8221; background_color=&#8221;#FFFFFF&#8221; custom_padding=&#8221;||20px||false|false&#8221; border_radii=&#8221;on|10px|10px|10px|10px&#8221; border_width_all=&#8221;2px&#8221; border_color_all=&#8221;rgba(153,125,71,0.32)&#8221; box_shadow_style=&#8221;preset4&#8243; box_shadow_horizontal=&#8221;15px&#8221; box_shadow_vertical=&#8221;-15px&#8221; box_shadow_color=&#8221;rgba(153,125,71,0.32)&#8221; global_colors_info=&#8221;{}&#8221; theme_builder_area=&#8221;post_content&#8221;][et_pb_blurb title=&#8221;Jazz Trio&#8221; image=&#8221;https:\/\/musiciensalacarte.com\/wp-content\/uploads\/2024\/11\/Jazz-Trio-img.jpg&#8221; content_max_width=&#8221;100%&#8221; admin_label=&#8221;Blurb&#8221; _builder_version=&#8221;4.27.3&#8243; _dynamic_attributes=&#8221;link_option_url&#8221; _module_preset=&#8221;default&#8221; header_font=&#8221;|700|||||||&#8221; header_text_color=&#8221;gcid-heading-color&#8221; header_font_size=&#8221;26px&#8221; body_font=&#8221;||||||||&#8221; body_text_color=&#8221;#000000&#8243; body_font_size=&#8221;15px&#8221; body_letter_spacing=&#8221;0.5px&#8221; background_color=&#8221;RGBA(255,255,255,0)&#8221; link_option_url=&#8221;@ET-DC@eyJkeW5hbWljIjp0cnVlLCJjb250ZW50IjoicG9zdF9saW5rX3VybF9wYWdlIiwic2V0dGluZ3MiOnsicG9zdF9pZCI6IjIyMTIifX0=@&#8221; global_colors_info=&#8221;{%22gcid-heading-color%22:%91%22header_text_color%22%93}&#8221; theme_builder_area=&#8221;post_content&#8221;]<\/p>\n<p>We will create the proper, elegant atmosphere while allowing your guests to chat comfortably.<\/p>\n<p>[\/et_pb_blurb][\/et_pb_column][et_pb_column type=&#8221;1_4&#8243; _builder_version=&#8221;4.27.3&#8243; _module_preset=&#8221;default&#8221; background_color=&#8221;#FFFFFF&#8221; custom_padding=&#8221;||20px||false|false&#8221; border_radii=&#8221;on|10px|10px|10px|10px&#8221; border_width_all=&#8221;2px&#8221; border_color_all=&#8221;rgba(153,125,71,0.32)&#8221; box_shadow_style=&#8221;preset4&#8243; box_shadow_horizontal=&#8221;15px&#8221; box_shadow_vertical=&#8221;-15px&#8221; box_shadow_color=&#8221;rgba(153,125,71,0.32)&#8221; global_colors_info=&#8221;{}&#8221; theme_builder_area=&#8221;post_content&#8221;][et_pb_blurb title=&#8221;Corporate Events&#8221; image=&#8221;https:\/\/musiciensalacarte.com\/wp-content\/uploads\/2025\/01\/Corporate-events.jpg&#8221; content_max_width=&#8221;100%&#8221; _builder_version=&#8221;4.27.3&#8243; _dynamic_attributes=&#8221;link_option_url&#8221; _module_preset=&#8221;default&#8221; header_font=&#8221;|700|||||||&#8221; header_text_color=&#8221;#997d47&#8243; header_font_size=&#8221;26px&#8221; body_font=&#8221;||||||||&#8221; body_text_color=&#8221;#000000&#8243; body_font_size=&#8221;15px&#8221; body_letter_spacing=&#8221;0.5px&#8221; background_color=&#8221;RGBA(255,255,255,0)&#8221; link_option_url=&#8221;@ET-DC@eyJkeW5hbWljIjp0cnVlLCJjb250ZW50IjoicG9zdF9saW5rX3VybF9wYWdlIiwic2V0dGluZ3MiOnsicG9zdF9pZCI6IjIxNjQifX0=@&#8221; global_colors_info=&#8221;{%22gcid-heading-color%22:%91%22header_text_color%22,%22header_text_color%22%93}&#8221; theme_builder_area=&#8221;post_content&#8221;]<\/p>\n<p>Dancing or background music. Crafting Memorable Events with Tailored Live Music for Every orporate Celebration!<\/p>\n<p>[\/et_pb_blurb][\/et_pb_column][et_pb_column type=&#8221;1_4&#8243; _builder_version=&#8221;4.27.3&#8243; _module_preset=&#8221;default&#8221; background_color=&#8221;#FFFFFF&#8221; custom_padding=&#8221;||20px||false|false&#8221; border_radii=&#8221;on|10px|10px|10px|10px&#8221; border_width_all=&#8221;2px&#8221; border_color_all=&#8221;rgba(153,125,71,0.32)&#8221; box_shadow_style=&#8221;preset4&#8243; box_shadow_horizontal=&#8221;15px&#8221; box_shadow_vertical=&#8221;-15px&#8221; box_shadow_color=&#8221;rgba(153,125,71,0.32)&#8221; global_colors_info=&#8221;{}&#8221; theme_builder_area=&#8221;post_content&#8221;][et_pb_blurb title=&#8221;Private Events&#8221; image=&#8221;https:\/\/musiciensalacarte.com\/wp-content\/uploads\/2024\/11\/Private-Events-img.jpg&#8221; content_max_width=&#8221;100%&#8221; _builder_version=&#8221;4.27.3&#8243; _dynamic_attributes=&#8221;link_option_url&#8221; _module_preset=&#8221;default&#8221; header_font=&#8221;|700|||||||&#8221; header_text_color=&#8221;#997d47&#8243; header_font_size=&#8221;26px&#8221; body_font=&#8221;||||||||&#8221; body_text_color=&#8221;#000000&#8243; body_font_size=&#8221;15px&#8221; body_letter_spacing=&#8221;0.5px&#8221; background_color=&#8221;RGBA(255,255,255,0)&#8221; link_option_url=&#8221;@ET-DC@eyJkeW5hbWljIjp0cnVlLCJjb250ZW50IjoicG9zdF9saW5rX3VybF9wYWdlIiwic2V0dGluZ3MiOnsicG9zdF9pZCI6IjIxNjEifX0=@&#8221; global_colors_info=&#8221;{%22gcid-heading-color%22:%91%22header_text_color%22,%22header_text_color%22%93}&#8221; theme_builder_area=&#8221;post_content&#8221;]<\/p>\n<p>Experience a unique moment&#8230;live music in your home! Delight your guests with our extensive repertoire. A concept that always impresses!<\/p>\n<p>[\/et_pb_blurb][\/et_pb_column][et_pb_column type=&#8221;1_4&#8243; _builder_version=&#8221;4.27.3&#8243; _module_preset=&#8221;default&#8221; background_color=&#8221;#FFFFFF&#8221; custom_padding=&#8221;||20px||false|false&#8221; border_radii=&#8221;on|10px|10px|10px|10px&#8221; border_width_all=&#8221;2px&#8221; border_color_all=&#8221;rgba(153,125,71,0.32)&#8221; box_shadow_style=&#8221;preset4&#8243; box_shadow_horizontal=&#8221;15px&#8221; box_shadow_vertical=&#8221;-15px&#8221; box_shadow_color=&#8221;rgba(153,125,71,0.32)&#8221; global_colors_info=&#8221;{}&#8221; theme_builder_area=&#8221;post_content&#8221;][et_pb_blurb title=&#8221;Funerals&#8221; image=&#8221;https:\/\/musiciensalacarte.com\/wp-content\/uploads\/2025\/01\/Funeral-musicians.jpg&#8221; content_max_width=&#8221;100%&#8221; _builder_version=&#8221;4.27.3&#8243; _dynamic_attributes=&#8221;link_option_url&#8221; _module_preset=&#8221;default&#8221; header_font=&#8221;|700|||||||&#8221; header_text_color=&#8221;#997d47&#8243; header_font_size=&#8221;26px&#8221; body_font=&#8221;||||||||&#8221; body_text_color=&#8221;#000000&#8243; body_font_size=&#8221;15px&#8221; body_letter_spacing=&#8221;0.5px&#8221; background_color=&#8221;RGBA(255,255,255,0)&#8221; link_option_url=&#8221;@ET-DC@eyJkeW5hbWljIjp0cnVlLCJjb250ZW50IjoicG9zdF9saW5rX3VybF9wYWdlIiwic2V0dGluZ3MiOnsicG9zdF9pZCI6IjIxNTQifX0=@&#8221; global_colors_info=&#8221;{%22gcid-heading-color%22:%91%22header_text_color%22,%22header_text_color%22%93}&#8221; theme_builder_area=&#8221;post_content&#8221;]<\/p>\n<p>We are the reference in Quebec for the musical aspect of funerals. Whether at the church or the funeral home, our teams are here for you.<\/p>\n<p>[\/et_pb_blurb][\/et_pb_column][\/et_pb_row][\/et_pb_section][et_pb_section fb_built=&#8221;1&#8243; module_class=&#8221;clients-page&#8221; _builder_version=&#8221;4.27.3&#8243; global_colors_info=&#8221;{}&#8221;][et_pb_row _builder_version=&#8221;4.16&#8243; custom_margin=&#8221;||0px&#8221; custom_padding=&#8221;||0px&#8221; global_colors_info=&#8221;{}&#8221;][et_pb_column type=&#8221;4_4&#8243; _builder_version=&#8221;4.16&#8243; custom_padding=&#8221;|||&#8221; global_colors_info=&#8221;{}&#8221; custom_padding__hover=&#8221;|||&#8221;][et_pb_text _builder_version=&#8221;4.27.3&#8243; header_2_font=&#8221;|600|||||||&#8221; header_2_text_align=&#8221;center&#8221; header_2_text_color=&#8221;#000000&#8243; header_2_font_size=&#8221;60px&#8221; custom_margin=&#8221;||10px||false|false&#8221; header_2_font_size_tablet=&#8221;60px&#8221; header_2_font_size_phone=&#8221;36px&#8221; header_2_font_size_last_edited=&#8221;on|phone&#8221; global_colors_info=&#8221;{}&#8221;]<\/p>\n<h2>Our Clients<\/h2>\n<p>[\/et_pb_text][\/et_pb_column][\/et_pb_row][et_pb_row column_structure=&#8221;1_3,1_3,1_3&#8243; disabled_on=&#8221;off|off|off&#8221; _builder_version=&#8221;4.16&#8243; global_colors_info=&#8221;{}&#8221;][et_pb_column type=&#8221;1_3&#8243; _builder_version=&#8221;4.16&#8243; custom_padding=&#8221;|||&#8221; global_colors_info=&#8221;{}&#8221; custom_padding__hover=&#8221;|||&#8221;][et_pb_text _builder_version=&#8221;4.27.3&#8243; text_font=&#8221;||||||||&#8221; text_font_size=&#8221;14px&#8221; text_line_height=&#8221;2em&#8221; border_style_all=&#8221;none&#8221; global_colors_info=&#8221;{}&#8221;]<\/p>\n<ul class=\"list-style\">\n<li>AQTR (Association qu\u00e9b\u00e9coise des transports)<\/li>\n<li>BRIO Conseils<\/li>\n<li>CCA (Consumer choice award)<\/li>\n<li>Centre dentaire Gladu<\/li>\n<li>Centre financier Laval<\/li>\n<li>Centre fun\u00e9raire C\u00f4te-des-Neiges<\/li>\n<li>Clinique Nouveau D\u00e9part<\/li>\n<li>Clinique m\u00e9dicale Angus<\/li>\n<li>Cohn &amp; Wolf<\/li>\n<li>Condos Mytal<\/li>\n<li>Dalcon inc.<\/li>\n<li>Dental wings<\/li>\n<li>Desjardins<\/li>\n<li>Distribution alimentaire Aubut<\/li>\n<li>DWPV<\/li>\n<\/ul>\n<h2><\/h2>\n<p>&nbsp;[\/et_pb_text][\/et_pb_column][et_pb_column type=&#8221;1_3&#8243; _builder_version=&#8221;4.16&#8243; custom_padding=&#8221;|||&#8221; global_colors_info=&#8221;{}&#8221; custom_padding__hover=&#8221;|||&#8221;][et_pb_text _builder_version=&#8221;4.27.3&#8243; text_font=&#8221;||||||||&#8221; text_font_size=&#8221;14px&#8221; text_line_height=&#8221;2em&#8221; border_style_all=&#8221;none&#8221; global_colors_info=&#8221;{}&#8221;]<\/p>\n<ul class=\"list-style\">\n<li>Fondation de l&#8217;h\u00f4pital Jean-Talon<\/li>\n<li>Fondation de l&#8217;h\u00f4pital de Saint-Eustache<\/li>\n<li>Fondation des maladies de l&#8217;oeil<\/li>\n<li>Institut de Cardiologie de Montr\u00e9al<\/li>\n<li>Institut Universitaire en sant\u00e9 mentale de Montr\u00e9al<\/li>\n<li>Kemp Travel Group<\/li>\n<li>Le Club Mont-Royal<\/li>\n<li>Le Reine Elizabeth<\/li>\n<li>Mount Royal commemorative services<\/li>\n<li>Outdoring<\/li>\n<li>Paul Pichette et Associ\u00e9s inc.<\/li>\n<li>Receptour Canada<\/li>\n<li>Repos Saint-Fran\u00e7ois<\/li>\n<li>R\u00e9sidence \u00c9logia<\/li>\n<li>R\u00e9sidence Le Graham<\/li>\n<li>R\u00e9sidence Le S\u00e9lection Laval<\/li>\n<\/ul>\n<p>[\/et_pb_text][\/et_pb_column][et_pb_column type=&#8221;1_3&#8243; _builder_version=&#8221;4.16&#8243; custom_padding=&#8221;|||&#8221; global_colors_info=&#8221;{}&#8221; custom_padding__hover=&#8221;|||&#8221;][et_pb_text _builder_version=&#8221;4.27.3&#8243; text_font=&#8221;||||||||&#8221; text_font_size=&#8221;14px&#8221; text_line_height=&#8221;2em&#8221; border_style_all=&#8221;none&#8221; global_colors_info=&#8221;{}&#8221;]<\/p>\n<ul class=\"list-style\">\n<li>R\u00e9sidence L&#8217;Image d&#8217;Outremont<\/li>\n<li>Silver Star Mercedes Montr\u00e9al<\/li>\n<li>SITA<\/li>\n<li>T\u00c9LUQ<\/li>\n<li>Tourisme Mont\u00e9r\u00e9gie<\/li>\n<li>V\u00e9lo Qu\u00e9bec<\/li>\n<li>Ville de Brossard<\/li>\n<li>Ville de Delson<\/li>\n<li>Ville de Mont-Royal<\/li>\n<li>Ville de Pincourt<\/li>\n<li>Ville de Saint-Eustache<\/li>\n<li>Ville de Saint-Constant<\/li>\n<li>VOPAK<\/li>\n<li>Westmount Square<\/li>\n<li>Tirecraft Canada<\/li>\n<\/ul>\n<p>[\/et_pb_text][\/et_pb_column][\/et_pb_row][\/et_pb_section][et_pb_section fb_built=&#8221;1&#8243; module_class=&#8221;clients-page&#8221; _builder_version=&#8221;4.27.3&#8243; _module_preset=&#8221;default&#8221; background_color=&#8221;rgba(222,213,196,0.05)&#8221; custom_padding=&#8221;50px||||false|false&#8221; global_colors_info=&#8221;{}&#8221;][et_pb_row _builder_version=&#8221;4.16&#8243; custom_margin=&#8221;||0px&#8221; custom_padding=&#8221;||0px&#8221; global_colors_info=&#8221;{}&#8221;][et_pb_column type=&#8221;4_4&#8243; _builder_version=&#8221;4.16&#8243; custom_padding=&#8221;|||&#8221; global_colors_info=&#8221;{}&#8221; custom_padding__hover=&#8221;|||&#8221;][et_pb_text _builder_version=&#8221;4.27.3&#8243; header_2_font=&#8221;|600|||||||&#8221; header_2_text_align=&#8221;center&#8221; header_2_text_color=&#8221;#000000&#8243; header_2_font_size=&#8221;60px&#8221; custom_margin=&#8221;||10px||false|false&#8221; header_2_font_size_tablet=&#8221;60px&#8221; header_2_font_size_phone=&#8221;36px&#8221; header_2_font_size_last_edited=&#8221;on|phone&#8221; global_colors_info=&#8221;{}&#8221;]<\/p>\n<h2>Experience<\/h2>\n<p>[\/et_pb_text][\/et_pb_column][\/et_pb_row][et_pb_row column_structure=&#8221;1_3,1_3,1_3&#8243; disabled_on=&#8221;on|off|off&#8221; _builder_version=&#8221;4.16&#8243; global_colors_info=&#8221;{}&#8221;][et_pb_column type=&#8221;1_3&#8243; _builder_version=&#8221;4.16&#8243; custom_padding=&#8221;|||&#8221; global_colors_info=&#8221;{}&#8221; custom_padding__hover=&#8221;|||&#8221;][et_pb_text _builder_version=&#8221;4.27.3&#8243; text_font=&#8221;||||||||&#8221; text_font_size=&#8221;14px&#8221; text_line_height=&#8221;2em&#8221; border_style_all=&#8221;none&#8221; global_colors_info=&#8221;{}&#8221;]<\/p>\n<ul class=\"list-style\">\n<li>Festival International de Jazz de Montr\u00e9al<br \/>\n(Cliquez ici pour visionner le diaporamas du FIJM)<\/li>\n<li>Monument National et Casino de Hull (prestations avec les Moonlight girls)<\/li>\n<li>50e anniversaire du Groupe Maritime Verreault, Les M\u00e9chins, Gasp\u00e9sie 06<\/li>\n<li>Casino de Montr\u00e9al (dont la premi\u00e8re partie de Paul Anka en 2004)(Cliquez ici pour visionner un diaporama du spectacle de Paul Anka)<\/li>\n<\/ul>\n<p>[\/et_pb_text][\/et_pb_column][et_pb_column type=&#8221;1_3&#8243; _builder_version=&#8221;4.16&#8243; custom_padding=&#8221;|||&#8221; global_colors_info=&#8221;{}&#8221; custom_padding__hover=&#8221;|||&#8221;][et_pb_text _builder_version=&#8221;4.27.3&#8243; text_font=&#8221;||||||||&#8221; text_font_size=&#8221;14px&#8221; text_line_height=&#8221;2em&#8221; border_style_all=&#8221;none&#8221; global_colors_info=&#8221;{}&#8221;]<\/p>\n<ul class=\"list-style\">\n<li>Maison des Arts de Laval<\/li>\n<li>H\u00f4tel Queen \u00c9lizabeth<\/li>\n<li>H\u00f4tel Sheraton Montr\u00e9al<\/li>\n<li>\u00cele des moulins de Terrebonne<\/li>\n<li>Soci\u00e9t\u00e9 litt\u00e9raire de Laval<\/li>\n<li>Le Salon des m\u00e9tiers d\u2019Art de Montr\u00e9al 04<\/li>\n<\/ul>\n<p>[\/et_pb_text][\/et_pb_column][et_pb_column type=&#8221;1_3&#8243; _builder_version=&#8221;4.16&#8243; custom_padding=&#8221;|||&#8221; global_colors_info=&#8221;{}&#8221; custom_padding__hover=&#8221;|||&#8221;][et_pb_text _builder_version=&#8221;4.27.3&#8243; text_font=&#8221;||||||||&#8221; text_font_size=&#8221;14px&#8221; text_line_height=&#8221;2em&#8221; border_style_all=&#8221;none&#8221; global_colors_info=&#8221;{}&#8221;]<\/p>\n<ul class=\"list-style\">\n<li>Jeune Chambre de Commerce de Montr\u00e9al (JCCM)<\/li>\n<li>Le Salon des M\u00e9tiers d\u2019art de Montr\u00e9al 05<\/li>\n<li>Cabaret du Capitol de Qu\u00e9bec<\/li>\n<li>Le Tsirco<\/li>\n<li>H\u00f4tel Le Ritz<\/li>\n<li>H\u00f4tel Sheraton Laval<\/li>\n<\/ul>\n<p>[\/et_pb_text][\/et_pb_column][\/et_pb_row][\/et_pb_section][et_pb_section fb_built=&#8221;1&#8243; custom_padding_last_edited=&#8221;on|phone&#8221; _builder_version=&#8221;4.27.3&#8243; _module_preset=&#8221;default&#8221; custom_padding_tablet=&#8221;&#8221; custom_padding_phone=&#8221;60px||||false|false&#8221; locked=&#8221;off&#8221; global_colors_info=&#8221;{}&#8221;][et_pb_row column_structure=&#8221;1_2,1_2&#8243; make_equal=&#8221;on&#8221; _builder_version=&#8221;4.27.3&#8243; _module_preset=&#8221;default&#8221; custom_css_main_element=&#8221;align-items:center;&#8221; global_colors_info=&#8221;{}&#8221;][et_pb_column type=&#8221;1_2&#8243; _builder_version=&#8221;4.27.3&#8243; _module_preset=&#8221;default&#8221; global_colors_info=&#8221;{}&#8221;][et_pb_image src=&#8221;https:\/\/musiciensalacarte.com\/wp-content\/uploads\/2024\/11\/Isabelle-Janes-pianiste-scaled.jpg&#8221; title_text=&#8221;Isabelle Janes pianiste&#8221; _builder_version=&#8221;4.27.3&#8243; _module_preset=&#8221;default&#8221; max_width=&#8221;480px&#8221; module_alignment=&#8221;center&#8221; border_radii=&#8221;on|15px|15px|15px|15px&#8221; box_shadow_style=&#8221;preset4&#8243; box_shadow_horizontal=&#8221;20px&#8221; box_shadow_vertical=&#8221;-20px&#8221; box_shadow_color=&#8221;rgba(153,125,71,0.32)&#8221; global_colors_info=&#8221;{}&#8221;][\/et_pb_image][\/et_pb_column][et_pb_column type=&#8221;1_2&#8243; _builder_version=&#8221;4.27.3&#8243; _module_preset=&#8221;default&#8221; global_colors_info=&#8221;{}&#8221;][et_pb_text _builder_version=&#8221;4.27.3&#8243; _module_preset=&#8221;default&#8221; text_text_color=&#8221;gcid-heading-color&#8221; text_font_size=&#8221;18px&#8221; header_2_font_size=&#8221;54px&#8221; custom_margin=&#8221;||1px||false|false&#8221; global_colors_info=&#8221;{%22gcid-heading-color%22:%91%22text_text_color%22%93}&#8221;]<\/p>\n<h4>Testimonial<\/h4>\n<p>[\/et_pb_text][et_pb_text _builder_version=&#8221;4.27.3&#8243; _module_preset=&#8221;default&#8221; header_2_font=&#8221;|600|||||||&#8221; header_2_text_color=&#8221;#000000&#8243; header_2_font_size=&#8221;60px&#8221; custom_margin=&#8221;||10px||false|false&#8221; header_2_font_size_tablet=&#8221;60px&#8221; header_2_font_size_phone=&#8221;36px&#8221; header_2_font_size_last_edited=&#8221;on|phone&#8221; global_colors_info=&#8221;{}&#8221;]<\/p>\n<h2>What Our Clients Say<\/h2>\n<p>[\/et_pb_text][et_pb_image src=&#8221;https:\/\/musiciensalacarte.com\/wp-content\/uploads\/2024\/11\/5star-rating.png&#8221; title_text=&#8221;5star-rating&#8221; _builder_version=&#8221;4.27.3&#8243; _module_preset=&#8221;default&#8221; global_colors_info=&#8221;{}&#8221;][\/et_pb_image][et_pb_text _builder_version=&#8221;4.27.3&#8243; _module_preset=&#8221;default&#8221; text_letter_spacing=&#8221;0.3px&#8221; text_line_height=&#8221;1.75em&#8221; global_colors_info=&#8221;{}&#8221;]&#8221;&#8230;La pr\u00e9sentation offerte devant nos membres&#8230; \u00e0 l&#8217;occasion de notre assembl\u00e9e g\u00e9n\u00e9rale annuelle, a remport\u00e9 un vif succ\u00e8s et, nous tenons \u00e0 vous exprimer nos remerciements les plus chaleureux.&#8221;[\/et_pb_text][et_pb_text _builder_version=&#8221;4.27.3&#8243; _module_preset=&#8221;default&#8221; text_text_color=&#8221;gcid-heading-color&#8221; text_font_size=&#8221;18px&#8221; header_2_font_size=&#8221;54px&#8221; custom_margin=&#8221;||1px||false|false&#8221; global_colors_info=&#8221;{%22gcid-heading-color%22:%91%22text_text_color%22%93}&#8221;]<\/p>\n<h4>Nina Saint-Pierre<\/h4>\n<p>[\/et_pb_text][et_pb_text _builder_version=&#8221;4.27.3&#8243; _module_preset=&#8221;default&#8221; text_letter_spacing=&#8221;0.3px&#8221; text_line_height=&#8221;1.75em&#8221; global_colors_info=&#8221;{}&#8221;]Caisse populaire Desjardins[\/et_pb_text][\/et_pb_column][\/et_pb_row][\/et_pb_section][et_pb_section fb_built=&#8221;1&#8243; custom_padding_last_edited=&#8221;on|desktop&#8221; disabled_on=&#8221;off|on|on&#8221; admin_label=&#8221;Inside Page Header Mobile&#8221; module_class=&#8221;services2&#8243; _builder_version=&#8221;4.27.3&#8243; _module_preset=&#8221;default&#8221; custom_padding=&#8221;20px||||false|false&#8221; custom_padding_tablet=&#8221;||||false|false&#8221; custom_padding_phone=&#8221;||60px||false|false&#8221; saved_tabs=&#8221;all&#8221; locked=&#8221;off&#8221; global_colors_info=&#8221;{}&#8221; global_module=&#8221;4583&#8243; theme_builder_area=&#8221;post_content&#8221;][et_pb_row _builder_version=&#8221;4.27.3&#8243; _module_preset=&#8221;default&#8221; custom_padding=&#8221;||40px||false|false&#8221; global_colors_info=&#8221;{}&#8221; theme_builder_area=&#8221;post_content&#8221;][et_pb_column type=&#8221;4_4&#8243; _builder_version=&#8221;4.27.3&#8243; _module_preset=&#8221;default&#8221; global_colors_info=&#8221;{}&#8221; theme_builder_area=&#8221;post_content&#8221;][et_pb_text _builder_version=&#8221;4.27.3&#8243; _module_preset=&#8221;default&#8221; header_2_text_align=&#8221;center&#8221; global_colors_info=&#8221;{}&#8221; theme_builder_area=&#8221;post_content&#8221;]<\/p>\n<h2>Explore More Services<\/h2>\n<p>[\/et_pb_text][\/et_pb_column][\/et_pb_row][et_pb_row column_structure=&#8221;1_4,1_4,1_4,1_4&#8243; use_custom_gutter=&#8221;on&#8221; gutter_width=&#8221;2&#8243; make_equal=&#8221;on&#8221; _builder_version=&#8221;4.27.3&#8243; _module_preset=&#8221;default&#8221; width=&#8221;90%&#8221; custom_margin=&#8221;||||false|false&#8221; custom_margin_tablet=&#8221;-70px||||false|false&#8221; custom_margin_last_edited=&#8221;off|phone&#8221; custom_padding=&#8221;||||false|false&#8221; global_colors_info=&#8221;{}&#8221; theme_builder_area=&#8221;post_content&#8221;][et_pb_column type=&#8221;1_4&#8243; _builder_version=&#8221;4.27.3&#8243; _module_preset=&#8221;default&#8221; background_color=&#8221;#FFFFFF&#8221; custom_padding=&#8221;||20px||false|false&#8221; border_radii=&#8221;on|10px|10px|10px|10px&#8221; border_width_all=&#8221;2px&#8221; border_color_all=&#8221;rgba(153,125,71,0.32)&#8221; box_shadow_style=&#8221;preset4&#8243; box_shadow_horizontal=&#8221;15px&#8221; box_shadow_vertical=&#8221;-15px&#8221; box_shadow_color=&#8221;rgba(153,125,71,0.32)&#8221; global_colors_info=&#8221;{}&#8221; theme_builder_area=&#8221;post_content&#8221;][et_pb_blurb title=&#8221;Jazz Trio&#8221; image=&#8221;https:\/\/musiciensalacarte.com\/wp-content\/uploads\/2024\/11\/Jazz-Trio-img.jpg&#8221; content_max_width=&#8221;100%&#8221; admin_label=&#8221;Blurb&#8221; _builder_version=&#8221;4.27.3&#8243; _dynamic_attributes=&#8221;link_option_url&#8221; _module_preset=&#8221;default&#8221; header_font=&#8221;|700|||||||&#8221; header_text_color=&#8221;gcid-heading-color&#8221; header_font_size=&#8221;26px&#8221; body_font=&#8221;||||||||&#8221; body_text_color=&#8221;#000000&#8243; body_font_size=&#8221;15px&#8221; body_letter_spacing=&#8221;0.5px&#8221; background_color=&#8221;RGBA(255,255,255,0)&#8221; link_option_url=&#8221;@ET-DC@eyJkeW5hbWljIjp0cnVlLCJjb250ZW50IjoicG9zdF9saW5rX3VybF9wYWdlIiwic2V0dGluZ3MiOnsicG9zdF9pZCI6IjIyMTIifX0=@&#8221; global_colors_info=&#8221;{%22gcid-heading-color%22:%91%22header_text_color%22%93}&#8221; theme_builder_area=&#8221;post_content&#8221;]<\/p>\n<p>We will create the proper, elegant atmosphere while allowing your guests to chat comfortably.<\/p>\n<p>[\/et_pb_blurb][\/et_pb_column][et_pb_column type=&#8221;1_4&#8243; _builder_version=&#8221;4.27.3&#8243; _module_preset=&#8221;default&#8221; background_color=&#8221;#FFFFFF&#8221; custom_padding=&#8221;||20px||false|false&#8221; border_radii=&#8221;on|10px|10px|10px|10px&#8221; border_width_all=&#8221;2px&#8221; border_color_all=&#8221;rgba(153,125,71,0.32)&#8221; box_shadow_style=&#8221;preset4&#8243; box_shadow_horizontal=&#8221;15px&#8221; box_shadow_vertical=&#8221;-15px&#8221; box_shadow_color=&#8221;rgba(153,125,71,0.32)&#8221; global_colors_info=&#8221;{}&#8221; theme_builder_area=&#8221;post_content&#8221;][et_pb_blurb title=&#8221;Corporate Events&#8221; image=&#8221;https:\/\/musiciensalacarte.com\/wp-content\/uploads\/2025\/01\/Corporate-events.jpg&#8221; content_max_width=&#8221;100%&#8221; _builder_version=&#8221;4.27.3&#8243; _dynamic_attributes=&#8221;link_option_url&#8221; _module_preset=&#8221;default&#8221; header_font=&#8221;|700|||||||&#8221; header_text_color=&#8221;#997d47&#8243; header_font_size=&#8221;26px&#8221; body_font=&#8221;||||||||&#8221; body_text_color=&#8221;#000000&#8243; body_font_size=&#8221;15px&#8221; body_letter_spacing=&#8221;0.5px&#8221; background_color=&#8221;RGBA(255,255,255,0)&#8221; link_option_url=&#8221;@ET-DC@eyJkeW5hbWljIjp0cnVlLCJjb250ZW50IjoicG9zdF9saW5rX3VybF9wYWdlIiwic2V0dGluZ3MiOnsicG9zdF9pZCI6IjIxNjQifX0=@&#8221; global_colors_info=&#8221;{%22gcid-heading-color%22:%91%22header_text_color%22,%22header_text_color%22%93}&#8221; theme_builder_area=&#8221;post_content&#8221;]<\/p>\n<p>Dancing or background music. Crafting Memorable Events with Tailored Live Music for Every orporate Celebration!<\/p>\n<p>[\/et_pb_blurb][\/et_pb_column][et_pb_column type=&#8221;1_4&#8243; _builder_version=&#8221;4.27.3&#8243; _module_preset=&#8221;default&#8221; background_color=&#8221;#FFFFFF&#8221; custom_padding=&#8221;||20px||false|false&#8221; border_radii=&#8221;on|10px|10px|10px|10px&#8221; border_width_all=&#8221;2px&#8221; border_color_all=&#8221;rgba(153,125,71,0.32)&#8221; box_shadow_style=&#8221;preset4&#8243; box_shadow_horizontal=&#8221;15px&#8221; box_shadow_vertical=&#8221;-15px&#8221; box_shadow_color=&#8221;rgba(153,125,71,0.32)&#8221; global_colors_info=&#8221;{}&#8221; theme_builder_area=&#8221;post_content&#8221;][et_pb_blurb title=&#8221;Private Events&#8221; image=&#8221;https:\/\/musiciensalacarte.com\/wp-content\/uploads\/2024\/11\/Private-Events-img.jpg&#8221; content_max_width=&#8221;100%&#8221; _builder_version=&#8221;4.27.3&#8243; _dynamic_attributes=&#8221;link_option_url&#8221; _module_preset=&#8221;default&#8221; header_font=&#8221;|700|||||||&#8221; header_text_color=&#8221;#997d47&#8243; header_font_size=&#8221;26px&#8221; body_font=&#8221;||||||||&#8221; body_text_color=&#8221;#000000&#8243; body_font_size=&#8221;15px&#8221; body_letter_spacing=&#8221;0.5px&#8221; background_color=&#8221;RGBA(255,255,255,0)&#8221; link_option_url=&#8221;@ET-DC@eyJkeW5hbWljIjp0cnVlLCJjb250ZW50IjoicG9zdF9saW5rX3VybF9wYWdlIiwic2V0dGluZ3MiOnsicG9zdF9pZCI6IjIxNjEifX0=@&#8221; global_colors_info=&#8221;{%22gcid-heading-color%22:%91%22header_text_color%22,%22header_text_color%22%93}&#8221; theme_builder_area=&#8221;post_content&#8221;]<\/p>\n<p>Experience a unique moment&#8230;live music in your home! Delight your guests with our extensive repertoire. A concept that always impresses!<\/p>\n<p>[\/et_pb_blurb][\/et_pb_column][et_pb_column type=&#8221;1_4&#8243; _builder_version=&#8221;4.27.3&#8243; _module_preset=&#8221;default&#8221; background_color=&#8221;#FFFFFF&#8221; custom_padding=&#8221;||20px||false|false&#8221; border_radii=&#8221;on|10px|10px|10px|10px&#8221; border_width_all=&#8221;2px&#8221; border_color_all=&#8221;rgba(153,125,71,0.32)&#8221; box_shadow_style=&#8221;preset4&#8243; box_shadow_horizontal=&#8221;15px&#8221; box_shadow_vertical=&#8221;-15px&#8221; box_shadow_color=&#8221;rgba(153,125,71,0.32)&#8221; global_colors_info=&#8221;{}&#8221; theme_builder_area=&#8221;post_content&#8221;][et_pb_blurb title=&#8221;Funerals&#8221; image=&#8221;https:\/\/musiciensalacarte.com\/wp-content\/uploads\/2025\/01\/Funeral-musicians.jpg&#8221; content_max_width=&#8221;100%&#8221; _builder_version=&#8221;4.27.3&#8243; _dynamic_attributes=&#8221;link_option_url&#8221; _module_preset=&#8221;default&#8221; header_font=&#8221;|700|||||||&#8221; header_text_color=&#8221;#997d47&#8243; header_font_size=&#8221;26px&#8221; body_font=&#8221;||||||||&#8221; body_text_color=&#8221;#000000&#8243; body_font_size=&#8221;15px&#8221; body_letter_spacing=&#8221;0.5px&#8221; background_color=&#8221;RGBA(255,255,255,0)&#8221; link_option_url=&#8221;@ET-DC@eyJkeW5hbWljIjp0cnVlLCJjb250ZW50IjoicG9zdF9saW5rX3VybF9wYWdlIiwic2V0dGluZ3MiOnsicG9zdF9pZCI6IjIxNTQifX0=@&#8221; global_colors_info=&#8221;{%22gcid-heading-color%22:%91%22header_text_color%22,%22header_text_color%22%93}&#8221; theme_builder_area=&#8221;post_content&#8221;]<\/p>\n<p>We are the reference in Quebec for the musical aspect of funerals. Whether at the church or the funeral home, our teams are here for you.<\/p>\n<p>[\/et_pb_blurb][\/et_pb_column][\/et_pb_row][\/et_pb_section]<\/p>\n","protected":false},"excerpt":{"rendered":"<p>Satisfied Clients, Unforgettable EventsWe are proud to have worked with a diverse range of clients, from private individuals to renowned corporations. Their trust in our musical expertise inspires us to deliver exceptional performances for every occasion.We will create the proper, elegant atmosphere while allowing your guests to chat comfortably.Dancing or background music. Crafting Memorable Events [&hellip;]<\/p>\n","protected":false},"author":2,"featured_media":0,"parent":0,"menu_order":0,"comment_status":"closed","ping_status":"closed","template":"","meta":{"_et_pb_use_builder":"on","_et_pb_old_content":"","_et_gb_content_width":"","footnotes":""},"class_list":["post-2109","page","type-page","status-publish","hentry"],"yoast_head":"<!-- This site is optimized with the Yoast SEO plugin v26.6 - https:\/\/yoast.com\/wordpress\/plugins\/seo\/ -->\n<title>Our clients - Musiciens \u00e0 la carte<\/title>\n<meta name=\"robots\" content=\"index, follow, max-snippet:-1, max-image-preview:large, max-video-preview:-1\" \/>\n<link rel=\"canonical\" href=\"https:\/\/musiciensalacarte.com\/our-clients\/\" \/>\n<meta property=\"og:locale\" content=\"en_US\" \/>\n<meta property=\"og:type\" content=\"article\" \/>\n<meta property=\"og:title\" content=\"Our clients - Musiciens \u00e0 la carte\" \/>\n<meta property=\"og:description\" content=\"Satisfied Clients, Unforgettable EventsWe are proud to have worked with a diverse range of clients, from private individuals to renowned corporations. Their trust in our musical expertise inspires us to deliver exceptional performances for every occasion.We will create the proper, elegant atmosphere while allowing your guests to chat comfortably.Dancing or background music. Crafting Memorable Events [&hellip;]\" \/>\n<meta property=\"og:url\" content=\"https:\/\/musiciensalacarte.com\/our-clients\/\" \/>\n<meta property=\"og:site_name\" content=\"Musiciens \u00e0 la carte\" \/>\n<meta property=\"article:publisher\" content=\"https:\/\/www.facebook.com\/p\/Musiciens--la-carte-100035373021858\/?_rdr\" \/>\n<meta property=\"article:modified_time\" content=\"2025-02-02T15:23:40+00:00\" \/>\n<meta name=\"twitter:card\" content=\"summary_large_image\" \/>\n<meta name=\"twitter:label1\" content=\"Est. reading time\" \/>\n\t<meta name=\"twitter:data1\" content=\"16 minutes\" \/>\n<script type=\"application\/ld+json\" class=\"yoast-schema-graph\">{\"@context\":\"https:\/\/schema.org\",\"@graph\":[{\"@type\":\"WebPage\",\"@id\":\"https:\/\/musiciensalacarte.com\/our-clients\/\",\"url\":\"https:\/\/musiciensalacarte.com\/our-clients\/\",\"name\":\"Our clients - Musiciens \u00e0 la carte\",\"isPartOf\":{\"@id\":\"https:\/\/musiciensalacarte.com\/#website\"},\"datePublished\":\"2019-04-25T17:11:55+00:00\",\"dateModified\":\"2025-02-02T15:23:40+00:00\",\"breadcrumb\":{\"@id\":\"https:\/\/musiciensalacarte.com\/our-clients\/#breadcrumb\"},\"inLanguage\":\"en-US\",\"potentialAction\":[{\"@type\":\"ReadAction\",\"target\":[\"https:\/\/musiciensalacarte.com\/our-clients\/\"]}]},{\"@type\":\"BreadcrumbList\",\"@id\":\"https:\/\/musiciensalacarte.com\/our-clients\/#breadcrumb\",\"itemListElement\":[{\"@type\":\"ListItem\",\"position\":1,\"name\":\"Home\",\"item\":\"https:\/\/musiciensalacarte.com\/\"},{\"@type\":\"ListItem\",\"position\":2,\"name\":\"Our clients\"}]},{\"@type\":\"WebSite\",\"@id\":\"https:\/\/musiciensalacarte.com\/#website\",\"url\":\"https:\/\/musiciensalacarte.com\/\",\"name\":\"Musiciens \u00e0 la carte\",\"description\":\"Productions Isabelle Janes inc.\",\"publisher\":{\"@id\":\"https:\/\/musiciensalacarte.com\/#organization\"},\"potentialAction\":[{\"@type\":\"SearchAction\",\"target\":{\"@type\":\"EntryPoint\",\"urlTemplate\":\"https:\/\/musiciensalacarte.com\/?s={search_term_string}\"},\"query-input\":{\"@type\":\"PropertyValueSpecification\",\"valueRequired\":true,\"valueName\":\"search_term_string\"}}],\"inLanguage\":\"en-US\"},{\"@type\":\"Organization\",\"@id\":\"https:\/\/musiciensalacarte.com\/#organization\",\"name\":\"Musiciens \u00e0 la Carte\",\"url\":\"https:\/\/musiciensalacarte.com\/\",\"logo\":{\"@type\":\"ImageObject\",\"inLanguage\":\"en-US\",\"@id\":\"https:\/\/musiciensalacarte.com\/#\/schema\/logo\/image\/\",\"url\":\"https:\/\/musiciensalacarte.com\/wp-content\/uploads\/2019\/03\/Musiciens-a-la-carte-Logo.png\",\"contentUrl\":\"https:\/\/musiciensalacarte.com\/wp-content\/uploads\/2019\/03\/Musiciens-a-la-carte-Logo.png\",\"width\":266,\"height\":120,\"caption\":\"Musiciens \u00e0 la Carte\"},\"image\":{\"@id\":\"https:\/\/musiciensalacarte.com\/#\/schema\/logo\/image\/\"},\"sameAs\":[\"https:\/\/www.facebook.com\/p\/Musiciens--la-carte-100035373021858\/?_rdr\"]}]}<\/script>\n<!-- \/ Yoast SEO plugin. -->","yoast_head_json":{"title":"Our clients - Musiciens \u00e0 la carte","robots":{"index":"index","follow":"follow","max-snippet":"max-snippet:-1","max-image-preview":"max-image-preview:large","max-video-preview":"max-video-preview:-1"},"canonical":"https:\/\/musiciensalacarte.com\/our-clients\/","og_locale":"en_US","og_type":"article","og_title":"Our clients - Musiciens \u00e0 la carte","og_description":"Satisfied Clients, Unforgettable EventsWe are proud to have worked with a diverse range of clients, from private individuals to renowned corporations. Their trust in our musical expertise inspires us to deliver exceptional performances for every occasion.We will create the proper, elegant atmosphere while allowing your guests to chat comfortably.Dancing or background music. Crafting Memorable Events [&hellip;]","og_url":"https:\/\/musiciensalacarte.com\/our-clients\/","og_site_name":"Musiciens \u00e0 la carte","article_publisher":"https:\/\/www.facebook.com\/p\/Musiciens--la-carte-100035373021858\/?_rdr","article_modified_time":"2025-02-02T15:23:40+00:00","twitter_card":"summary_large_image","twitter_misc":{"Est. reading time":"16 minutes"},"schema":{"@context":"https:\/\/schema.org","@graph":[{"@type":"WebPage","@id":"https:\/\/musiciensalacarte.com\/our-clients\/","url":"https:\/\/musiciensalacarte.com\/our-clients\/","name":"Our clients - Musiciens \u00e0 la carte","isPartOf":{"@id":"https:\/\/musiciensalacarte.com\/#website"},"datePublished":"2019-04-25T17:11:55+00:00","dateModified":"2025-02-02T15:23:40+00:00","breadcrumb":{"@id":"https:\/\/musiciensalacarte.com\/our-clients\/#breadcrumb"},"inLanguage":"en-US","potentialAction":[{"@type":"ReadAction","target":["https:\/\/musiciensalacarte.com\/our-clients\/"]}]},{"@type":"BreadcrumbList","@id":"https:\/\/musiciensalacarte.com\/our-clients\/#breadcrumb","itemListElement":[{"@type":"ListItem","position":1,"name":"Home","item":"https:\/\/musiciensalacarte.com\/"},{"@type":"ListItem","position":2,"name":"Our clients"}]},{"@type":"WebSite","@id":"https:\/\/musiciensalacarte.com\/#website","url":"https:\/\/musiciensalacarte.com\/","name":"Musiciens \u00e0 la carte","description":"Productions Isabelle Janes inc.","publisher":{"@id":"https:\/\/musiciensalacarte.com\/#organization"},"potentialAction":[{"@type":"SearchAction","target":{"@type":"EntryPoint","urlTemplate":"https:\/\/musiciensalacarte.com\/?s={search_term_string}"},"query-input":{"@type":"PropertyValueSpecification","valueRequired":true,"valueName":"search_term_string"}}],"inLanguage":"en-US"},{"@type":"Organization","@id":"https:\/\/musiciensalacarte.com\/#organization","name":"Musiciens \u00e0 la Carte","url":"https:\/\/musiciensalacarte.com\/","logo":{"@type":"ImageObject","inLanguage":"en-US","@id":"https:\/\/musiciensalacarte.com\/#\/schema\/logo\/image\/","url":"https:\/\/musiciensalacarte.com\/wp-content\/uploads\/2019\/03\/Musiciens-a-la-carte-Logo.png","contentUrl":"https:\/\/musiciensalacarte.com\/wp-content\/uploads\/2019\/03\/Musiciens-a-la-carte-Logo.png","width":266,"height":120,"caption":"Musiciens \u00e0 la Carte"},"image":{"@id":"https:\/\/musiciensalacarte.com\/#\/schema\/logo\/image\/"},"sameAs":["https:\/\/www.facebook.com\/p\/Musiciens--la-carte-100035373021858\/?_rdr"]}]}},"_links":{"self":[{"href":"https:\/\/musiciensalacarte.com\/en\/wp-json\/wp\/v2\/pages\/2109","targetHints":{"allow":["GET"]}}],"collection":[{"href":"https:\/\/musiciensalacarte.com\/en\/wp-json\/wp\/v2\/pages"}],"about":[{"href":"https:\/\/musiciensalacarte.com\/en\/wp-json\/wp\/v2\/types\/page"}],"author":[{"embeddable":true,"href":"https:\/\/musiciensalacarte.com\/en\/wp-json\/wp\/v2\/users\/2"}],"replies":[{"embeddable":true,"href":"https:\/\/musiciensalacarte.com\/en\/wp-json\/wp\/v2\/comments?post=2109"}],"version-history":[{"count":17,"href":"https:\/\/musiciensalacarte.com\/en\/wp-json\/wp\/v2\/pages\/2109\/revisions"}],"predecessor-version":[{"id":4864,"href":"https:\/\/musiciensalacarte.com\/en\/wp-json\/wp\/v2\/pages\/2109\/revisions\/4864"}],"wp:attachment":[{"href":"https:\/\/musiciensalacarte.com\/en\/wp-json\/wp\/v2\/media?parent=2109"}],"curies":[{"name":"wp","href":"https:\/\/api.w.org\/{rel}","templated":true}]}}