{"id":2135,"date":"2019-04-26T10:50:39","date_gmt":"2019-04-26T15:50:39","guid":{"rendered":"https:\/\/musiciensalacarte.com\/residences-for-the-elderly\/"},"modified":"2025-02-02T12:11:48","modified_gmt":"2025-02-02T17:11:48","slug":"residences-for-the-elderly","status":"publish","type":"page","link":"https:\/\/musiciensalacarte.com\/en\/residences-for-the-elderly\/","title":{"rendered":"Residences for the elderly"},"content":{"rendered":"<p>[et_pb_section fb_built=&#8221;1&#8243; custom_padding_last_edited=&#8221;on|phone&#8221; admin_label=&#8221;New Inner Pages Banner&#8221; module_class=&#8221;home-banner&#8221; _builder_version=&#8221;4.27.3&#8243; _module_preset=&#8221;default&#8221; use_background_color_gradient=&#8221;on&#8221; background_color_gradient_direction=&#8221;90deg&#8221; background_color_gradient_stops=&#8221;rgba(0,0,0,0.4) 0%|rgba(41,196,169,0) 100%&#8221; background_image=&#8221;https:\/\/musiciensalacarte.com\/wp-content\/uploads\/2024\/11\/bg-black-scaled.jpg&#8221; background_blend=&#8221;overlay&#8221; custom_padding=&#8221;180px||180px||true|false&#8221; custom_padding_tablet=&#8221;80px||80px||false|false&#8221; custom_padding_phone=&#8221;80px||50px||false|false&#8221; background_color_tablet=&#8221;#000000&#8243; background_last_edited=&#8221;on|desktop&#8221; background_enable_color_tablet=&#8221;on&#8221; background_enable_image_tablet=&#8221;off&#8221; background_enable_image_phone=&#8221;off&#8221; custom_css_main_element=&#8221;align-items:center;||display:flex;||    flex-direction: column-reverse;&#8221; locked=&#8221;off&#8221; global_colors_info=&#8221;{}&#8221;][et_pb_row _builder_version=&#8221;4.27.3&#8243; _module_preset=&#8221;default&#8221; width=&#8221;95%&#8221; width_tablet=&#8221;80%&#8221; width_phone=&#8221;80%&#8221; width_last_edited=&#8221;on|tablet&#8221; global_colors_info=&#8221;{}&#8221;][et_pb_column type=&#8221;4_4&#8243; _builder_version=&#8221;4.27.3&#8243; _module_preset=&#8221;default&#8221; global_colors_info=&#8221;{}&#8221;][et_pb_text _builder_version=&#8221;4.27.3&#8243; _module_preset=&#8221;default&#8221; header_text_align=&#8221;center&#8221; header_font_size=&#8221;58px&#8221; custom_margin=&#8221;||20px||false|false&#8221; header_font_size_tablet=&#8221;74px&#8221; header_font_size_phone=&#8221;40px&#8221; header_font_size_last_edited=&#8221;on|phone&#8221; global_colors_info=&#8221;{}&#8221;]<\/p>\n<h1>Heartfelt Entertainment for Elderly Residences<\/h1>\n<p>[\/et_pb_text][et_pb_text _builder_version=&#8221;4.27.3&#8243; _module_preset=&#8221;default&#8221; text_text_color=&#8221;rgba(255,255,255,0.81)&#8221; text_font_size=&#8221;18px&#8221; text_letter_spacing=&#8221;0.5px&#8221; text_line_height=&#8221;1.6em&#8221; text_orientation=&#8221;center&#8221; max_width=&#8221;880px&#8221; module_alignment=&#8221;center&#8221; text_font_size_tablet=&#8221;18px&#8221; text_font_size_phone=&#8221;16px&#8221; text_font_size_last_edited=&#8221;on|phone&#8221; global_colors_info=&#8221;{}&#8221;]We provide professional musical services tailored to elderly residences, bringing joy and quality entertainment to seniors. With years of experience and feedback, our performances create meaningful and engaging moments for all.[\/et_pb_text][\/et_pb_column][\/et_pb_row][\/et_pb_section][et_pb_section fb_built=&#8221;1&#8243; custom_padding_last_edited=&#8221;on|desktop&#8221; disabled_on=&#8221;on|off|off&#8221; admin_label=&#8221;Inside Page Header&#8221; module_class=&#8221;services&#8221; _builder_version=&#8221;4.27.3&#8243; _module_preset=&#8221;default&#8221; custom_padding=&#8221;20px||||false|false&#8221; custom_padding_tablet=&#8221;||||false|false&#8221; custom_padding_phone=&#8221;||60px||false|false&#8221; global_module=&#8221;4403&#8243; saved_tabs=&#8221;all&#8221; locked=&#8221;off&#8221; global_colors_info=&#8221;{}&#8221;][et_pb_row column_structure=&#8221;1_4,1_4,1_4,1_4&#8243; use_custom_gutter=&#8221;on&#8221; gutter_width=&#8221;2&#8243; make_equal=&#8221;on&#8221; _builder_version=&#8221;4.27.3&#8243; _module_preset=&#8221;default&#8221; width=&#8221;90%&#8221; custom_margin=&#8221;-90px||||false|false&#8221; custom_margin_tablet=&#8221;-70px||||false|false&#8221; custom_margin_phone=&#8221;-50px||||false|false&#8221; custom_margin_last_edited=&#8221;on|desktop&#8221; custom_padding=&#8221;10px||||false|false&#8221; global_colors_info=&#8221;{}&#8221;][et_pb_column type=&#8221;1_4&#8243; _builder_version=&#8221;4.27.3&#8243; _module_preset=&#8221;default&#8221; background_color=&#8221;#FFFFFF&#8221; custom_padding=&#8221;||20px||false|false&#8221; border_radii=&#8221;on|10px|10px|10px|10px&#8221; border_width_all=&#8221;2px&#8221; border_color_all=&#8221;rgba(153,125,71,0.32)&#8221; box_shadow_style=&#8221;preset4&#8243; box_shadow_horizontal=&#8221;15px&#8221; box_shadow_vertical=&#8221;-15px&#8221; box_shadow_color=&#8221;rgba(153,125,71,0.32)&#8221; global_colors_info=&#8221;{}&#8221;][et_pb_blurb title=&#8221;Jazz Trio&#8221; image=&#8221;https:\/\/musiciensalacarte.com\/wp-content\/uploads\/2024\/11\/Jazz-Trio-img.jpg&#8221; content_max_width=&#8221;100%&#8221; admin_label=&#8221;Blurb&#8221; _builder_version=&#8221;4.27.3&#8243; _dynamic_attributes=&#8221;link_option_url&#8221; _module_preset=&#8221;default&#8221; header_font=&#8221;|700|||||||&#8221; header_text_color=&#8221;gcid-heading-color&#8221; header_font_size=&#8221;26px&#8221; body_font=&#8221;||||||||&#8221; body_text_color=&#8221;#000000&#8243; body_font_size=&#8221;15px&#8221; body_letter_spacing=&#8221;0.5px&#8221; background_color=&#8221;RGBA(255,255,255,0)&#8221; link_option_url=&#8221;@ET-DC@eyJkeW5hbWljIjp0cnVlLCJjb250ZW50IjoicG9zdF9saW5rX3VybF9wYWdlIiwic2V0dGluZ3MiOnsicG9zdF9pZCI6IjIyMTIifX0=@&#8221; global_colors_info=&#8221;{%22gcid-heading-color%22:%91%22header_text_color%22%93}&#8221;]<\/p>\n<p>We will create the proper, elegant atmosphere while allowing your guests to chat comfortably.<\/p>\n<p>[\/et_pb_blurb][\/et_pb_column][et_pb_column type=&#8221;1_4&#8243; _builder_version=&#8221;4.27.3&#8243; _module_preset=&#8221;default&#8221; background_color=&#8221;#FFFFFF&#8221; custom_padding=&#8221;||20px||false|false&#8221; border_radii=&#8221;on|10px|10px|10px|10px&#8221; border_width_all=&#8221;2px&#8221; border_color_all=&#8221;rgba(153,125,71,0.32)&#8221; box_shadow_style=&#8221;preset4&#8243; box_shadow_horizontal=&#8221;15px&#8221; box_shadow_vertical=&#8221;-15px&#8221; box_shadow_color=&#8221;rgba(153,125,71,0.32)&#8221; global_colors_info=&#8221;{}&#8221;][et_pb_blurb title=&#8221;Corporate Events&#8221; image=&#8221;https:\/\/musiciensalacarte.com\/wp-content\/uploads\/2025\/01\/Corporate-events.jpg&#8221; content_max_width=&#8221;100%&#8221; _builder_version=&#8221;4.27.3&#8243; _dynamic_attributes=&#8221;link_option_url&#8221; _module_preset=&#8221;default&#8221; header_font=&#8221;|700|||||||&#8221; header_text_color=&#8221;#997d47&#8243; header_font_size=&#8221;26px&#8221; body_font=&#8221;||||||||&#8221; body_text_color=&#8221;#000000&#8243; body_font_size=&#8221;15px&#8221; body_letter_spacing=&#8221;0.5px&#8221; background_color=&#8221;RGBA(255,255,255,0)&#8221; link_option_url=&#8221;@ET-DC@eyJkeW5hbWljIjp0cnVlLCJjb250ZW50IjoicG9zdF9saW5rX3VybF9wYWdlIiwic2V0dGluZ3MiOnsicG9zdF9pZCI6IjIxNjQifX0=@&#8221; global_colors_info=&#8221;{%22gcid-heading-color%22:%91%22header_text_color%22,%22header_text_color%22%93}&#8221;]<\/p>\n<p>Dancing or background music. Crafting Memorable Events with Tailored Live Music for Every orporate Celebration!<\/p>\n<p>[\/et_pb_blurb][\/et_pb_column][et_pb_column type=&#8221;1_4&#8243; _builder_version=&#8221;4.27.3&#8243; _module_preset=&#8221;default&#8221; background_color=&#8221;#FFFFFF&#8221; custom_padding=&#8221;||20px||false|false&#8221; border_radii=&#8221;on|10px|10px|10px|10px&#8221; border_width_all=&#8221;2px&#8221; border_color_all=&#8221;rgba(153,125,71,0.32)&#8221; box_shadow_style=&#8221;preset4&#8243; box_shadow_horizontal=&#8221;15px&#8221; box_shadow_vertical=&#8221;-15px&#8221; box_shadow_color=&#8221;rgba(153,125,71,0.32)&#8221; global_colors_info=&#8221;{}&#8221;][et_pb_blurb title=&#8221;Private Events&#8221; image=&#8221;https:\/\/musiciensalacarte.com\/wp-content\/uploads\/2024\/11\/Private-Events-img.jpg&#8221; content_max_width=&#8221;100%&#8221; _builder_version=&#8221;4.27.3&#8243; _dynamic_attributes=&#8221;link_option_url&#8221; _module_preset=&#8221;default&#8221; header_font=&#8221;|700|||||||&#8221; header_text_color=&#8221;#997d47&#8243; header_font_size=&#8221;26px&#8221; body_font=&#8221;||||||||&#8221; body_text_color=&#8221;#000000&#8243; body_font_size=&#8221;15px&#8221; body_letter_spacing=&#8221;0.5px&#8221; background_color=&#8221;RGBA(255,255,255,0)&#8221; link_option_url=&#8221;@ET-DC@eyJkeW5hbWljIjp0cnVlLCJjb250ZW50IjoicG9zdF9saW5rX3VybF9wYWdlIiwic2V0dGluZ3MiOnsicG9zdF9pZCI6IjIxNjEifX0=@&#8221; global_colors_info=&#8221;{%22gcid-heading-color%22:%91%22header_text_color%22,%22header_text_color%22%93}&#8221;]<\/p>\n<p>Experience a unique moment&#8230;live music in your home! Delight your guests with our extensive repertoire. A concept that always impresses!<\/p>\n<p>[\/et_pb_blurb][\/et_pb_column][et_pb_column type=&#8221;1_4&#8243; _builder_version=&#8221;4.27.3&#8243; _module_preset=&#8221;default&#8221; background_color=&#8221;#FFFFFF&#8221; custom_padding=&#8221;||20px||false|false&#8221; border_radii=&#8221;on|10px|10px|10px|10px&#8221; border_width_all=&#8221;2px&#8221; border_color_all=&#8221;rgba(153,125,71,0.32)&#8221; box_shadow_style=&#8221;preset4&#8243; box_shadow_horizontal=&#8221;15px&#8221; box_shadow_vertical=&#8221;-15px&#8221; box_shadow_color=&#8221;rgba(153,125,71,0.32)&#8221; global_colors_info=&#8221;{}&#8221;][et_pb_blurb title=&#8221;Funerals&#8221; image=&#8221;https:\/\/musiciensalacarte.com\/wp-content\/uploads\/2025\/01\/Funeral-musicians.jpg&#8221; content_max_width=&#8221;100%&#8221; _builder_version=&#8221;4.27.3&#8243; _dynamic_attributes=&#8221;link_option_url&#8221; _module_preset=&#8221;default&#8221; header_font=&#8221;|700|||||||&#8221; header_text_color=&#8221;#997d47&#8243; header_font_size=&#8221;26px&#8221; body_font=&#8221;||||||||&#8221; body_text_color=&#8221;#000000&#8243; body_font_size=&#8221;15px&#8221; body_letter_spacing=&#8221;0.5px&#8221; background_color=&#8221;RGBA(255,255,255,0)&#8221; link_option_url=&#8221;@ET-DC@eyJkeW5hbWljIjp0cnVlLCJjb250ZW50IjoicG9zdF9saW5rX3VybF9wYWdlIiwic2V0dGluZ3MiOnsicG9zdF9pZCI6IjIxNTQifX0=@&#8221; global_colors_info=&#8221;{%22gcid-heading-color%22:%91%22header_text_color%22,%22header_text_color%22%93}&#8221;]<\/p>\n<p>We are the reference in Quebec for the musical aspect of funerals. Whether at the church or the funeral home, our teams are here for you.<\/p>\n<p>[\/et_pb_blurb][\/et_pb_column][\/et_pb_row][\/et_pb_section][et_pb_section fb_built=&#8221;1&#8243; _builder_version=&#8221;4.27.3&#8243; _module_preset=&#8221;default&#8221; custom_padding=&#8221;||10px||false|false&#8221; locked=&#8221;off&#8221; global_colors_info=&#8221;{}&#8221;][et_pb_row column_structure=&#8221;1_2,1_2&#8243; make_equal=&#8221;on&#8221; _builder_version=&#8221;4.27.3&#8243; _module_preset=&#8221;default&#8221; custom_css_main_element=&#8221;align-items:center;&#8221; locked=&#8221;off&#8221; global_colors_info=&#8221;{}&#8221;][et_pb_column type=&#8221;1_2&#8243; _builder_version=&#8221;4.27.3&#8243; _module_preset=&#8221;default&#8221; global_colors_info=&#8221;{}&#8221;][et_pb_image src=&#8221;https:\/\/musiciensalacarte.com\/wp-content\/uploads\/2019\/04\/Orchestre-de-danse-R\u00e9sidene-pour-a\u00een\u00e9s.jpg&#8221; alt=&#8221;Orchestre de danse &#8211; R\u00e9sidene pour a\u00een\u00e9s&#8221; title_text=&#8221;Orchestre de danse &#8211; R\u00e9sidene pour a\u00een\u00e9s&#8221; _builder_version=&#8221;4.27.3&#8243; _module_preset=&#8221;default&#8221; max_width=&#8221;480px&#8221; module_alignment=&#8221;center&#8221; border_radii=&#8221;on|15px|15px|15px|15px&#8221; box_shadow_style=&#8221;preset4&#8243; box_shadow_horizontal=&#8221;20px&#8221; box_shadow_vertical=&#8221;-20px&#8221; box_shadow_color=&#8221;rgba(153,125,71,0.32)&#8221; global_colors_info=&#8221;{}&#8221;][\/et_pb_image][\/et_pb_column][et_pb_column type=&#8221;1_2&#8243; _builder_version=&#8221;4.27.3&#8243; _module_preset=&#8221;default&#8221; global_colors_info=&#8221;{}&#8221;][et_pb_text disabled_on=&#8221;on|on|on&#8221; _builder_version=&#8221;4.27.3&#8243; _module_preset=&#8221;default&#8221; text_text_color=&#8221;gcid-heading-color&#8221; text_font_size=&#8221;18px&#8221; header_2_font_size=&#8221;54px&#8221; custom_margin=&#8221;||1px||false|false&#8221; disabled=&#8221;on&#8221; global_colors_info=&#8221;{%22gcid-heading-color%22:%91%22text_text_color%22%93}&#8221;]<\/p>\n<h4>Gala<\/h4>\n<p>[\/et_pb_text][et_pb_text _builder_version=&#8221;4.27.3&#8243; _module_preset=&#8221;default&#8221; header_2_font=&#8221;|600|||||||&#8221; header_2_text_color=&#8221;#000000&#8243; header_2_font_size=&#8221;60px&#8221; custom_margin=&#8221;||10px||false|false&#8221; header_2_font_size_tablet=&#8221;60px&#8221; header_2_font_size_phone=&#8221;36px&#8221; header_2_font_size_last_edited=&#8221;on|phone&#8221; global_colors_info=&#8221;{}&#8221;]<\/p>\n<h2>Residences for the elderly<\/h2>\n<p>[\/et_pb_text][et_pb_text admin_label=&#8221;Jazz&#8221; _builder_version=&#8221;4.27.3&#8243; global_colors_info=&#8221;{}&#8221;]Professional musical services for elderly residences.<\/p>\n<p>We understand the growing need for elderly people to have great quality entertainment.<\/p>\n<p>After several years of service in the various residences of Quebec, we received feeback on the various aspects of this art.<\/p>\n<p>Here is the specialized service we provide :[\/et_pb_text][\/et_pb_column][\/et_pb_row][\/et_pb_section][et_pb_section fb_built=&#8221;1&#8243; _builder_version=&#8221;4.27.3&#8243; _module_preset=&#8221;default&#8221; global_colors_info=&#8221;{}&#8221;][et_pb_row _builder_version=&#8221;4.27.3&#8243; _module_preset=&#8221;default&#8221; custom_padding=&#8221;10px||||false|false&#8221; global_colors_info=&#8221;{}&#8221;][et_pb_column type=&#8221;4_4&#8243; _builder_version=&#8221;4.27.3&#8243; _module_preset=&#8221;default&#8221; global_colors_info=&#8221;{}&#8221;][et_pb_text admin_label=&#8221;Exemples extraits du r\u00e9pertoire&#8221; _builder_version=&#8221;4.27.3&#8243; header_2_font=&#8221;|600|||||||&#8221; header_2_text_align=&#8221;center&#8221; header_2_text_color=&#8221;#000000&#8243; header_2_font_size=&#8221;60px&#8221; custom_margin=&#8221;||10px||false|false&#8221; header_2_font_size_tablet=&#8221;60px&#8221; header_2_font_size_phone=&#8221;36px&#8221; header_2_font_size_last_edited=&#8221;on|phone&#8221; global_colors_info=&#8221;{}&#8221;]<\/p>\n<h2>Large range of repertoire adapted for 60 and over<\/h2>\n<p>[\/et_pb_text][\/et_pb_column][\/et_pb_row][et_pb_row _builder_version=&#8221;4.27.3&#8243; _module_preset=&#8221;default&#8221; global_colors_info=&#8221;{}&#8221;][et_pb_column type=&#8221;4_4&#8243; _builder_version=&#8221;4.27.3&#8243; _module_preset=&#8221;default&#8221; global_colors_info=&#8221;{}&#8221;][et_pb_text _builder_version=&#8221;4.16&#8243; text_font=&#8221;||on||||||&#8221; global_colors_info=&#8221;{}&#8221;]<\/p>\n<table class=\"TableRepertoire\" style=\"height: 729px;\" width=\"458\">\n<tbody>\n<tr>\n<td class=\"left\">All of Me<\/td>\n<td>Fox Trot<\/td>\n<td class=\"droit\">Frank Sinatra<\/td>\n<\/tr>\n<tr>\n<td class=\"left\">Begin the Beguin<\/td>\n<td>Beguine<\/td>\n<td class=\"droit\">Cole Porter<\/td>\n<\/tr>\n<tr>\n<td class=\"border left\">Besame mucho<\/td>\n<td class=\"border\">Rumba<\/td>\n<td class=\"border droit\">Alys Robi<\/td>\n<\/tr>\n<tr>\n<td class=\"left\">Bye Bye blackbird<\/td>\n<td>Triple swing<\/td>\n<td class=\"droit\">Bing Crosby<\/td>\n<\/tr>\n<tr>\n<td class=\"left\">Cerisiers roses et pommiers<\/td>\n<td>Chacha<\/td>\n<td class=\"droit\">Andr\u00e9 Claveau<\/td>\n<\/tr>\n<tr>\n<td class=\"border left\">C&#8217;est bon pour le moral<\/td>\n<td class=\"border\">Merengue<\/td>\n<td class=\"border droit\">La compagnie Cr\u00e9ole<\/td>\n<\/tr>\n<tr>\n<td class=\"left\">C&#8217;est si bon<\/td>\n<td>Swing<\/td>\n<td class=\"droit\">Louis Armstrong<\/td>\n<\/tr>\n<tr>\n<td class=\"left\">Crazy<\/td>\n<td>Ballade<\/td>\n<td class=\"droit\">Patsy Cline<\/td>\n<\/tr>\n<tr>\n<td class=\"border left\">For me formidable<\/td>\n<td class=\"border\">Fox trot<\/td>\n<td class=\"border droit\">Charles Aznavour<\/td>\n<\/tr>\n<tr>\n<td class=\"left\">Hello Dolly<\/td>\n<td>Swing<\/td>\n<td class=\"droit\">Louis Armstrong<\/td>\n<\/tr>\n<tr>\n<td class=\"left\">It&#8217;s now or never<\/td>\n<td>Rumba<\/td>\n<td class=\"droit\">Elvis Presley<\/td>\n<\/tr>\n<tr>\n<td class=\"border left\">La vie en rose<\/td>\n<td class=\"border\">Ballade<\/td>\n<td class=\"border droit\">Edith Piaf<\/td>\n<\/tr>\n<tr>\n<td class=\"left\">La mer<\/td>\n<td>Triple swing<\/td>\n<td class=\"droit\">Charles Trenet<\/td>\n<\/tr>\n<tr>\n<td class=\"left\">Les feuilles mortes<\/td>\n<td>Triple swing<\/td>\n<td class=\"droit\">Jacques Pr\u00e9vert<\/td>\n<\/tr>\n<tr>\n<td class=\"border left\">Mack the knife<\/td>\n<td class=\"border\">Triple swing<\/td>\n<td class=\"border droit\">Bobby Darin<\/td>\n<\/tr>\n<tr>\n<td class=\"left\">Mambo no 5<\/td>\n<td>Mambo<\/td>\n<td class=\"droit\">Damaso Perez<\/td>\n<\/tr>\n<tr>\n<td class=\"left\">Moon River<\/td>\n<td>Valse lente<\/td>\n<td class=\"droit\">Audrey Hepburn<\/td>\n<\/tr>\n<tr>\n<td class=\"border left\">Moonlight serenade<\/td>\n<td class=\"border\">Fox Trot<\/td>\n<td class=\"border droit\">Glenn Miller<\/td>\n<\/tr>\n<tr>\n<td class=\"left\">New York New York<\/td>\n<td>Fox Trot<\/td>\n<td class=\"droit\">Franck Sinatra<\/td>\n<\/tr>\n<tr>\n<td class=\"left\">Sway<\/td>\n<td>Chacha<\/td>\n<td class=\"droit\">Michael Bubl\u00e9<\/td>\n<\/tr>\n<tr>\n<td class=\"border left\">Que sera sera<\/td>\n<td class=\"border\">Valse<\/td>\n<td class=\"border border droit\">Doris Day<\/td>\n<\/tr>\n<tr>\n<td class=\"left\">Tico tico<\/td>\n<td>Mambo<\/td>\n<td class=\"droit\">Alys Robi<\/td>\n<\/tr>\n<tr>\n<td class=\"left\">Unforgettable<\/td>\n<td>Ballade<\/td>\n<td class=\"droit\">Nat King Cole<\/td>\n<\/tr>\n<tr>\n<td class=\"border left\">Valses viennoises<\/td>\n<td class=\"border\">Valse<\/td>\n<td class=\"border droit\">Traditionnel<\/td>\n<\/tr>\n<tr>\n<td class=\"left\">Etc.<\/td>\n<td> <\/td>\n<td> <\/td>\n<\/tr>\n<\/tbody>\n<\/table>\n<p>[\/et_pb_text][\/et_pb_column][\/et_pb_row][\/et_pb_section][et_pb_section fb_built=&#8221;1&#8243; _builder_version=&#8221;4.16&#8243; background_color=&#8221;rgba(222,213,196,0.05)&#8221; custom_padding=&#8221;50px||||false|false&#8221; locked=&#8221;off&#8221; global_colors_info=&#8221;{}&#8221;][et_pb_row _builder_version=&#8221;4.16&#8243; global_colors_info=&#8221;{}&#8221;][et_pb_column type=&#8221;4_4&#8243; _builder_version=&#8221;4.16&#8243; custom_padding=&#8221;|||&#8221; global_colors_info=&#8221;{}&#8221; custom_padding__hover=&#8221;|||&#8221;][et_pb_text _builder_version=&#8221;4.27.3&#8243; _module_preset=&#8221;default&#8221; text_text_color=&#8221;gcid-heading-color&#8221; text_font_size=&#8221;18px&#8221; header_2_font_size=&#8221;54px&#8221; header_4_text_align=&#8221;center&#8221; custom_margin=&#8221;||1px||false|false&#8221; locked=&#8221;off&#8221; global_colors_info=&#8221;{%22gcid-heading-color%22:%91%22text_text_color%22%93}&#8221;]<\/p>\n<h4>Elegant and Respectful<\/h4>\n<p>[\/et_pb_text][et_pb_text _builder_version=&#8221;4.27.3&#8243; header_2_font=&#8221;|600|||||||&#8221; header_2_text_align=&#8221;center&#8221; header_2_text_color=&#8221;#000000&#8243; header_2_font_size=&#8221;60px&#8221; module_alignment=&#8221;center&#8221; custom_margin=&#8221;||10px||false|false&#8221; header_2_font_size_tablet=&#8221;60px&#8221; header_2_font_size_phone=&#8221;36px&#8221; header_2_font_size_last_edited=&#8221;on|phone&#8221; global_colors_info=&#8221;{}&#8221;]<\/p>\n<h2>Entertainment for Elderly Residences<\/h2>\n<p>[\/et_pb_text][et_pb_text _builder_version=&#8221;4.27.3&#8243; text_letter_spacing=&#8221;0.5px&#8221; text_line_height=&#8221;1.75em&#8221; text_orientation=&#8221;center&#8221; max_width=&#8221;980px&#8221; module_alignment=&#8221;center&#8221; custom_padding=&#8221;||0px&#8221; global_colors_info=&#8221;{}&#8221;]<\/p>\n<p>Our professional musicians deliver quality performances with respect, politeness, and courtesy, ensuring a delightful experience for residents. Elegantly dressed and mindful of sound levels, we offer background, dancing, or participatory music tailored to engage and entertain, with options like lyric binders for easy reading.<\/p>\n<p>[\/et_pb_text][et_pb_button button_url=&#8221;https:\/\/musiciensalacarte.com\/en\/contact\/&#8221; button_text=&#8221;Contact Us&#8221; button_alignment=&#8221;center&#8221; admin_label=&#8221;Button&#8221; _builder_version=&#8221;4.27.3&#8243; custom_button=&#8221;on&#8221; button_text_size=&#8221;18px&#8221; button_text_color=&#8221;#FFFFFF&#8221; button_bg_color=&#8221;gcid-heading-color&#8221; button_border_radius=&#8221;50px&#8221; button_font=&#8221;&#8211;et_global_body_font||||||||&#8221; button_icon=&#8221;&#x24;||divi||400&#8243; button_icon_color=&#8221;#FFFFFF&#8221; button_on_hover=&#8221;off&#8221; custom_padding=&#8221;12px|65px|12px|45px|true|false&#8221; global_colors_info=&#8221;{%22gcid-heading-color%22:%91%22button_bg_color%22,%22button_bg_color%22%93,%22gcid-ea78e90f-549e-4c28-afe4-82fd44b5c529%22:%91%22button_bg_color__hover%22,%22button_border_color__hover%22%93}&#8221; button_bg_color__hover=&#8221;#000000&#8243; button_bg_color__hover_enabled=&#8221;on|hover&#8221; button_border_color__hover=&#8221;#000000&#8243; button_border_color__hover_enabled=&#8221;on|hover&#8221;][\/et_pb_button][\/et_pb_column][\/et_pb_row][\/et_pb_section][et_pb_section fb_built=&#8221;1&#8243; _builder_version=&#8221;4.16&#8243; global_colors_info=&#8221;{}&#8221;][et_pb_row disabled_on=&#8221;on|on|on&#8221; _builder_version=&#8221;4.16&#8243; disabled=&#8221;on&#8221; global_colors_info=&#8221;{}&#8221;][et_pb_column type=&#8221;4_4&#8243; _builder_version=&#8221;4.16&#8243; custom_padding=&#8221;|||&#8221; global_colors_info=&#8221;{}&#8221; custom_padding__hover=&#8221;|||&#8221;][et_pb_text _builder_version=&#8221;4.16&#8243; global_colors_info=&#8221;{}&#8221;]<\/p>\n<h2>Respect, politeness and courtesy<\/h2>\n<div>We address everyone with respect<br \/>We listen carefully<\/div>\n<div>We smile<\/div>\n<div>\u00a0<\/div>\n<h2>Dress code of the musicians<\/h2>\n<div>All our musicians are dressed in an elegant fashion at all times. Men in suits and ties or tuxedos<\/div>\n<div>Women in evening wear<\/div>\n<div>\u00a0<\/div>\n<h2>We provide the appropriate sound system for your needs.<\/h2>\n<div>We control the volume to respect your residents. A proper arrangement of the speakers to not harm the well-being of guests.<\/div>\n<div>\u00a0<\/div>\n<h2>Options and entertainment<\/h2>\n<ul class=\"ListArrow\">\n<li>Background music<\/li>\n<li>Dancing music<\/li>\n<li>Participatory music* Ability to provide binders with lyrics of songs to engage residents. All lyrics are written in large characters for easy reading.<\/li>\n<\/ul>\n<h2>Choice of musicians<\/h2>\n<p>[\/et_pb_text][\/et_pb_column][\/et_pb_row][et_pb_row admin_label=&#8221;Row&#8221; _builder_version=&#8221;4.27.3&#8243; custom_padding=&#8221;||10px||false|false&#8221; global_colors_info=&#8221;{}&#8221;][et_pb_column type=&#8221;4_4&#8243; _builder_version=&#8221;4.16&#8243; custom_padding=&#8221;|||&#8221; global_colors_info=&#8221;{}&#8221; custom_padding__hover=&#8221;|||&#8221;][et_pb_text admin_label=&#8221;Solo&#8221; _builder_version=&#8221;4.16&#8243; header_font=&#8221;||||||||&#8221; header_2_font=&#8221;|700|||||||&#8221; header_2_text_color=&#8221;#000000&#8243; header_2_font_size=&#8221;38px&#8221; text_orientation=&#8221;center&#8221; global_colors_info=&#8221;{}&#8221;]<\/p>\n<h2><strong>Solo Piano<\/strong><\/h2>\n<p>[\/et_pb_text][\/et_pb_column][\/et_pb_row][et_pb_row column_structure=&#8221;1_4,1_4,1_4,1_4&#8243; use_custom_gutter=&#8221;on&#8221; gutter_width=&#8221;2&#8243; _builder_version=&#8221;4.27.3&#8243; global_colors_info=&#8221;{}&#8221;][et_pb_column type=&#8221;1_4&#8243; _builder_version=&#8221;4.16&#8243; custom_padding=&#8221;|||&#8221; global_colors_info=&#8221;{}&#8221; custom_padding__hover=&#8221;|||&#8221;][et_pb_audio audio=&#8221;https:\/\/musiciensalacarte.com\/wp-content\/uploads\/2019\/04\/PianosoloSomewheremylovemp3.mp3&#8243; title=&#8221;Somewhere my love&#8221; admin_label=&#8221;Somewhere my love&#8221; _builder_version=&#8221;4.27.3&#8243; title_font=&#8221;|600|||||||&#8221; title_font_size=&#8221;28px&#8221; background_color=&#8221;rgba(0,0,0,0.96)&#8221; background_image=&#8221;https:\/\/musiciensalacarte.com\/wp-content\/uploads\/2019\/05\/Trio-jazz-sax-piano-contrebasse225.jpg&#8221; background_blend=&#8221;overlay&#8221; min_height=&#8221;270px&#8221; custom_padding=&#8221;50px|20px|50px|20px|true|true&#8221; custom_css_audio_title=&#8221;padding-bottom: 32px&#8221; border_radii=&#8221;on|10px|10px|10px|10px&#8221; global_colors_info=&#8221;{}&#8221;][\/et_pb_audio][\/et_pb_column][et_pb_column type=&#8221;1_4&#8243; _builder_version=&#8221;4.16&#8243; custom_padding=&#8221;|||&#8221; global_colors_info=&#8221;{}&#8221; custom_padding__hover=&#8221;|||&#8221;][et_pb_audio audio=&#8221;https:\/\/musiciensalacarte.com\/wp-content\/uploads\/2019\/04\/Frou-frou.mp3&#8243; title=&#8221;Frou-frou&#8221; admin_label=&#8221;Frou-frou&#8221; _builder_version=&#8221;4.16&#8243; title_font=&#8221;|600|||||||&#8221; title_font_size=&#8221;28px&#8221; background_color=&#8221;rgba(0,0,0,0.96)&#8221; background_image=&#8221;https:\/\/musiciensalacarte.com\/wp-content\/uploads\/2019\/05\/Trio-jazz-sax-piano-contrebasse225.jpg&#8221; background_blend=&#8221;overlay&#8221; min_height=&#8221;270px&#8221; custom_padding=&#8221;50px|20px|50px|20px|true|true&#8221; custom_css_audio_title=&#8221;padding-bottom: 32px&#8221; border_radii=&#8221;on|10px|10px|10px|10px&#8221; global_colors_info=&#8221;{}&#8221;][\/et_pb_audio][\/et_pb_column][et_pb_column type=&#8221;1_4&#8243; _builder_version=&#8221;4.16&#8243; custom_padding=&#8221;|||&#8221; global_colors_info=&#8221;{}&#8221; custom_padding__hover=&#8221;|||&#8221;][et_pb_audio audio=&#8221;https:\/\/musiciensalacarte.com\/wp-content\/uploads\/2019\/04\/Formidable.mp3&#8243; title=&#8221;For me formidable&#8221; admin_label=&#8221;For me formidable&#8221; _builder_version=&#8221;4.16&#8243; title_font=&#8221;|600|||||||&#8221; title_font_size=&#8221;28px&#8221; background_color=&#8221;rgba(0,0,0,0.96)&#8221; background_image=&#8221;https:\/\/musiciensalacarte.com\/wp-content\/uploads\/2019\/05\/Trio-jazz-sax-piano-contrebasse225.jpg&#8221; background_blend=&#8221;overlay&#8221; min_height=&#8221;270px&#8221; custom_padding=&#8221;50px|20px|50px|20px|true|true&#8221; custom_css_audio_title=&#8221;padding-bottom: 32px&#8221; border_radii=&#8221;on|10px|10px|10px|10px&#8221; global_colors_info=&#8221;{}&#8221;][\/et_pb_audio][\/et_pb_column][et_pb_column type=&#8221;1_4&#8243; _builder_version=&#8221;4.16&#8243; custom_padding=&#8221;|||&#8221; global_colors_info=&#8221;{}&#8221; custom_padding__hover=&#8221;|||&#8221;][et_pb_audio audio=&#8221;https:\/\/musiciensalacarte.com\/wp-content\/uploads\/2019\/03\/Moonlight-in-Vermont-piano-solo.mp3&#8243; title=&#8221;Moonlight in Vermont&#8221; admin_label=&#8221;Moonlight in Vermont&#8221; _builder_version=&#8221;4.16&#8243; title_font=&#8221;|600|||||||&#8221; title_font_size=&#8221;28px&#8221; background_color=&#8221;rgba(0,0,0,0.96)&#8221; background_image=&#8221;https:\/\/musiciensalacarte.com\/wp-content\/uploads\/2019\/05\/Trio-jazz-sax-piano-contrebasse225.jpg&#8221; background_blend=&#8221;overlay&#8221; min_height=&#8221;270px&#8221; custom_padding=&#8221;50px|20px|50px|20px|true|true&#8221; custom_css_audio_title=&#8221;padding-bottom: 32px&#8221; border_radii=&#8221;on|10px|10px|10px|10px&#8221; global_colors_info=&#8221;{}&#8221;][\/et_pb_audio][\/et_pb_column][\/et_pb_row][et_pb_row _builder_version=&#8221;4.16&#8243; global_colors_info=&#8221;{}&#8221;][et_pb_column type=&#8221;4_4&#8243; _builder_version=&#8221;4.16&#8243; custom_padding=&#8221;|||&#8221; global_colors_info=&#8221;{}&#8221; custom_padding__hover=&#8221;|||&#8221;][et_pb_text _builder_version=&#8221;4.27.3&#8243; text_orientation=&#8221;center&#8221; global_colors_info=&#8221;{}&#8221;]* Very popular during meal times.  * We provide professional keyboards for popular music[\/et_pb_text][\/et_pb_column][\/et_pb_row][et_pb_row _builder_version=&#8221;4.27.3&#8243; custom_padding=&#8221;||10px||false|false&#8221; global_colors_info=&#8221;{}&#8221;][et_pb_column type=&#8221;4_4&#8243; _builder_version=&#8221;4.16&#8243; custom_padding=&#8221;|||&#8221; global_colors_info=&#8221;{}&#8221; custom_padding__hover=&#8221;|||&#8221;][et_pb_text admin_label=&#8221;Duo&#8221; _builder_version=&#8221;4.27.3&#8243; header_font=&#8221;||||||||&#8221; header_2_font=&#8221;|700|||||||&#8221; header_2_text_color=&#8221;#000000&#8243; header_2_font_size=&#8221;38px&#8221; text_orientation=&#8221;center&#8221; global_colors_info=&#8221;{}&#8221;]<\/p>\n<h2><strong>Duet<\/strong><\/h2>\n<p>[\/et_pb_text][\/et_pb_column][\/et_pb_row][et_pb_row column_structure=&#8221;1_4,1_4,1_4,1_4&#8243; use_custom_gutter=&#8221;on&#8221; gutter_width=&#8221;2&#8243; _builder_version=&#8221;4.27.3&#8243; global_colors_info=&#8221;{}&#8221;][et_pb_column type=&#8221;1_4&#8243; _builder_version=&#8221;4.16&#8243; custom_padding=&#8221;|||&#8221; global_colors_info=&#8221;{}&#8221; custom_padding__hover=&#8221;|||&#8221;][et_pb_text admin_label=&#8221;Duo&#8221; _builder_version=&#8221;4.27.3&#8243; header_font=&#8221;||||||||&#8221; header_2_font=&#8221;|700|||||||&#8221; header_2_text_color=&#8221;#000000&#8243; header_2_font_size=&#8221;38px&#8221; text_orientation=&#8221;center&#8221; hover_enabled=&#8221;0&#8243; global_colors_info=&#8221;{}&#8221; header_3_font=&#8221;|700|||||||&#8221; header_3_font_size=&#8221;24px&#8221; sticky_enabled=&#8221;0&#8243;]<\/p>\n<h3>Piano &amp; upright bass<\/h3>\n<p>[\/et_pb_text][et_pb_audio audio=&#8221;https:\/\/musiciensalacarte.com\/wp-content\/uploads\/2019\/04\/mistyduo.mp3&#8243; title=&#8221;Misty&#8221; admin_label=&#8221;Misty&#8221; _builder_version=&#8221;4.16&#8243; title_font=&#8221;|600|||||||&#8221; title_font_size=&#8221;28px&#8221; background_color=&#8221;rgba(0,0,0,0.96)&#8221; background_image=&#8221;https:\/\/musiciensalacarte.com\/wp-content\/uploads\/2019\/05\/Trio-jazz-sax-piano-contrebasse225.jpg&#8221; background_blend=&#8221;overlay&#8221; custom_padding=&#8221;50px|20px|50px|20px|true|true&#8221; custom_css_audio_title=&#8221;padding-bottom: 32px&#8221; border_radii=&#8221;on|10px|10px|10px|10px&#8221; global_colors_info=&#8221;{}&#8221;][\/et_pb_audio][\/et_pb_column][et_pb_column type=&#8221;1_4&#8243; _builder_version=&#8221;4.16&#8243; custom_padding=&#8221;|||&#8221; global_colors_info=&#8221;{}&#8221; custom_padding__hover=&#8221;|||&#8221;][et_pb_text admin_label=&#8221;Duo&#8221; _builder_version=&#8221;4.27.3&#8243; header_font=&#8221;||||||||&#8221; header_2_font=&#8221;|700|||||||&#8221; header_2_text_color=&#8221;#000000&#8243; header_2_font_size=&#8221;38px&#8221; text_orientation=&#8221;center&#8221; hover_enabled=&#8221;0&#8243; global_colors_info=&#8221;{}&#8221; header_3_font=&#8221;|700|||||||&#8221; header_3_font_size=&#8221;24px&#8221;]<\/p>\n<h3>Piano &amp; upright bass<\/h3>\n<p>[\/et_pb_text][et_pb_audio audio=&#8221;https:\/\/musiciensalacarte.com\/wp-content\/uploads\/2019\/04\/New-york-New-york.mp3&#8243; title=&#8221;New York New York&#8221; admin_label=&#8221;New York New York&#8221; _builder_version=&#8221;4.16&#8243; title_font=&#8221;|600|||||||&#8221; title_font_size=&#8221;28px&#8221; background_color=&#8221;rgba(0,0,0,0.96)&#8221; background_image=&#8221;https:\/\/musiciensalacarte.com\/wp-content\/uploads\/2019\/05\/Trio-jazz-sax-piano-contrebasse225.jpg&#8221; background_blend=&#8221;overlay&#8221; custom_padding=&#8221;50px|20px|50px|20px|true|true&#8221; custom_css_audio_title=&#8221;padding-bottom: 32px&#8221; border_radii=&#8221;on|10px|10px|10px|10px&#8221; global_colors_info=&#8221;{}&#8221;][\/et_pb_audio][\/et_pb_column][et_pb_column type=&#8221;1_4&#8243; _builder_version=&#8221;4.16&#8243; custom_padding=&#8221;|||&#8221; global_colors_info=&#8221;{}&#8221; custom_padding__hover=&#8221;|||&#8221;][et_pb_text admin_label=&#8221;Duo&#8221; _builder_version=&#8221;4.27.3&#8243; header_font=&#8221;||||||||&#8221; header_2_font=&#8221;|700|||||||&#8221; header_2_text_color=&#8221;#000000&#8243; header_2_font_size=&#8221;38px&#8221; text_orientation=&#8221;center&#8221; hover_enabled=&#8221;0&#8243; global_colors_info=&#8221;{}&#8221; header_3_font=&#8221;|700|||||||&#8221; header_3_font_size=&#8221;24px&#8221;]<\/p>\n<h3>Piano &amp; upright bass<\/h3>\n<p>[\/et_pb_text][et_pb_audio audio=&#8221;https:\/\/musiciensalacarte.com\/wp-content\/uploads\/2019\/04\/As-time-goes-by-short.mp3&#8243; title=&#8221;As time goes by&#8221; admin_label=&#8221;As time goes by&#8221; _builder_version=&#8221;4.16&#8243; title_font=&#8221;|600|||||||&#8221; title_font_size=&#8221;28px&#8221; background_color=&#8221;rgba(0,0,0,0.96)&#8221; background_image=&#8221;https:\/\/musiciensalacarte.com\/wp-content\/uploads\/2019\/05\/Trio-jazz-sax-piano-contrebasse225.jpg&#8221; background_blend=&#8221;overlay&#8221; custom_padding=&#8221;50px|20px|50px|20px|true|true&#8221; custom_css_audio_title=&#8221;padding-bottom: 32px&#8221; border_radii=&#8221;on|10px|10px|10px|10px&#8221; global_colors_info=&#8221;{}&#8221;][\/et_pb_audio][\/et_pb_column][et_pb_column type=&#8221;1_4&#8243; _builder_version=&#8221;4.16&#8243; custom_padding=&#8221;|||&#8221; global_colors_info=&#8221;{}&#8221; custom_padding__hover=&#8221;|||&#8221;][et_pb_text admin_label=&#8221;Duo&#8221; _builder_version=&#8221;4.27.3&#8243; header_font=&#8221;||||||||&#8221; header_2_font=&#8221;|700|||||||&#8221; header_2_text_color=&#8221;#000000&#8243; header_2_font_size=&#8221;38px&#8221; text_orientation=&#8221;center&#8221; hover_enabled=&#8221;0&#8243; global_colors_info=&#8221;{}&#8221; header_3_font=&#8221;|700|||||||&#8221; header_3_font_size=&#8221;24px&#8221;]<\/p>\n<h3>Piano &amp; classical voice<\/h3>\n<p>[\/et_pb_text][et_pb_audio audio=&#8221;https:\/\/musiciensalacarte.com\/wp-content\/uploads\/2019\/04\/AveMariaSchubertpianoetvoix.mp3&#8243; title=&#8221;Ave Maria, Schubert&#8221; admin_label=&#8221;Ave Maria, Schubert&#8221; _builder_version=&#8221;4.16&#8243; title_font=&#8221;|600|||||||&#8221; title_font_size=&#8221;28px&#8221; background_color=&#8221;rgba(0,0,0,0.96)&#8221; background_image=&#8221;https:\/\/musiciensalacarte.com\/wp-content\/uploads\/2019\/05\/Trio-jazz-sax-piano-contrebasse225.jpg&#8221; background_blend=&#8221;overlay&#8221; custom_padding=&#8221;50px|20px|50px|20px|true|true&#8221; custom_css_audio_title=&#8221;padding-bottom: 32px&#8221; border_radii=&#8221;on|10px|10px|10px|10px&#8221; global_colors_info=&#8221;{}&#8221;][\/et_pb_audio][\/et_pb_column][\/et_pb_row][et_pb_row _builder_version=&#8221;4.27.3&#8243; custom_padding=&#8221;||10px||false|false&#8221; locked=&#8221;off&#8221; global_colors_info=&#8221;{}&#8221;][et_pb_column type=&#8221;4_4&#8243; _builder_version=&#8221;4.16&#8243; custom_padding=&#8221;|||&#8221; global_colors_info=&#8221;{}&#8221; custom_padding__hover=&#8221;|||&#8221;][et_pb_text admin_label=&#8221;Duo&#8221; _builder_version=&#8221;4.27.3&#8243; header_font=&#8221;||||||||&#8221; header_2_font=&#8221;|700|||||||&#8221; header_2_text_color=&#8221;#000000&#8243; header_2_font_size=&#8221;38px&#8221; text_orientation=&#8221;center&#8221; global_colors_info=&#8221;{}&#8221;]<\/p>\n<h2><strong>Trio<\/strong><\/h2>\n<p>[\/et_pb_text][\/et_pb_column][\/et_pb_row][et_pb_row column_structure=&#8221;1_3,1_3,1_3&#8243; use_custom_gutter=&#8221;on&#8221; gutter_width=&#8221;2&#8243; _builder_version=&#8221;4.27.3&#8243; global_colors_info=&#8221;{}&#8221;][et_pb_column type=&#8221;1_3&#8243; _builder_version=&#8221;4.16&#8243; custom_padding=&#8221;|||&#8221; global_colors_info=&#8221;{}&#8221; custom_padding__hover=&#8221;|||&#8221;][et_pb_text admin_label=&#8221;Trio&#8221; _builder_version=&#8221;4.27.3&#8243; header_font=&#8221;||||||||&#8221; header_2_font=&#8221;|700|||||||&#8221; header_2_text_color=&#8221;#000000&#8243; header_2_font_size=&#8221;38px&#8221; text_orientation=&#8221;center&#8221; global_colors_info=&#8221;{}&#8221; header_3_font=&#8221;|700|||||||&#8221; header_3_font_size=&#8221;24px&#8221;]<\/p>\n<h3>Piano, upright bass &amp; voice<\/h3>\n<p>[\/et_pb_text][et_pb_audio audio=&#8221;https:\/\/musiciensalacarte.com\/wp-content\/uploads\/2019\/04\/LavieenroseTriovoixpianobasse.mp3&#8243; title=&#8221;La vie en rose&#8221; admin_label=&#8221;La vie en rose&#8221; _builder_version=&#8221;4.16&#8243; title_font=&#8221;|600|||||||&#8221; title_font_size=&#8221;28px&#8221; background_color=&#8221;rgba(0,0,0,0.96)&#8221; background_image=&#8221;https:\/\/musiciensalacarte.com\/wp-content\/uploads\/2019\/05\/Trio-jazz-sax-piano-contrebasse225.jpg&#8221; background_blend=&#8221;overlay&#8221; custom_padding=&#8221;50px|20px|50px|20px|true|true&#8221; custom_css_audio_title=&#8221;padding-bottom: 32px&#8221; border_radii=&#8221;on|10px|10px|10px|10px&#8221; global_colors_info=&#8221;{}&#8221;][\/et_pb_audio][\/et_pb_column][et_pb_column type=&#8221;1_3&#8243; _builder_version=&#8221;4.16&#8243; global_colors_info=&#8221;{}&#8221;][et_pb_text admin_label=&#8221;Trio &#8211; Piano, upright bass &#038; saxophone&#8221; _builder_version=&#8221;4.16&#8243; header_font=&#8221;||||||||&#8221; header_2_font=&#8221;|700|||||||&#8221; header_2_text_color=&#8221;#000000&#8243; header_2_font_size=&#8221;38px&#8221; text_orientation=&#8221;center&#8221; global_colors_info=&#8221;{}&#8221; header_3_font=&#8221;|700|||||||&#8221; header_3_font_size=&#8221;24px&#8221;]<\/p>\n<h3>Piano, upright bass &amp; saxophone<\/h3>\n<p>[\/et_pb_text][et_pb_audio audio=&#8221;https:\/\/musiciensalacarte.com\/wp-content\/uploads\/2019\/04\/AstimegoesbyTriopianocontresax2010.mp3&#8243; title=&#8221;As time goes by&#8221; admin_label=&#8221;As time goes by&#8221; _builder_version=&#8221;4.16&#8243; title_font=&#8221;|600|||||||&#8221; title_font_size=&#8221;28px&#8221; background_color=&#8221;rgba(0,0,0,0.96)&#8221; background_image=&#8221;https:\/\/musiciensalacarte.com\/wp-content\/uploads\/2019\/05\/Trio-jazz-sax-piano-contrebasse225.jpg&#8221; background_blend=&#8221;overlay&#8221; custom_padding=&#8221;50px|20px|50px|20px|true|true&#8221; custom_css_audio_title=&#8221;padding-bottom: 32px&#8221; border_radii=&#8221;on|10px|10px|10px|10px&#8221; global_colors_info=&#8221;{}&#8221;][\/et_pb_audio][\/et_pb_column][et_pb_column type=&#8221;1_3&#8243; _builder_version=&#8221;4.16&#8243; global_colors_info=&#8221;{}&#8221;][et_pb_text admin_label=&#8221;Trio &#8211; Piano, upright bass &#038; saxophone&#8221; _builder_version=&#8221;4.16&#8243; header_font=&#8221;||||||||&#8221; header_2_font=&#8221;|700|||||||&#8221; header_2_text_color=&#8221;#000000&#8243; header_2_font_size=&#8221;38px&#8221; text_orientation=&#8221;center&#8221; global_colors_info=&#8221;{}&#8221; header_3_font=&#8221;|700|||||||&#8221; header_3_font_size=&#8221;24px&#8221;]<\/p>\n<h3>Piano, upright bass &amp; saxophone<\/h3>\n<p>[\/et_pb_text][et_pb_audio audio=&#8221;https:\/\/musiciensalacarte.com\/wp-content\/uploads\/2019\/04\/Ithadtobeyou2010triosax.mp3&#8243; title=&#8221;It had to be you&#8221; admin_label=&#8221;It had to be you&#8221; _builder_version=&#8221;4.16&#8243; title_font=&#8221;|600|||||||&#8221; title_font_size=&#8221;28px&#8221; background_color=&#8221;rgba(0,0,0,0.96)&#8221; background_image=&#8221;https:\/\/musiciensalacarte.com\/wp-content\/uploads\/2019\/05\/Trio-jazz-sax-piano-contrebasse225.jpg&#8221; background_blend=&#8221;overlay&#8221; custom_padding=&#8221;50px|20px|50px|20px|true|true&#8221; custom_css_audio_title=&#8221;padding-bottom: 32px&#8221; border_radii=&#8221;on|10px|10px|10px|10px&#8221; global_colors_info=&#8221;{}&#8221;][\/et_pb_audio][\/et_pb_column][\/et_pb_row][et_pb_row _builder_version=&#8221;4.27.3&#8243; custom_padding=&#8221;||10px||false|false&#8221; locked=&#8221;off&#8221; global_colors_info=&#8221;{}&#8221;][et_pb_column type=&#8221;4_4&#8243; _builder_version=&#8221;4.16&#8243; custom_padding=&#8221;|||&#8221; global_colors_info=&#8221;{}&#8221; custom_padding__hover=&#8221;|||&#8221;][et_pb_text _builder_version=&#8221;4.27.3&#8243; header_font=&#8221;||||||||&#8221; header_2_font=&#8221;|700|||||||&#8221; header_2_text_color=&#8221;#000000&#8243; header_2_font_size=&#8221;38px&#8221; text_orientation=&#8221;center&#8221; global_colors_info=&#8221;{}&#8221;]<\/p>\n<h2>Quartet<\/h2>\n<p>[\/et_pb_text][\/et_pb_column][\/et_pb_row][et_pb_row column_structure=&#8221;1_2,1_2&#8243; _builder_version=&#8221;4.27.3&#8243; _module_preset=&#8221;default&#8221; max_width=&#8221;780px&#8221; global_colors_info=&#8221;{}&#8221;][et_pb_column type=&#8221;1_2&#8243; _builder_version=&#8221;4.27.3&#8243; _module_preset=&#8221;default&#8221; global_colors_info=&#8221;{}&#8221;][et_pb_text admin_label=&#8221;Quatuor&#8221; _builder_version=&#8221;4.27.3&#8243; header_font=&#8221;||||||||&#8221; header_2_font=&#8221;|700|||||||&#8221; header_2_text_color=&#8221;#000000&#8243; header_2_font_size=&#8221;38px&#8221; text_orientation=&#8221;center&#8221; global_colors_info=&#8221;{}&#8221;]<\/p>\n<h3>Quartet<\/h3>\n<p>Vocal quartet[\/et_pb_text][et_pb_audio audio=&#8221;https:\/\/musiciensalacarte.com\/wp-content\/uploads\/2019\/04\/Quatuorvoix4femmesLesProductionsIsabelleJanes-1.mp3&#8243; title=&#8221;Java Jive&#8221; admin_label=&#8221;Java Jive&#8221; _builder_version=&#8221;4.16&#8243; title_font=&#8221;|600|||||||&#8221; title_font_size=&#8221;28px&#8221; background_color=&#8221;rgba(0,0,0,0.96)&#8221; background_image=&#8221;https:\/\/musiciensalacarte.com\/wp-content\/uploads\/2019\/05\/Trio-jazz-sax-piano-contrebasse225.jpg&#8221; background_blend=&#8221;overlay&#8221; custom_padding=&#8221;50px|20px|50px|20px|true|true&#8221; custom_css_audio_title=&#8221;padding-bottom: 32px&#8221; border_radii=&#8221;on|10px|10px|10px|10px&#8221; global_colors_info=&#8221;{}&#8221;][\/et_pb_audio][\/et_pb_column][et_pb_column type=&#8221;1_2&#8243; _builder_version=&#8221;4.27.3&#8243; _module_preset=&#8221;default&#8221; global_colors_info=&#8221;{}&#8221;][et_pb_text admin_label=&#8221;Quatuor&#8221; _builder_version=&#8221;4.27.3&#8243; header_font=&#8221;||||||||&#8221; header_2_font=&#8221;|700|||||||&#8221; header_2_text_color=&#8221;#000000&#8243; header_2_font_size=&#8221;38px&#8221; text_orientation=&#8221;center&#8221; global_colors_info=&#8221;{}&#8221;]<\/p>\n<h3>Jazz quartet<\/h3>\n<p> (Piano, upright bass, guitar &amp; saxophone)<\/h3>\n<p>[\/et_pb_text][et_pb_audio audio=&#8221;https:\/\/musiciensalacarte.com\/wp-content\/uploads\/2019\/04\/Fly-me-to-the-moon-sax.mp3&#8243; title=&#8221;Fly me to the moon&#8221; admin_label=&#8221;Fly me to the moon&#8221; _builder_version=&#8221;4.16&#8243; title_font=&#8221;|600|||||||&#8221; title_font_size=&#8221;28px&#8221; background_color=&#8221;rgba(0,0,0,0.96)&#8221; background_image=&#8221;https:\/\/musiciensalacarte.com\/wp-content\/uploads\/2019\/05\/Trio-jazz-sax-piano-contrebasse225.jpg&#8221; background_blend=&#8221;overlay&#8221; custom_padding=&#8221;50px|20px|50px|20px|true|true&#8221; custom_css_audio_title=&#8221;padding-bottom: 32px&#8221; border_radii=&#8221;on|10px|10px|10px|10px&#8221; global_colors_info=&#8221;{}&#8221;][\/et_pb_audio][\/et_pb_column][\/et_pb_row][et_pb_row _builder_version=&#8221;4.27.3&#8243; custom_padding=&#8221;||10px||false|false&#8221; global_colors_info=&#8221;{}&#8221;][et_pb_column type=&#8221;4_4&#8243; _builder_version=&#8221;4.16&#8243; custom_padding=&#8221;|||&#8221; global_colors_info=&#8221;{}&#8221; custom_padding__hover=&#8221;|||&#8221;][et_pb_text _builder_version=&#8221;4.16&#8243; header_font=&#8221;||||||||&#8221; header_2_font=&#8221;|700|||||||&#8221; header_2_text_color=&#8221;#000000&#8243; header_2_font_size=&#8221;38px&#8221; text_orientation=&#8221;center&#8221; global_colors_info=&#8221;{}&#8221;]<\/p>\n<h2>Classical musicians also available<\/h2>\n<p>[\/et_pb_text][\/et_pb_column][\/et_pb_row][et_pb_row column_structure=&#8221;1_3,1_3,1_3&#8243; use_custom_gutter=&#8221;on&#8221; gutter_width=&#8221;2&#8243; _builder_version=&#8221;4.27.3&#8243; global_colors_info=&#8221;{}&#8221;][et_pb_column type=&#8221;1_3&#8243; _builder_version=&#8221;4.16&#8243; custom_padding=&#8221;|||&#8221; global_colors_info=&#8221;{}&#8221; custom_padding__hover=&#8221;|||&#8221;][et_pb_text admin_label=&#8221;Solo&#8221; _builder_version=&#8221;4.27.3&#8243; header_font=&#8221;||||||||&#8221; header_2_font=&#8221;|700|||||||&#8221; header_2_text_color=&#8221;#000000&#8243; header_2_font_size=&#8221;38px&#8221; text_orientation=&#8221;center&#8221; global_colors_info=&#8221;{}&#8221; header_3_font=&#8221;|700|||||||&#8221; header_3_font_size=&#8221;24px&#8221;]<\/p>\n<h3><strong>Solo Harpe<\/strong><\/h3>\n<p>[\/et_pb_text][et_pb_audio audio=&#8221;https:\/\/musiciensalacarte.com\/wp-content\/uploads\/2019\/04\/pianoclassiqueValsedeAdieuChopin.mp3&#8243; title=&#8221;Piano&#8221; admin_label=&#8221;Piano&#8221; _builder_version=&#8221;4.16&#8243; title_font=&#8221;|600|||||||&#8221; title_font_size=&#8221;28px&#8221; background_color=&#8221;rgba(0,0,0,0.96)&#8221; background_image=&#8221;https:\/\/musiciensalacarte.com\/wp-content\/uploads\/2019\/05\/Trio-jazz-sax-piano-contrebasse225.jpg&#8221; background_blend=&#8221;overlay&#8221; custom_padding=&#8221;50px|20px|50px|20px|true|true&#8221; custom_css_audio_title=&#8221;padding-bottom: 32px&#8221; border_radii=&#8221;on|10px|10px|10px|10px&#8221; global_colors_info=&#8221;{}&#8221;][\/et_pb_audio][\/et_pb_column][et_pb_column type=&#8221;1_3&#8243; _builder_version=&#8221;4.16&#8243; custom_padding=&#8221;|||&#8221; global_colors_info=&#8221;{}&#8221; custom_padding__hover=&#8221;|||&#8221;][et_pb_text admin_label=&#8221;Duo&#8221; _builder_version=&#8221;4.27.3&#8243; header_font=&#8221;||||||||&#8221; header_2_font=&#8221;|700|||||||&#8221; header_2_text_color=&#8221;#000000&#8243; header_2_font_size=&#8221;38px&#8221; text_orientation=&#8221;center&#8221; global_colors_info=&#8221;{}&#8221; header_3_font=&#8221;|700|||||||&#8221; header_3_font_size=&#8221;24px&#8221;]<\/p>\n<h3><strong>Duet<\/strong><\/h3>\n<p>[\/et_pb_text][et_pb_audio audio=&#8221;https:\/\/musiciensalacarte.com\/wp-content\/uploads\/2019\/04\/Ave_Maria_Schubert_1.mp3&#8243; title=&#8221;Harp &#038; flute&#8221; admin_label=&#8221;Harpe et fl\u00fbte traversi\u00e8re&#8221; _builder_version=&#8221;4.16&#8243; title_font=&#8221;|600|||||||&#8221; title_font_size=&#8221;28px&#8221; background_color=&#8221;rgba(0,0,0,0.96)&#8221; background_image=&#8221;https:\/\/musiciensalacarte.com\/wp-content\/uploads\/2019\/05\/Trio-jazz-sax-piano-contrebasse225.jpg&#8221; background_blend=&#8221;overlay&#8221; custom_padding=&#8221;50px|20px|50px|20px|true|true&#8221; custom_css_audio_title=&#8221;padding-bottom: 32px&#8221; border_radii=&#8221;on|10px|10px|10px|10px&#8221; global_colors_info=&#8221;{}&#8221;][\/et_pb_audio][\/et_pb_column][et_pb_column type=&#8221;1_3&#8243; _builder_version=&#8221;4.16&#8243; custom_padding=&#8221;|||&#8221; global_colors_info=&#8221;{}&#8221; custom_padding__hover=&#8221;|||&#8221;][et_pb_text admin_label=&#8221;Duo&#8221; _builder_version=&#8221;4.27.3&#8243; header_font=&#8221;||||||||&#8221; header_2_font=&#8221;|700|||||||&#8221; header_2_text_color=&#8221;#000000&#8243; header_2_font_size=&#8221;38px&#8221; text_orientation=&#8221;center&#8221; global_colors_info=&#8221;{}&#8221; header_3_font=&#8221;|700|||||||&#8221; header_3_font_size=&#8221;24px&#8221;]<\/p>\n<h3><strong>Duet<\/strong><\/h3>\n<p>[\/et_pb_text][et_pb_audio audio=&#8221;https:\/\/musiciensalacarte.com\/wp-content\/uploads\/2019\/04\/Joyofmandesiringduocordes.mp3&#8243; title=&#8221;Violin &#038; cello&#8221; admin_label=&#8221;Violon et violoncelle&#8221; _builder_version=&#8221;4.16&#8243; title_font=&#8221;|600|||||||&#8221; title_font_size=&#8221;28px&#8221; background_color=&#8221;rgba(0,0,0,0.96)&#8221; background_image=&#8221;https:\/\/musiciensalacarte.com\/wp-content\/uploads\/2019\/05\/Trio-jazz-sax-piano-contrebasse225.jpg&#8221; background_blend=&#8221;overlay&#8221; custom_padding=&#8221;50px|20px|50px|20px|true|true&#8221; custom_css_audio_title=&#8221;padding-bottom: 32px&#8221; border_radii=&#8221;on|10px|10px|10px|10px&#8221; global_colors_info=&#8221;{}&#8221;][\/et_pb_audio][\/et_pb_column][\/et_pb_row][et_pb_row _builder_version=&#8221;4.16&#8243; global_colors_info=&#8221;{}&#8221;][et_pb_column type=&#8221;4_4&#8243; _builder_version=&#8221;4.16&#8243; custom_padding=&#8221;|||&#8221; global_colors_info=&#8221;{}&#8221; custom_padding__hover=&#8221;|||&#8221;][et_pb_text _builder_version=&#8221;4.27.3&#8243; text_orientation=&#8221;center&#8221; global_colors_info=&#8221;{}&#8221;]<\/p>\n<p>* (There must be a piano on site for classical pianists)<\/p>\n<p>[\/et_pb_text][\/et_pb_column][\/et_pb_row][et_pb_row column_structure=&#8221;1_4,1_4,1_4,1_4&#8243; disabled_on=&#8221;on|on|on&#8221; _builder_version=&#8221;4.16&#8243; disabled=&#8221;on&#8221; global_colors_info=&#8221;{}&#8221;][et_pb_column type=&#8221;1_4&#8243; _builder_version=&#8221;4.16&#8243; custom_padding=&#8221;|||&#8221; global_colors_info=&#8221;{}&#8221; custom_padding__hover=&#8221;|||&#8221;][et_pb_text admin_label=&#8221;Trio&#8221; _builder_version=&#8221;4.16&#8243; header_font=&#8221;||||||||&#8221; header_2_font=&#8221;|700|||||||&#8221; header_2_text_color=&#8221;#000000&#8243; header_2_font_size=&#8221;38px&#8221; text_orientation=&#8221;center&#8221; global_colors_info=&#8221;{}&#8221;]<\/p>\n<h2><strong>Trio<\/strong><\/h2>\n<p>[\/et_pb_text][\/et_pb_column][et_pb_column type=&#8221;1_4&#8243; _builder_version=&#8221;4.16&#8243; custom_padding=&#8221;|||&#8221; global_colors_info=&#8221;{}&#8221; custom_padding__hover=&#8221;|||&#8221;][\/et_pb_column][et_pb_column type=&#8221;1_4&#8243; _builder_version=&#8221;4.16&#8243; custom_padding=&#8221;|||&#8221; global_colors_info=&#8221;{}&#8221; custom_padding__hover=&#8221;|||&#8221;][\/et_pb_column][et_pb_column type=&#8221;1_4&#8243; _builder_version=&#8221;4.16&#8243; custom_padding=&#8221;|||&#8221; global_colors_info=&#8221;{}&#8221; custom_padding__hover=&#8221;|||&#8221;][\/et_pb_column][\/et_pb_row][et_pb_row disabled_on=&#8221;on|on|on&#8221; _builder_version=&#8221;4.16&#8243; disabled=&#8221;on&#8221; global_colors_info=&#8221;{}&#8221;][et_pb_column type=&#8221;4_4&#8243; _builder_version=&#8221;4.16&#8243; custom_padding=&#8221;|||&#8221; global_colors_info=&#8221;{}&#8221; custom_padding__hover=&#8221;|||&#8221;][et_pb_text _builder_version=&#8221;4.16&#8243; global_colors_info=&#8221;{}&#8221;]<\/p>\n<p>2 violins and cello<br \/>1 violin, flute and cello<br \/>Etc.<\/p>\n<p>[\/et_pb_text][\/et_pb_column][\/et_pb_row][\/et_pb_section][et_pb_section fb_built=&#8221;1&#8243; custom_padding_last_edited=&#8221;on|phone&#8221; _builder_version=&#8221;4.27.3&#8243; _module_preset=&#8221;default&#8221; custom_padding_tablet=&#8221;&#8221; custom_padding_phone=&#8221;60px||||false|false&#8221; locked=&#8221;off&#8221; global_colors_info=&#8221;{}&#8221;][et_pb_row column_structure=&#8221;1_2,1_2&#8243; make_equal=&#8221;on&#8221; _builder_version=&#8221;4.27.3&#8243; _module_preset=&#8221;default&#8221; custom_css_main_element=&#8221;align-items:center;&#8221; global_colors_info=&#8221;{}&#8221;][et_pb_column type=&#8221;1_2&#8243; _builder_version=&#8221;4.27.3&#8243; _module_preset=&#8221;default&#8221; global_colors_info=&#8221;{}&#8221;][et_pb_image src=&#8221;https:\/\/musiciensalacarte.com\/wp-content\/uploads\/2024\/11\/Isabelle-Janes-pianiste-scaled.jpg&#8221; title_text=&#8221;Isabelle Janes pianiste&#8221; _builder_version=&#8221;4.27.3&#8243; _module_preset=&#8221;default&#8221; max_width=&#8221;480px&#8221; module_alignment=&#8221;center&#8221; border_radii=&#8221;on|15px|15px|15px|15px&#8221; box_shadow_style=&#8221;preset4&#8243; box_shadow_horizontal=&#8221;20px&#8221; box_shadow_vertical=&#8221;-20px&#8221; box_shadow_color=&#8221;rgba(153,125,71,0.32)&#8221; global_colors_info=&#8221;{}&#8221;][\/et_pb_image][\/et_pb_column][et_pb_column type=&#8221;1_2&#8243; _builder_version=&#8221;4.27.3&#8243; _module_preset=&#8221;default&#8221; global_colors_info=&#8221;{}&#8221;][et_pb_text _builder_version=&#8221;4.27.3&#8243; _module_preset=&#8221;default&#8221; text_text_color=&#8221;gcid-heading-color&#8221; text_font_size=&#8221;18px&#8221; header_2_font_size=&#8221;54px&#8221; custom_margin=&#8221;||1px||false|false&#8221; global_colors_info=&#8221;{%22gcid-heading-color%22:%91%22text_text_color%22%93}&#8221;]<\/p>\n<h4>Testimonial<\/h4>\n<p>[\/et_pb_text][et_pb_text _builder_version=&#8221;4.27.3&#8243; _module_preset=&#8221;default&#8221; header_2_font=&#8221;|600|||||||&#8221; header_2_text_color=&#8221;#000000&#8243; header_2_font_size=&#8221;60px&#8221; custom_margin=&#8221;||10px||false|false&#8221; header_2_font_size_tablet=&#8221;60px&#8221; header_2_font_size_phone=&#8221;36px&#8221; header_2_font_size_last_edited=&#8221;on|phone&#8221; global_colors_info=&#8221;{}&#8221;]<\/p>\n<h2>What Our Clients Say<\/h2>\n<p>[\/et_pb_text][et_pb_image src=&#8221;https:\/\/musiciensalacarte.com\/wp-content\/uploads\/2024\/11\/5star-rating.png&#8221; title_text=&#8221;5star-rating&#8221; _builder_version=&#8221;4.27.3&#8243; _module_preset=&#8221;default&#8221; global_colors_info=&#8221;{}&#8221;][\/et_pb_image][et_pb_text _builder_version=&#8221;4.27.3&#8243; _module_preset=&#8221;default&#8221; text_letter_spacing=&#8221;0.3px&#8221; text_line_height=&#8221;1.75em&#8221; global_colors_info=&#8221;{}&#8221;]&#8221;Bonjour Isabelle, merci pour tout. Ce fut vraiment merveilleux. Les commentaires que nous avons re\u00e7u sont \u00e9logieux. Tout le monde, incluant nous, vous a trouv\u00e9s g\u00e9niaux! Ce fut un plaisir de travailler avec toi&#8230; Merci mille fois!!!&#8221;[\/et_pb_text][et_pb_text _builder_version=&#8221;4.27.3&#8243; _module_preset=&#8221;default&#8221; text_text_color=&#8221;gcid-heading-color&#8221; text_font_size=&#8221;18px&#8221; header_2_font_size=&#8221;54px&#8221; custom_margin=&#8221;||1px||false|false&#8221; global_colors_info=&#8221;{%22gcid-heading-color%22:%91%22text_text_color%22%93}&#8221;]<\/p>\n<h4>Caroline &#038; St\u00e9phane<\/h4>\n<p>[\/et_pb_text][\/et_pb_column][\/et_pb_row][\/et_pb_section][et_pb_section fb_built=&#8221;1&#8243; custom_padding_last_edited=&#8221;on|desktop&#8221; disabled_on=&#8221;off|on|on&#8221; admin_label=&#8221;Inside Page Header Mobile&#8221; module_class=&#8221;services2&#8243; _builder_version=&#8221;4.27.3&#8243; _module_preset=&#8221;default&#8221; custom_padding=&#8221;20px||||false|false&#8221; custom_padding_tablet=&#8221;||||false|false&#8221; custom_padding_phone=&#8221;||60px||false|false&#8221; global_module=&#8221;4583&#8243; saved_tabs=&#8221;all&#8221; locked=&#8221;off&#8221; global_colors_info=&#8221;{}&#8221;][et_pb_row _builder_version=&#8221;4.27.3&#8243; _module_preset=&#8221;default&#8221; custom_padding=&#8221;||40px||false|false&#8221; global_colors_info=&#8221;{}&#8221;][et_pb_column type=&#8221;4_4&#8243; _builder_version=&#8221;4.27.3&#8243; _module_preset=&#8221;default&#8221; global_colors_info=&#8221;{}&#8221;][et_pb_text _builder_version=&#8221;4.27.3&#8243; _module_preset=&#8221;default&#8221; header_2_text_align=&#8221;center&#8221; global_colors_info=&#8221;{}&#8221;]<\/p>\n<h2>Explore More Services<\/h2>\n<p>[\/et_pb_text][\/et_pb_column][\/et_pb_row][et_pb_row column_structure=&#8221;1_4,1_4,1_4,1_4&#8243; use_custom_gutter=&#8221;on&#8221; gutter_width=&#8221;2&#8243; make_equal=&#8221;on&#8221; _builder_version=&#8221;4.27.3&#8243; _module_preset=&#8221;default&#8221; width=&#8221;90%&#8221; custom_margin=&#8221;||||false|false&#8221; custom_margin_tablet=&#8221;-70px||||false|false&#8221; custom_margin_last_edited=&#8221;off|phone&#8221; custom_padding=&#8221;||||false|false&#8221; global_colors_info=&#8221;{}&#8221;][et_pb_column type=&#8221;1_4&#8243; _builder_version=&#8221;4.27.3&#8243; _module_preset=&#8221;default&#8221; background_color=&#8221;#FFFFFF&#8221; custom_padding=&#8221;||20px||false|false&#8221; border_radii=&#8221;on|10px|10px|10px|10px&#8221; border_width_all=&#8221;2px&#8221; border_color_all=&#8221;rgba(153,125,71,0.32)&#8221; box_shadow_style=&#8221;preset4&#8243; box_shadow_horizontal=&#8221;15px&#8221; box_shadow_vertical=&#8221;-15px&#8221; box_shadow_color=&#8221;rgba(153,125,71,0.32)&#8221; global_colors_info=&#8221;{}&#8221;][et_pb_blurb title=&#8221;Jazz Trio&#8221; image=&#8221;https:\/\/musiciensalacarte.com\/wp-content\/uploads\/2024\/11\/Jazz-Trio-img.jpg&#8221; content_max_width=&#8221;100%&#8221; admin_label=&#8221;Blurb&#8221; _builder_version=&#8221;4.27.3&#8243; _dynamic_attributes=&#8221;link_option_url&#8221; _module_preset=&#8221;default&#8221; header_font=&#8221;|700|||||||&#8221; header_text_color=&#8221;gcid-heading-color&#8221; header_font_size=&#8221;26px&#8221; body_font=&#8221;||||||||&#8221; body_text_color=&#8221;#000000&#8243; body_font_size=&#8221;15px&#8221; body_letter_spacing=&#8221;0.5px&#8221; background_color=&#8221;RGBA(255,255,255,0)&#8221; link_option_url=&#8221;@ET-DC@eyJkeW5hbWljIjp0cnVlLCJjb250ZW50IjoicG9zdF9saW5rX3VybF9wYWdlIiwic2V0dGluZ3MiOnsicG9zdF9pZCI6IjIyMTIifX0=@&#8221; global_colors_info=&#8221;{%22gcid-heading-color%22:%91%22header_text_color%22%93}&#8221;]<\/p>\n<p>We will create the proper, elegant atmosphere while allowing your guests to chat comfortably.<\/p>\n<p>[\/et_pb_blurb][\/et_pb_column][et_pb_column type=&#8221;1_4&#8243; _builder_version=&#8221;4.27.3&#8243; _module_preset=&#8221;default&#8221; background_color=&#8221;#FFFFFF&#8221; custom_padding=&#8221;||20px||false|false&#8221; border_radii=&#8221;on|10px|10px|10px|10px&#8221; border_width_all=&#8221;2px&#8221; border_color_all=&#8221;rgba(153,125,71,0.32)&#8221; box_shadow_style=&#8221;preset4&#8243; box_shadow_horizontal=&#8221;15px&#8221; box_shadow_vertical=&#8221;-15px&#8221; box_shadow_color=&#8221;rgba(153,125,71,0.32)&#8221; global_colors_info=&#8221;{}&#8221;][et_pb_blurb title=&#8221;Corporate Events&#8221; image=&#8221;https:\/\/musiciensalacarte.com\/wp-content\/uploads\/2025\/01\/Corporate-events.jpg&#8221; content_max_width=&#8221;100%&#8221; _builder_version=&#8221;4.27.3&#8243; _dynamic_attributes=&#8221;link_option_url&#8221; _module_preset=&#8221;default&#8221; header_font=&#8221;|700|||||||&#8221; header_text_color=&#8221;#997d47&#8243; header_font_size=&#8221;26px&#8221; body_font=&#8221;||||||||&#8221; body_text_color=&#8221;#000000&#8243; body_font_size=&#8221;15px&#8221; body_letter_spacing=&#8221;0.5px&#8221; background_color=&#8221;RGBA(255,255,255,0)&#8221; link_option_url=&#8221;@ET-DC@eyJkeW5hbWljIjp0cnVlLCJjb250ZW50IjoicG9zdF9saW5rX3VybF9wYWdlIiwic2V0dGluZ3MiOnsicG9zdF9pZCI6IjIxNjQifX0=@&#8221; global_colors_info=&#8221;{%22gcid-heading-color%22:%91%22header_text_color%22,%22header_text_color%22%93}&#8221;]<\/p>\n<p>Dancing or background music. Crafting Memorable Events with Tailored Live Music for Every orporate Celebration!<\/p>\n<p>[\/et_pb_blurb][\/et_pb_column][et_pb_column type=&#8221;1_4&#8243; _builder_version=&#8221;4.27.3&#8243; _module_preset=&#8221;default&#8221; background_color=&#8221;#FFFFFF&#8221; custom_padding=&#8221;||20px||false|false&#8221; border_radii=&#8221;on|10px|10px|10px|10px&#8221; border_width_all=&#8221;2px&#8221; border_color_all=&#8221;rgba(153,125,71,0.32)&#8221; box_shadow_style=&#8221;preset4&#8243; box_shadow_horizontal=&#8221;15px&#8221; box_shadow_vertical=&#8221;-15px&#8221; box_shadow_color=&#8221;rgba(153,125,71,0.32)&#8221; global_colors_info=&#8221;{}&#8221;][et_pb_blurb title=&#8221;Private Events&#8221; image=&#8221;https:\/\/musiciensalacarte.com\/wp-content\/uploads\/2024\/11\/Private-Events-img.jpg&#8221; content_max_width=&#8221;100%&#8221; _builder_version=&#8221;4.27.3&#8243; _dynamic_attributes=&#8221;link_option_url&#8221; _module_preset=&#8221;default&#8221; header_font=&#8221;|700|||||||&#8221; header_text_color=&#8221;#997d47&#8243; header_font_size=&#8221;26px&#8221; body_font=&#8221;||||||||&#8221; body_text_color=&#8221;#000000&#8243; body_font_size=&#8221;15px&#8221; body_letter_spacing=&#8221;0.5px&#8221; background_color=&#8221;RGBA(255,255,255,0)&#8221; link_option_url=&#8221;@ET-DC@eyJkeW5hbWljIjp0cnVlLCJjb250ZW50IjoicG9zdF9saW5rX3VybF9wYWdlIiwic2V0dGluZ3MiOnsicG9zdF9pZCI6IjIxNjEifX0=@&#8221; global_colors_info=&#8221;{%22gcid-heading-color%22:%91%22header_text_color%22,%22header_text_color%22%93}&#8221;]<\/p>\n<p>Experience a unique moment&#8230;live music in your home! Delight your guests with our extensive repertoire. A concept that always impresses!<\/p>\n<p>[\/et_pb_blurb][\/et_pb_column][et_pb_column type=&#8221;1_4&#8243; _builder_version=&#8221;4.27.3&#8243; _module_preset=&#8221;default&#8221; background_color=&#8221;#FFFFFF&#8221; custom_padding=&#8221;||20px||false|false&#8221; border_radii=&#8221;on|10px|10px|10px|10px&#8221; border_width_all=&#8221;2px&#8221; border_color_all=&#8221;rgba(153,125,71,0.32)&#8221; box_shadow_style=&#8221;preset4&#8243; box_shadow_horizontal=&#8221;15px&#8221; box_shadow_vertical=&#8221;-15px&#8221; box_shadow_color=&#8221;rgba(153,125,71,0.32)&#8221; global_colors_info=&#8221;{}&#8221;][et_pb_blurb title=&#8221;Funerals&#8221; image=&#8221;https:\/\/musiciensalacarte.com\/wp-content\/uploads\/2025\/01\/Funeral-musicians.jpg&#8221; content_max_width=&#8221;100%&#8221; _builder_version=&#8221;4.27.3&#8243; _dynamic_attributes=&#8221;link_option_url&#8221; _module_preset=&#8221;default&#8221; header_font=&#8221;|700|||||||&#8221; header_text_color=&#8221;#997d47&#8243; header_font_size=&#8221;26px&#8221; body_font=&#8221;||||||||&#8221; body_text_color=&#8221;#000000&#8243; body_font_size=&#8221;15px&#8221; body_letter_spacing=&#8221;0.5px&#8221; background_color=&#8221;RGBA(255,255,255,0)&#8221; link_option_url=&#8221;@ET-DC@eyJkeW5hbWljIjp0cnVlLCJjb250ZW50IjoicG9zdF9saW5rX3VybF9wYWdlIiwic2V0dGluZ3MiOnsicG9zdF9pZCI6IjIxNTQifX0=@&#8221; global_colors_info=&#8221;{%22gcid-heading-color%22:%91%22header_text_color%22,%22header_text_color%22%93}&#8221;]<\/p>\n<p>We are the reference in Quebec for the musical aspect of funerals. Whether at the church or the funeral home, our teams are here for you.<\/p>\n<p>[\/et_pb_blurb][\/et_pb_column][\/et_pb_row][\/et_pb_section]<\/p>\n","protected":false},"excerpt":{"rendered":"<p>Heartfelt Entertainment for Elderly ResidencesWe provide professional musical services tailored to elderly residences, bringing joy and quality entertainment to seniors. With years of experience and feedback, our performances create meaningful and engaging moments for all.We will create the proper, elegant atmosphere while allowing your guests to chat comfortably.Dancing or background music. Crafting Memorable Events with [&hellip;]<\/p>\n","protected":false},"author":2,"featured_media":0,"parent":0,"menu_order":0,"comment_status":"closed","ping_status":"closed","template":"","meta":{"_et_pb_use_builder":"on","_et_pb_old_content":"","_et_gb_content_width":"","footnotes":""},"class_list":["post-2135","page","type-page","status-publish","hentry"],"yoast_head":"<!-- This site is optimized with the Yoast SEO plugin v26.6 - https:\/\/yoast.com\/wordpress\/plugins\/seo\/ -->\n<title>Residences for the elderly - Musiciens \u00e0 la carte<\/title>\n<meta name=\"robots\" content=\"index, follow, max-snippet:-1, max-image-preview:large, max-video-preview:-1\" \/>\n<link rel=\"canonical\" href=\"https:\/\/musiciensalacarte.com\/en\/residences-for-the-elderly\/\" \/>\n<meta property=\"og:locale\" content=\"en_US\" \/>\n<meta property=\"og:type\" content=\"article\" \/>\n<meta property=\"og:title\" content=\"Residences for the elderly - Musiciens \u00e0 la carte\" \/>\n<meta property=\"og:description\" content=\"Heartfelt Entertainment for Elderly ResidencesWe provide professional musical services tailored to elderly residences, bringing joy and quality entertainment to seniors. With years of experience and feedback, our performances create meaningful and engaging moments for all.We will create the proper, elegant atmosphere while allowing your guests to chat comfortably.Dancing or background music. Crafting Memorable Events with [&hellip;]\" \/>\n<meta property=\"og:url\" content=\"https:\/\/musiciensalacarte.com\/en\/residences-for-the-elderly\/\" \/>\n<meta property=\"og:site_name\" content=\"Musiciens \u00e0 la carte\" \/>\n<meta property=\"article:publisher\" content=\"https:\/\/www.facebook.com\/p\/Musiciens--la-carte-100035373021858\/?_rdr\" \/>\n<meta property=\"article:modified_time\" content=\"2025-02-02T17:11:48+00:00\" \/>\n<meta name=\"twitter:card\" content=\"summary_large_image\" \/>\n<meta name=\"twitter:label1\" content=\"Est. reading time\" \/>\n\t<meta name=\"twitter:data1\" content=\"29 minutes\" \/>\n<script type=\"application\/ld+json\" class=\"yoast-schema-graph\">{\"@context\":\"https:\/\/schema.org\",\"@graph\":[{\"@type\":\"WebPage\",\"@id\":\"https:\/\/musiciensalacarte.com\/en\/residences-for-the-elderly\/\",\"url\":\"https:\/\/musiciensalacarte.com\/en\/residences-for-the-elderly\/\",\"name\":\"Residences for the elderly - Musiciens \u00e0 la carte\",\"isPartOf\":{\"@id\":\"https:\/\/musiciensalacarte.com\/#website\"},\"datePublished\":\"2019-04-26T15:50:39+00:00\",\"dateModified\":\"2025-02-02T17:11:48+00:00\",\"breadcrumb\":{\"@id\":\"https:\/\/musiciensalacarte.com\/en\/residences-for-the-elderly\/#breadcrumb\"},\"inLanguage\":\"en-US\",\"potentialAction\":[{\"@type\":\"ReadAction\",\"target\":[\"https:\/\/musiciensalacarte.com\/en\/residences-for-the-elderly\/\"]}]},{\"@type\":\"BreadcrumbList\",\"@id\":\"https:\/\/musiciensalacarte.com\/en\/residences-for-the-elderly\/#breadcrumb\",\"itemListElement\":[{\"@type\":\"ListItem\",\"position\":1,\"name\":\"Home\",\"item\":\"https:\/\/musiciensalacarte.com\/\"},{\"@type\":\"ListItem\",\"position\":2,\"name\":\"Residences for the elderly\"}]},{\"@type\":\"WebSite\",\"@id\":\"https:\/\/musiciensalacarte.com\/#website\",\"url\":\"https:\/\/musiciensalacarte.com\/\",\"name\":\"Musiciens \u00e0 la carte\",\"description\":\"Productions Isabelle Janes inc.\",\"publisher\":{\"@id\":\"https:\/\/musiciensalacarte.com\/#organization\"},\"potentialAction\":[{\"@type\":\"SearchAction\",\"target\":{\"@type\":\"EntryPoint\",\"urlTemplate\":\"https:\/\/musiciensalacarte.com\/?s={search_term_string}\"},\"query-input\":{\"@type\":\"PropertyValueSpecification\",\"valueRequired\":true,\"valueName\":\"search_term_string\"}}],\"inLanguage\":\"en-US\"},{\"@type\":\"Organization\",\"@id\":\"https:\/\/musiciensalacarte.com\/#organization\",\"name\":\"Musiciens \u00e0 la Carte\",\"url\":\"https:\/\/musiciensalacarte.com\/\",\"logo\":{\"@type\":\"ImageObject\",\"inLanguage\":\"en-US\",\"@id\":\"https:\/\/musiciensalacarte.com\/#\/schema\/logo\/image\/\",\"url\":\"https:\/\/musiciensalacarte.com\/wp-content\/uploads\/2019\/03\/Musiciens-a-la-carte-Logo.png\",\"contentUrl\":\"https:\/\/musiciensalacarte.com\/wp-content\/uploads\/2019\/03\/Musiciens-a-la-carte-Logo.png\",\"width\":266,\"height\":120,\"caption\":\"Musiciens \u00e0 la Carte\"},\"image\":{\"@id\":\"https:\/\/musiciensalacarte.com\/#\/schema\/logo\/image\/\"},\"sameAs\":[\"https:\/\/www.facebook.com\/p\/Musiciens--la-carte-100035373021858\/?_rdr\"]}]}<\/script>\n<!-- \/ Yoast SEO plugin. -->","yoast_head_json":{"title":"Residences for the elderly - Musiciens \u00e0 la carte","robots":{"index":"index","follow":"follow","max-snippet":"max-snippet:-1","max-image-preview":"max-image-preview:large","max-video-preview":"max-video-preview:-1"},"canonical":"https:\/\/musiciensalacarte.com\/en\/residences-for-the-elderly\/","og_locale":"en_US","og_type":"article","og_title":"Residences for the elderly - Musiciens \u00e0 la carte","og_description":"Heartfelt Entertainment for Elderly ResidencesWe provide professional musical services tailored to elderly residences, bringing joy and quality entertainment to seniors. With years of experience and feedback, our performances create meaningful and engaging moments for all.We will create the proper, elegant atmosphere while allowing your guests to chat comfortably.Dancing or background music. Crafting Memorable Events with [&hellip;]","og_url":"https:\/\/musiciensalacarte.com\/en\/residences-for-the-elderly\/","og_site_name":"Musiciens \u00e0 la carte","article_publisher":"https:\/\/www.facebook.com\/p\/Musiciens--la-carte-100035373021858\/?_rdr","article_modified_time":"2025-02-02T17:11:48+00:00","twitter_card":"summary_large_image","twitter_misc":{"Est. reading time":"29 minutes"},"schema":{"@context":"https:\/\/schema.org","@graph":[{"@type":"WebPage","@id":"https:\/\/musiciensalacarte.com\/en\/residences-for-the-elderly\/","url":"https:\/\/musiciensalacarte.com\/en\/residences-for-the-elderly\/","name":"Residences for the elderly - Musiciens \u00e0 la carte","isPartOf":{"@id":"https:\/\/musiciensalacarte.com\/#website"},"datePublished":"2019-04-26T15:50:39+00:00","dateModified":"2025-02-02T17:11:48+00:00","breadcrumb":{"@id":"https:\/\/musiciensalacarte.com\/en\/residences-for-the-elderly\/#breadcrumb"},"inLanguage":"en-US","potentialAction":[{"@type":"ReadAction","target":["https:\/\/musiciensalacarte.com\/en\/residences-for-the-elderly\/"]}]},{"@type":"BreadcrumbList","@id":"https:\/\/musiciensalacarte.com\/en\/residences-for-the-elderly\/#breadcrumb","itemListElement":[{"@type":"ListItem","position":1,"name":"Home","item":"https:\/\/musiciensalacarte.com\/"},{"@type":"ListItem","position":2,"name":"Residences for the elderly"}]},{"@type":"WebSite","@id":"https:\/\/musiciensalacarte.com\/#website","url":"https:\/\/musiciensalacarte.com\/","name":"Musiciens \u00e0 la carte","description":"Productions Isabelle Janes inc.","publisher":{"@id":"https:\/\/musiciensalacarte.com\/#organization"},"potentialAction":[{"@type":"SearchAction","target":{"@type":"EntryPoint","urlTemplate":"https:\/\/musiciensalacarte.com\/?s={search_term_string}"},"query-input":{"@type":"PropertyValueSpecification","valueRequired":true,"valueName":"search_term_string"}}],"inLanguage":"en-US"},{"@type":"Organization","@id":"https:\/\/musiciensalacarte.com\/#organization","name":"Musiciens \u00e0 la Carte","url":"https:\/\/musiciensalacarte.com\/","logo":{"@type":"ImageObject","inLanguage":"en-US","@id":"https:\/\/musiciensalacarte.com\/#\/schema\/logo\/image\/","url":"https:\/\/musiciensalacarte.com\/wp-content\/uploads\/2019\/03\/Musiciens-a-la-carte-Logo.png","contentUrl":"https:\/\/musiciensalacarte.com\/wp-content\/uploads\/2019\/03\/Musiciens-a-la-carte-Logo.png","width":266,"height":120,"caption":"Musiciens \u00e0 la Carte"},"image":{"@id":"https:\/\/musiciensalacarte.com\/#\/schema\/logo\/image\/"},"sameAs":["https:\/\/www.facebook.com\/p\/Musiciens--la-carte-100035373021858\/?_rdr"]}]}},"_links":{"self":[{"href":"https:\/\/musiciensalacarte.com\/en\/wp-json\/wp\/v2\/pages\/2135","targetHints":{"allow":["GET"]}}],"collection":[{"href":"https:\/\/musiciensalacarte.com\/en\/wp-json\/wp\/v2\/pages"}],"about":[{"href":"https:\/\/musiciensalacarte.com\/en\/wp-json\/wp\/v2\/types\/page"}],"author":[{"embeddable":true,"href":"https:\/\/musiciensalacarte.com\/en\/wp-json\/wp\/v2\/users\/2"}],"replies":[{"embeddable":true,"href":"https:\/\/musiciensalacarte.com\/en\/wp-json\/wp\/v2\/comments?post=2135"}],"version-history":[{"count":23,"href":"https:\/\/musiciensalacarte.com\/en\/wp-json\/wp\/v2\/pages\/2135\/revisions"}],"predecessor-version":[{"id":4893,"href":"https:\/\/musiciensalacarte.com\/en\/wp-json\/wp\/v2\/pages\/2135\/revisions\/4893"}],"wp:attachment":[{"href":"https:\/\/musiciensalacarte.com\/en\/wp-json\/wp\/v2\/media?parent=2135"}],"curies":[{"name":"wp","href":"https:\/\/api.w.org\/{rel}","templated":true}]}}