{"id":2139,"date":"2019-04-26T10:59:00","date_gmt":"2019-04-26T15:59:00","guid":{"rendered":"https:\/\/musiciensalacarte.com\/gala\/"},"modified":"2025-02-05T12:30:24","modified_gmt":"2025-02-05T17:30:24","slug":"gala","status":"publish","type":"page","link":"https:\/\/musiciensalacarte.com\/en\/gala\/","title":{"rendered":"Gala"},"content":{"rendered":"<p>[et_pb_section fb_built=&#8221;1&#8243; custom_padding_last_edited=&#8221;on|phone&#8221; admin_label=&#8221;New Inner Pages Banner&#8221; module_class=&#8221;home-banner&#8221; _builder_version=&#8221;4.27.3&#8243; _module_preset=&#8221;default&#8221; use_background_color_gradient=&#8221;on&#8221; background_color_gradient_direction=&#8221;90deg&#8221; background_color_gradient_stops=&#8221;rgba(0,0,0,0.4) 0%|rgba(41,196,169,0) 100%&#8221; background_image=&#8221;https:\/\/musiciensalacarte.com\/wp-content\/uploads\/2024\/11\/bg-black-scaled.jpg&#8221; background_blend=&#8221;overlay&#8221; custom_padding=&#8221;180px||180px||true|false&#8221; custom_padding_tablet=&#8221;80px||80px||false|false&#8221; custom_padding_phone=&#8221;80px||50px||false|false&#8221; background_color_tablet=&#8221;#000000&#8243; background_last_edited=&#8221;on|desktop&#8221; background_enable_color_tablet=&#8221;on&#8221; background_enable_image_tablet=&#8221;off&#8221; background_enable_image_phone=&#8221;off&#8221; custom_css_main_element=&#8221;align-items:center;||display:flex;||    flex-direction: column-reverse;&#8221; locked=&#8221;off&#8221; global_colors_info=&#8221;{}&#8221;][et_pb_row _builder_version=&#8221;4.27.3&#8243; _module_preset=&#8221;default&#8221; width=&#8221;95%&#8221; width_tablet=&#8221;80%&#8221; width_phone=&#8221;80%&#8221; width_last_edited=&#8221;on|tablet&#8221; global_colors_info=&#8221;{}&#8221;][et_pb_column type=&#8221;4_4&#8243; _builder_version=&#8221;4.27.3&#8243; _module_preset=&#8221;default&#8221; global_colors_info=&#8221;{}&#8221;][et_pb_text _builder_version=&#8221;4.27.3&#8243; _module_preset=&#8221;default&#8221; header_text_align=&#8221;center&#8221; header_font_size=&#8221;58px&#8221; custom_margin=&#8221;||20px||false|false&#8221; header_font_size_tablet=&#8221;74px&#8221; header_font_size_phone=&#8221;40px&#8221; header_font_size_last_edited=&#8221;on|phone&#8221; global_colors_info=&#8221;{}&#8221;]<\/p>\n<h1>A Red Carpet Gala Experience<\/h1>\n<p>[\/et_pb_text][et_pb_text _builder_version=&#8221;4.27.3&#8243; _module_preset=&#8221;default&#8221; text_text_color=&#8221;rgba(255,255,255,0.81)&#8221; text_font_size=&#8221;18px&#8221; text_letter_spacing=&#8221;0.5px&#8221; text_line_height=&#8221;1.6em&#8221; text_orientation=&#8221;center&#8221; max_width=&#8221;880px&#8221; module_alignment=&#8221;center&#8221; text_font_size_tablet=&#8221;18px&#8221; text_font_size_phone=&#8221;16px&#8221; text_font_size_last_edited=&#8221;on|phone&#8221; global_colors_info=&#8221;{}&#8221;]Make your gala unforgettable with live music that enhances every moment, from guest arrivals to award presentations. Our professional musicians create a seamless, elegant atmosphere, ensuring a night of celebration and success.[\/et_pb_text][\/et_pb_column][\/et_pb_row][\/et_pb_section][et_pb_section fb_built=&#8221;1&#8243; custom_padding_last_edited=&#8221;on|desktop&#8221; disabled_on=&#8221;on|off|off&#8221; admin_label=&#8221;Inside Page Header&#8221; module_class=&#8221;services&#8221; _builder_version=&#8221;4.27.3&#8243; _module_preset=&#8221;default&#8221; custom_padding=&#8221;20px||||false|false&#8221; custom_padding_tablet=&#8221;||||false|false&#8221; custom_padding_phone=&#8221;||60px||false|false&#8221; global_module=&#8221;4403&#8243; saved_tabs=&#8221;all&#8221; locked=&#8221;off&#8221; global_colors_info=&#8221;{}&#8221;][et_pb_row column_structure=&#8221;1_4,1_4,1_4,1_4&#8243; use_custom_gutter=&#8221;on&#8221; gutter_width=&#8221;2&#8243; make_equal=&#8221;on&#8221; _builder_version=&#8221;4.27.3&#8243; _module_preset=&#8221;default&#8221; width=&#8221;90%&#8221; custom_margin=&#8221;-90px||||false|false&#8221; custom_margin_tablet=&#8221;-70px||||false|false&#8221; custom_margin_phone=&#8221;-50px||||false|false&#8221; custom_margin_last_edited=&#8221;on|desktop&#8221; custom_padding=&#8221;10px||||false|false&#8221; global_colors_info=&#8221;{}&#8221;][et_pb_column type=&#8221;1_4&#8243; _builder_version=&#8221;4.27.3&#8243; _module_preset=&#8221;default&#8221; background_color=&#8221;#FFFFFF&#8221; custom_padding=&#8221;||20px||false|false&#8221; border_radii=&#8221;on|10px|10px|10px|10px&#8221; border_width_all=&#8221;2px&#8221; border_color_all=&#8221;rgba(153,125,71,0.32)&#8221; box_shadow_style=&#8221;preset4&#8243; box_shadow_horizontal=&#8221;15px&#8221; box_shadow_vertical=&#8221;-15px&#8221; box_shadow_color=&#8221;rgba(153,125,71,0.32)&#8221; global_colors_info=&#8221;{}&#8221;][et_pb_blurb title=&#8221;Jazz Trio&#8221; image=&#8221;https:\/\/musiciensalacarte.com\/wp-content\/uploads\/2024\/11\/Jazz-Trio-img.jpg&#8221; content_max_width=&#8221;100%&#8221; admin_label=&#8221;Blurb&#8221; _builder_version=&#8221;4.27.3&#8243; _dynamic_attributes=&#8221;link_option_url&#8221; _module_preset=&#8221;default&#8221; header_font=&#8221;|700|||||||&#8221; header_text_color=&#8221;gcid-heading-color&#8221; header_font_size=&#8221;26px&#8221; body_font=&#8221;||||||||&#8221; body_text_color=&#8221;#000000&#8243; body_font_size=&#8221;15px&#8221; body_letter_spacing=&#8221;0.5px&#8221; background_color=&#8221;RGBA(255,255,255,0)&#8221; link_option_url=&#8221;@ET-DC@eyJkeW5hbWljIjp0cnVlLCJjb250ZW50IjoicG9zdF9saW5rX3VybF9wYWdlIiwic2V0dGluZ3MiOnsicG9zdF9pZCI6IjIyMTIifX0=@&#8221; global_colors_info=&#8221;{%22gcid-heading-color%22:%91%22header_text_color%22%93}&#8221;]<\/p>\n<p>We will create the proper, elegant atmosphere while allowing your guests to chat comfortably.<\/p>\n<p>[\/et_pb_blurb][\/et_pb_column][et_pb_column type=&#8221;1_4&#8243; _builder_version=&#8221;4.27.3&#8243; _module_preset=&#8221;default&#8221; background_color=&#8221;#FFFFFF&#8221; custom_padding=&#8221;||20px||false|false&#8221; border_radii=&#8221;on|10px|10px|10px|10px&#8221; border_width_all=&#8221;2px&#8221; border_color_all=&#8221;rgba(153,125,71,0.32)&#8221; box_shadow_style=&#8221;preset4&#8243; box_shadow_horizontal=&#8221;15px&#8221; box_shadow_vertical=&#8221;-15px&#8221; box_shadow_color=&#8221;rgba(153,125,71,0.32)&#8221; global_colors_info=&#8221;{}&#8221;][et_pb_blurb title=&#8221;Corporate Events&#8221; image=&#8221;https:\/\/musiciensalacarte.com\/wp-content\/uploads\/2025\/01\/Corporate-events.jpg&#8221; content_max_width=&#8221;100%&#8221; _builder_version=&#8221;4.27.3&#8243; _dynamic_attributes=&#8221;link_option_url&#8221; _module_preset=&#8221;default&#8221; header_font=&#8221;|700|||||||&#8221; header_text_color=&#8221;#997d47&#8243; header_font_size=&#8221;26px&#8221; body_font=&#8221;||||||||&#8221; body_text_color=&#8221;#000000&#8243; body_font_size=&#8221;15px&#8221; body_letter_spacing=&#8221;0.5px&#8221; background_color=&#8221;RGBA(255,255,255,0)&#8221; link_option_url=&#8221;@ET-DC@eyJkeW5hbWljIjp0cnVlLCJjb250ZW50IjoicG9zdF9saW5rX3VybF9wYWdlIiwic2V0dGluZ3MiOnsicG9zdF9pZCI6IjIxNjQifX0=@&#8221; global_colors_info=&#8221;{%22gcid-heading-color%22:%91%22header_text_color%22,%22header_text_color%22%93}&#8221;]<\/p>\n<p>Dancing or background music. Crafting Memorable Events with Tailored Live Music for Every orporate Celebration!<\/p>\n<p>[\/et_pb_blurb][\/et_pb_column][et_pb_column type=&#8221;1_4&#8243; _builder_version=&#8221;4.27.3&#8243; _module_preset=&#8221;default&#8221; background_color=&#8221;#FFFFFF&#8221; custom_padding=&#8221;||20px||false|false&#8221; border_radii=&#8221;on|10px|10px|10px|10px&#8221; border_width_all=&#8221;2px&#8221; border_color_all=&#8221;rgba(153,125,71,0.32)&#8221; box_shadow_style=&#8221;preset4&#8243; box_shadow_horizontal=&#8221;15px&#8221; box_shadow_vertical=&#8221;-15px&#8221; box_shadow_color=&#8221;rgba(153,125,71,0.32)&#8221; global_colors_info=&#8221;{}&#8221;][et_pb_blurb title=&#8221;Private Events&#8221; image=&#8221;https:\/\/musiciensalacarte.com\/wp-content\/uploads\/2024\/11\/Private-Events-img.jpg&#8221; content_max_width=&#8221;100%&#8221; _builder_version=&#8221;4.27.3&#8243; _dynamic_attributes=&#8221;link_option_url&#8221; _module_preset=&#8221;default&#8221; header_font=&#8221;|700|||||||&#8221; header_text_color=&#8221;#997d47&#8243; header_font_size=&#8221;26px&#8221; body_font=&#8221;||||||||&#8221; body_text_color=&#8221;#000000&#8243; body_font_size=&#8221;15px&#8221; body_letter_spacing=&#8221;0.5px&#8221; background_color=&#8221;RGBA(255,255,255,0)&#8221; link_option_url=&#8221;@ET-DC@eyJkeW5hbWljIjp0cnVlLCJjb250ZW50IjoicG9zdF9saW5rX3VybF9wYWdlIiwic2V0dGluZ3MiOnsicG9zdF9pZCI6IjIxNjEifX0=@&#8221; global_colors_info=&#8221;{%22gcid-heading-color%22:%91%22header_text_color%22,%22header_text_color%22%93}&#8221;]<\/p>\n<p>Experience a unique moment&#8230;live music in your home! Delight your guests with our extensive repertoire. A concept that always impresses!<\/p>\n<p>[\/et_pb_blurb][\/et_pb_column][et_pb_column type=&#8221;1_4&#8243; _builder_version=&#8221;4.27.3&#8243; _module_preset=&#8221;default&#8221; background_color=&#8221;#FFFFFF&#8221; custom_padding=&#8221;||20px||false|false&#8221; border_radii=&#8221;on|10px|10px|10px|10px&#8221; border_width_all=&#8221;2px&#8221; border_color_all=&#8221;rgba(153,125,71,0.32)&#8221; box_shadow_style=&#8221;preset4&#8243; box_shadow_horizontal=&#8221;15px&#8221; box_shadow_vertical=&#8221;-15px&#8221; box_shadow_color=&#8221;rgba(153,125,71,0.32)&#8221; global_colors_info=&#8221;{}&#8221;][et_pb_blurb title=&#8221;Funerals&#8221; image=&#8221;https:\/\/musiciensalacarte.com\/wp-content\/uploads\/2025\/01\/Funeral-musicians.jpg&#8221; content_max_width=&#8221;100%&#8221; _builder_version=&#8221;4.27.3&#8243; _dynamic_attributes=&#8221;link_option_url&#8221; _module_preset=&#8221;default&#8221; header_font=&#8221;|700|||||||&#8221; header_text_color=&#8221;#997d47&#8243; header_font_size=&#8221;26px&#8221; body_font=&#8221;||||||||&#8221; body_text_color=&#8221;#000000&#8243; body_font_size=&#8221;15px&#8221; body_letter_spacing=&#8221;0.5px&#8221; background_color=&#8221;RGBA(255,255,255,0)&#8221; link_option_url=&#8221;@ET-DC@eyJkeW5hbWljIjp0cnVlLCJjb250ZW50IjoicG9zdF9saW5rX3VybF9wYWdlIiwic2V0dGluZ3MiOnsicG9zdF9pZCI6IjIxNTQifX0=@&#8221; global_colors_info=&#8221;{%22gcid-heading-color%22:%91%22header_text_color%22,%22header_text_color%22%93}&#8221;]<\/p>\n<p>We are the reference in Quebec for the musical aspect of funerals. Whether at the church or the funeral home, our teams are here for you.<\/p>\n<p>[\/et_pb_blurb][\/et_pb_column][\/et_pb_row][\/et_pb_section][et_pb_section fb_built=&#8221;1&#8243; _builder_version=&#8221;4.27.3&#8243; _module_preset=&#8221;default&#8221; custom_padding=&#8221;||10px||false|false&#8221; global_colors_info=&#8221;{}&#8221;][et_pb_row column_structure=&#8221;1_2,1_2&#8243; make_equal=&#8221;on&#8221; _builder_version=&#8221;4.27.3&#8243; _module_preset=&#8221;default&#8221; custom_css_main_element=&#8221;align-items:center;&#8221; locked=&#8221;off&#8221; global_colors_info=&#8221;{}&#8221;][et_pb_column type=&#8221;1_2&#8243; _builder_version=&#8221;4.27.3&#8243; _module_preset=&#8221;default&#8221; global_colors_info=&#8221;{}&#8221;][et_pb_image src=&#8221;https:\/\/musiciensalacarte.com\/wp-content\/uploads\/2019\/04\/Chanteuse-jazz.jpg&#8221; title_text=&#8221;Jazz singer&#8221; _builder_version=&#8221;4.27.3&#8243; _module_preset=&#8221;default&#8221; max_width=&#8221;480px&#8221; module_alignment=&#8221;center&#8221; border_radii=&#8221;on|15px|15px|15px|15px&#8221; box_shadow_style=&#8221;preset4&#8243; box_shadow_horizontal=&#8221;20px&#8221; box_shadow_vertical=&#8221;-20px&#8221; box_shadow_color=&#8221;rgba(153,125,71,0.32)&#8221; global_colors_info=&#8221;{}&#8221;][\/et_pb_image][\/et_pb_column][et_pb_column type=&#8221;1_2&#8243; _builder_version=&#8221;4.27.3&#8243; _module_preset=&#8221;default&#8221; global_colors_info=&#8221;{}&#8221;][et_pb_text _builder_version=&#8221;4.27.3&#8243; _module_preset=&#8221;default&#8221; text_text_color=&#8221;gcid-heading-color&#8221; text_font_size=&#8221;18px&#8221; header_2_font_size=&#8221;54px&#8221; custom_margin=&#8221;||1px||false|false&#8221; global_colors_info=&#8221;{%22gcid-heading-color%22:%91%22text_text_color%22%93}&#8221;]<\/p>\n<h4>Gala<\/h4>\n<p>[\/et_pb_text][et_pb_text _builder_version=&#8221;4.27.3&#8243; _module_preset=&#8221;default&#8221; header_2_font=&#8221;|600|||||||&#8221; header_2_text_color=&#8221;#000000&#8243; header_2_font_size=&#8221;60px&#8221; custom_margin=&#8221;||10px||false|false&#8221; header_2_font_size_tablet=&#8221;60px&#8221; header_2_font_size_phone=&#8221;36px&#8221; header_2_font_size_last_edited=&#8221;on|phone&#8221; global_colors_info=&#8221;{}&#8221;]<\/p>\n<h2>Lay out the red carpet for your nominees!<\/h2>\n<p>[\/et_pb_text][et_pb_text admin_label=&#8221;Jazz&#8221; _builder_version=&#8221;4.27.3&#8243; hover_enabled=&#8221;0&#8243; global_colors_info=&#8221;{}&#8221; sticky_enabled=&#8221;0&#8243;]<\/p>\n<p>Picture it&#8230;<\/p>\n<p>The nominees arrive in the hall. Lively jazz music is playing in the background while they are taken to their seats. The evening starts and they hear &#8220;Ladies and Gentlemen, welcome to your gala&#8221;!<\/p>\n<p>It&#8217;s time for the awards : the nominees are named&#8230; and the winner is&#8230; The winner leaves his or her seat to the sound of the musicians, gets up on stage, takes a picture, arrives to the microphone&#8230; the music stops&#8230; the &#8220;thank you&#8221; period starts, it ends, the music starts again for the exit of the winner&#8230; your evening is a success!<\/p>\n<p>[\/et_pb_text][\/et_pb_column][\/et_pb_row][\/et_pb_section][et_pb_section fb_built=&#8221;1&#8243; _builder_version=&#8221;4.16&#8243; global_colors_info=&#8221;{}&#8221;][et_pb_row _builder_version=&#8221;4.27.3&#8243; custom_padding=&#8221;||10px||false|false&#8221; global_colors_info=&#8221;{}&#8221;][et_pb_column type=&#8221;4_4&#8243; _builder_version=&#8221;4.16&#8243; custom_padding=&#8221;|||&#8221; global_colors_info=&#8221;{}&#8221; custom_padding__hover=&#8221;|||&#8221;][et_pb_text admin_label=&#8221;Duo&#8221; _builder_version=&#8221;4.27.3&#8243; header_font=&#8221;||||||||&#8221; header_2_font=&#8221;|700|||||||&#8221; header_2_text_color=&#8221;#000000&#8243; header_2_font_size=&#8221;38px&#8221; text_orientation=&#8221;center&#8221; locked=&#8221;off&#8221; global_colors_info=&#8221;{}&#8221;]<\/p>\n<h2><strong>Jazz Solo<\/strong><\/h2>\n<p>[\/et_pb_text][\/et_pb_column][\/et_pb_row][et_pb_row column_structure=&#8221;1_3,1_3,1_3&#8243; use_custom_gutter=&#8221;on&#8221; gutter_width=&#8221;2&#8243; _builder_version=&#8221;4.27.3&#8243; global_colors_info=&#8221;{}&#8221;][et_pb_column type=&#8221;1_3&#8243; _builder_version=&#8221;4.16&#8243; custom_padding=&#8221;|||&#8221; global_colors_info=&#8221;{}&#8221; custom_padding__hover=&#8221;|||&#8221;][et_pb_text admin_label=&#8221;Piano solo&#8221; _builder_version=&#8221;4.27.3&#8243; header_font=&#8221;||||||||&#8221; header_2_font=&#8221;|700|||||||&#8221; header_2_text_color=&#8221;#000000&#8243; header_2_font_size=&#8221;38px&#8221; header_3_font=&#8221;|700|||||||&#8221; header_3_font_size=&#8221;24px&#8221; text_orientation=&#8221;center&#8221; global_colors_info=&#8221;{}&#8221;]<\/p>\n<h3>Piano<\/h3>\n<p>[\/et_pb_text][et_pb_audio audio=&#8221;https:\/\/musiciensalacarte.com\/wp-content\/uploads\/2019\/03\/Moonlight-in-Vermont-piano-solo.mp3&#8243; title=&#8221;Moonlight in Vermont&#8221; admin_label=&#8221;Vermont&#8221; _builder_version=&#8221;4.16&#8243; title_font=&#8221;|600|||||||&#8221; title_font_size=&#8221;28px&#8221; background_color=&#8221;rgba(0,0,0,0.96)&#8221; background_image=&#8221;https:\/\/musiciensalacarte.com\/wp-content\/uploads\/2019\/05\/Trio-jazz-sax-piano-contrebasse225.jpg&#8221; background_blend=&#8221;overlay&#8221; custom_padding=&#8221;50px|20px|50px|20px|true|true&#8221; border_radii=&#8221;on|10px|10px|10px|10px&#8221; global_colors_info=&#8221;{}&#8221;][\/et_pb_audio][\/et_pb_column][et_pb_column type=&#8221;1_3&#8243; _builder_version=&#8221;4.16&#8243; custom_padding=&#8221;|||&#8221; global_colors_info=&#8221;{}&#8221; custom_padding__hover=&#8221;|||&#8221;][et_pb_text admin_label=&#8221;Piano solo&#8221; _builder_version=&#8221;4.27.3&#8243; header_font=&#8221;||||||||&#8221; header_2_font=&#8221;|700|||||||&#8221; header_2_text_color=&#8221;#000000&#8243; header_2_font_size=&#8221;38px&#8221; header_3_font=&#8221;|700|||||||&#8221; header_3_font_size=&#8221;24px&#8221; text_orientation=&#8221;center&#8221; global_colors_info=&#8221;{}&#8221;]<\/p>\n<h3>Piano<\/h3>\n<p>[\/et_pb_text][et_pb_audio audio=&#8221;https:\/\/musiciensalacarte.com\/wp-content\/uploads\/2019\/04\/Whatawonderfulworld.mp3&#8243; title=&#8221;What a wonderful world&#8221; admin_label=&#8221;What a wonderful world&#8221; _builder_version=&#8221;4.16&#8243; title_font=&#8221;|600|||||||&#8221; title_font_size=&#8221;28px&#8221; background_color=&#8221;rgba(0,0,0,0.96)&#8221; background_image=&#8221;https:\/\/musiciensalacarte.com\/wp-content\/uploads\/2019\/05\/Trio-jazz-sax-piano-contrebasse225.jpg&#8221; background_blend=&#8221;overlay&#8221; custom_padding=&#8221;50px|20px|50px|20px|true|true&#8221; border_radii=&#8221;on|10px|10px|10px|10px&#8221; global_colors_info=&#8221;{}&#8221;][\/et_pb_audio][\/et_pb_column][et_pb_column type=&#8221;1_3&#8243; _builder_version=&#8221;4.16&#8243; custom_padding=&#8221;|||&#8221; global_colors_info=&#8221;{}&#8221; custom_padding__hover=&#8221;|||&#8221;][et_pb_text admin_label=&#8221;Piano solo&#8221; _builder_version=&#8221;4.27.3&#8243; header_font=&#8221;||||||||&#8221; header_2_font=&#8221;|700|||||||&#8221; header_2_text_color=&#8221;#000000&#8243; header_2_font_size=&#8221;38px&#8221; header_3_font=&#8221;|700|||||||&#8221; header_3_font_size=&#8221;24px&#8221; text_orientation=&#8221;center&#8221; global_colors_info=&#8221;{}&#8221;]<\/p>\n<h3>Piano<\/h3>\n<p>[\/et_pb_text][et_pb_audio audio=&#8221;https:\/\/musiciensalacarte.com\/wp-content\/uploads\/2019\/04\/PianosoloStrangersinthenightmp3.mp3&#8243; title=&#8221;Strangers in the night&#8221; admin_label=&#8221;Strangers in the night&#8221; _builder_version=&#8221;4.16&#8243; title_font=&#8221;|600|||||||&#8221; title_font_size=&#8221;28px&#8221; background_color=&#8221;rgba(0,0,0,0.96)&#8221; background_image=&#8221;https:\/\/musiciensalacarte.com\/wp-content\/uploads\/2019\/05\/Trio-jazz-sax-piano-contrebasse225.jpg&#8221; background_blend=&#8221;overlay&#8221; custom_padding=&#8221;50px|20px|50px|20px|true|true&#8221; border_radii=&#8221;on|10px|10px|10px|10px&#8221; global_colors_info=&#8221;{}&#8221;][\/et_pb_audio][\/et_pb_column][\/et_pb_row][et_pb_row _builder_version=&#8221;4.27.3&#8243; custom_padding=&#8221;||10px||false|false&#8221; global_colors_info=&#8221;{}&#8221;][et_pb_column type=&#8221;4_4&#8243; _builder_version=&#8221;4.16&#8243; custom_padding=&#8221;|||&#8221; global_colors_info=&#8221;{}&#8221; custom_padding__hover=&#8221;|||&#8221;][et_pb_text admin_label=&#8221;Duo&#8221; _builder_version=&#8221;4.27.3&#8243; header_font=&#8221;||||||||&#8221; header_2_font=&#8221;|700|||||||&#8221; header_2_text_color=&#8221;#000000&#8243; header_2_font_size=&#8221;38px&#8221; text_orientation=&#8221;center&#8221; global_colors_info=&#8221;{}&#8221;]<\/p>\n<h2>Jazz Duet<\/h2>\n<p>[\/et_pb_text][\/et_pb_column][\/et_pb_row][et_pb_row column_structure=&#8221;1_4,1_4,1_4,1_4&#8243; use_custom_gutter=&#8221;on&#8221; gutter_width=&#8221;2&#8243; _builder_version=&#8221;4.27.3&#8243; global_colors_info=&#8221;{}&#8221;][et_pb_column type=&#8221;1_4&#8243; _builder_version=&#8221;4.16&#8243; custom_padding=&#8221;|||&#8221; global_colors_info=&#8221;{}&#8221; custom_padding__hover=&#8221;|||&#8221;][et_pb_text admin_label=&#8221;Piano &#038; upright bass&#8221; _builder_version=&#8221;4.27.3&#8243; header_font=&#8221;||||||||&#8221; header_2_font=&#8221;|700|||||||&#8221; header_2_text_color=&#8221;#000000&#8243; header_2_font_size=&#8221;38px&#8221; header_3_font=&#8221;|700|||||||&#8221; header_3_font_size=&#8221;24px&#8221; text_orientation=&#8221;center&#8221; global_colors_info=&#8221;{}&#8221;]<\/p>\n<h3>Piano &amp; upright bass<\/h3>\n<p>[\/et_pb_text][et_pb_audio audio=&#8221;https:\/\/musiciensalacarte.com\/wp-content\/uploads\/2019\/04\/Myoneandonlyloveduopianoetcontrebasse.mp3&#8243; title=&#8221;My one and only love&#8221; admin_label=&#8221;My one and only love&#8221; _builder_version=&#8221;4.27.3&#8243; title_font=&#8221;|600|||||||&#8221; title_font_size=&#8221;28px&#8221; background_color=&#8221;rgba(0,0,0,0.96)&#8221; background_image=&#8221;https:\/\/musiciensalacarte.com\/wp-content\/uploads\/2019\/05\/Trio-jazz-sax-piano-contrebasse225.jpg&#8221; background_blend=&#8221;overlay&#8221; min_height=&#8221;270px&#8221; custom_padding=&#8221;50px|20px|50px|20px|true|true&#8221; border_radii=&#8221;on|10px|10px|10px|10px&#8221; global_colors_info=&#8221;{}&#8221;][\/et_pb_audio][\/et_pb_column][et_pb_column type=&#8221;1_4&#8243; _builder_version=&#8221;4.16&#8243; custom_padding=&#8221;|||&#8221; global_colors_info=&#8221;{}&#8221; custom_padding__hover=&#8221;|||&#8221;][et_pb_text admin_label=&#8221;Piano &#038; upright bass&#8221; _builder_version=&#8221;4.27.3&#8243; header_font=&#8221;||||||||&#8221; header_2_font=&#8221;|700|||||||&#8221; header_2_text_color=&#8221;#000000&#8243; header_2_font_size=&#8221;38px&#8221; header_3_font=&#8221;|700|||||||&#8221; header_3_font_size=&#8221;24px&#8221; text_orientation=&#8221;center&#8221; global_colors_info=&#8221;{}&#8221;]<\/p>\n<h3>Piano &amp; upright bass<\/h3>\n<p>[\/et_pb_text][et_pb_audio audio=&#8221;https:\/\/musiciensalacarte.com\/wp-content\/uploads\/2019\/04\/New-york-New-york.mp3&#8243; title=&#8221;New York New York&#8221; admin_label=&#8221;New York New York&#8221; _builder_version=&#8221;4.16&#8243; title_font=&#8221;|600|||||||&#8221; title_font_size=&#8221;28px&#8221; background_color=&#8221;rgba(0,0,0,0.96)&#8221; background_image=&#8221;https:\/\/musiciensalacarte.com\/wp-content\/uploads\/2019\/05\/Trio-jazz-sax-piano-contrebasse225.jpg&#8221; background_blend=&#8221;overlay&#8221; min_height=&#8221;270px&#8221; custom_padding=&#8221;50px|20px|50px|20px|true|true&#8221; border_radii=&#8221;on|10px|10px|10px|10px&#8221; global_colors_info=&#8221;{}&#8221;][\/et_pb_audio][\/et_pb_column][et_pb_column type=&#8221;1_4&#8243; _builder_version=&#8221;4.16&#8243; custom_padding=&#8221;|||&#8221; global_colors_info=&#8221;{}&#8221; custom_padding__hover=&#8221;|||&#8221;][et_pb_text admin_label=&#8221;Piano &#038; upright bass&#8221; _builder_version=&#8221;4.27.3&#8243; header_font=&#8221;||||||||&#8221; header_2_font=&#8221;|700|||||||&#8221; header_2_text_color=&#8221;#000000&#8243; header_2_font_size=&#8221;38px&#8221; header_3_font=&#8221;|700|||||||&#8221; header_3_font_size=&#8221;24px&#8221; text_orientation=&#8221;center&#8221; global_colors_info=&#8221;{}&#8221;]<\/p>\n<h3>Piano &amp; upright bass<\/h3>\n<p>[\/et_pb_text][et_pb_audio audio=&#8221;https:\/\/musiciensalacarte.com\/wp-content\/uploads\/2019\/04\/mistyduo.mp3&#8243; title=&#8221;Misty&#8221; admin_label=&#8221;Misty&#8221; _builder_version=&#8221;4.16&#8243; title_font=&#8221;|600|||||||&#8221; title_font_size=&#8221;28px&#8221; background_color=&#8221;rgba(0,0,0,0.96)&#8221; background_image=&#8221;https:\/\/musiciensalacarte.com\/wp-content\/uploads\/2019\/05\/Trio-jazz-sax-piano-contrebasse225.jpg&#8221; background_blend=&#8221;overlay&#8221; min_height=&#8221;270px&#8221; custom_padding=&#8221;50px|20px|50px|20px|true|true&#8221; border_radii=&#8221;on|10px|10px|10px|10px&#8221; global_colors_info=&#8221;{}&#8221;][\/et_pb_audio][\/et_pb_column][et_pb_column type=&#8221;1_4&#8243; _builder_version=&#8221;4.16&#8243; custom_padding=&#8221;|||&#8221; global_colors_info=&#8221;{}&#8221; custom_padding__hover=&#8221;|||&#8221;][et_pb_text admin_label=&#8221;Piano &#038; upright bass&#8221; _builder_version=&#8221;4.27.3&#8243; header_font=&#8221;||||||||&#8221; header_2_font=&#8221;|700|||||||&#8221; header_2_text_color=&#8221;#000000&#8243; header_2_font_size=&#8221;38px&#8221; header_3_font=&#8221;|700|||||||&#8221; header_3_font_size=&#8221;24px&#8221; text_orientation=&#8221;center&#8221; global_colors_info=&#8221;{}&#8221;]<\/p>\n<h3>Piano &amp; upright bass<\/h3>\n<p>[\/et_pb_text][et_pb_audio audio=&#8221;https:\/\/musiciensalacarte.com\/wp-content\/uploads\/2019\/04\/Autumnleavesduopianoetcontrebasse.mp3&#8243; title=&#8221;Autumn leaves \/ Les feuilles mortes&#8221; admin_label=&#8221;Autumn leaves \/ Les feuilles mortes&#8221; _builder_version=&#8221;4.16&#8243; title_font=&#8221;|600|||||||&#8221; title_font_size=&#8221;28px&#8221; background_color=&#8221;rgba(0,0,0,0.96)&#8221; background_image=&#8221;https:\/\/musiciensalacarte.com\/wp-content\/uploads\/2019\/05\/Trio-jazz-sax-piano-contrebasse225.jpg&#8221; background_blend=&#8221;overlay&#8221; min_height=&#8221;270px&#8221; custom_padding=&#8221;50px|20px|50px|20px|true|true&#8221; border_radii=&#8221;on|10px|10px|10px|10px&#8221; global_colors_info=&#8221;{}&#8221;][\/et_pb_audio][\/et_pb_column][\/et_pb_row][et_pb_row column_structure=&#8221;1_3,1_3,1_3&#8243; use_custom_gutter=&#8221;on&#8221; gutter_width=&#8221;2&#8243; _builder_version=&#8221;4.27.3&#8243; global_colors_info=&#8221;{}&#8221;][et_pb_column type=&#8221;1_3&#8243; _builder_version=&#8221;4.16&#8243; custom_padding=&#8221;|||&#8221; global_colors_info=&#8221;{}&#8221; custom_padding__hover=&#8221;|||&#8221;][et_pb_text admin_label=&#8221;Guitare et contrebasse&#8221; _builder_version=&#8221;4.27.3&#8243; header_font=&#8221;||||||||&#8221; header_2_font=&#8221;|700|||||||&#8221; header_2_text_color=&#8221;#000000&#8243; header_2_font_size=&#8221;38px&#8221; header_3_font=&#8221;|700|||||||&#8221; header_3_font_size=&#8221;24px&#8221; text_orientation=&#8221;center&#8221; global_colors_info=&#8221;{}&#8221;]<\/p>\n<h3>Guitar &amp; upright bass<\/h3>\n<p>[\/et_pb_text][et_pb_audio audio=&#8221;https:\/\/musiciensalacarte.com\/wp-content\/uploads\/2019\/04\/Michelle.mp3&#8243; title=&#8221;Michelle&#8221; admin_label=&#8221;Michelle&#8221; _builder_version=&#8221;4.27.3&#8243; title_font=&#8221;|600|||||||&#8221; title_font_size=&#8221;28px&#8221; background_color=&#8221;rgba(0,0,0,0.96)&#8221; background_image=&#8221;https:\/\/musiciensalacarte.com\/wp-content\/uploads\/2019\/05\/Trio-jazz-sax-piano-contrebasse225.jpg&#8221; background_blend=&#8221;overlay&#8221; custom_padding=&#8221;50px|20px|50px|20px|true|true&#8221; custom_css_audio_title=&#8221;padding-bottom: 32px&#8221; border_radii=&#8221;on|10px|10px|10px|10px&#8221; global_colors_info=&#8221;{}&#8221;][\/et_pb_audio][\/et_pb_column][et_pb_column type=&#8221;1_3&#8243; _builder_version=&#8221;4.16&#8243; custom_padding=&#8221;|||&#8221; global_colors_info=&#8221;{}&#8221; custom_padding__hover=&#8221;|||&#8221;][\/et_pb_column][et_pb_column type=&#8221;1_3&#8243; _builder_version=&#8221;4.16&#8243; custom_padding=&#8221;|||&#8221; global_colors_info=&#8221;{}&#8221; custom_padding__hover=&#8221;|||&#8221;][\/et_pb_column][\/et_pb_row][et_pb_row _builder_version=&#8221;4.27.3&#8243; custom_padding=&#8221;||10px||false|false&#8221; global_colors_info=&#8221;{}&#8221;][et_pb_column type=&#8221;4_4&#8243; _builder_version=&#8221;4.16&#8243; custom_padding=&#8221;|||&#8221; global_colors_info=&#8221;{}&#8221; custom_padding__hover=&#8221;|||&#8221;][et_pb_text admin_label=&#8221;Trio&#8221; _builder_version=&#8221;4.16&#8243; header_font=&#8221;||||||||&#8221; header_2_font=&#8221;|700|||||||&#8221; header_2_text_color=&#8221;#000000&#8243; header_2_font_size=&#8221;38px&#8221; text_orientation=&#8221;center&#8221; global_colors_info=&#8221;{}&#8221;]<\/p>\n<h2>Jazz Trio<\/h2>\n<p>[\/et_pb_text][\/et_pb_column][\/et_pb_row][et_pb_row column_structure=&#8221;1_3,1_3,1_3&#8243; use_custom_gutter=&#8221;on&#8221; gutter_width=&#8221;2&#8243; _builder_version=&#8221;4.27.3&#8243; global_colors_info=&#8221;{}&#8221;][et_pb_column type=&#8221;1_3&#8243; _builder_version=&#8221;4.16&#8243; custom_padding=&#8221;|||&#8221; global_colors_info=&#8221;{}&#8221; custom_padding__hover=&#8221;|||&#8221;][et_pb_text admin_label=&#8221;Piano, contrebasse et saxophone&#8221; _builder_version=&#8221;4.16&#8243; header_font=&#8221;||||||||&#8221; header_2_font=&#8221;|700|||||||&#8221; header_2_text_color=&#8221;#000000&#8243; header_2_font_size=&#8221;38px&#8221; header_3_font=&#8221;|700|||||||&#8221; header_3_font_size=&#8221;24px&#8221; text_orientation=&#8221;center&#8221; global_colors_info=&#8221;{}&#8221;]<\/p>\n<h3>Piano, upright bass &amp; saxophone<\/h3>\n<p>[\/et_pb_text][et_pb_audio audio=&#8221;https:\/\/musiciensalacarte.com\/wp-content\/uploads\/2019\/04\/AstimegoesbyTriopianocontresax2010.mp3&#8243; title=&#8221;As time goes by&#8221; admin_label=&#8221;As time goes by&#8221; _builder_version=&#8221;4.16&#8243; title_font=&#8221;|600|||||||&#8221; title_font_size=&#8221;28px&#8221; background_color=&#8221;rgba(0,0,0,0.96)&#8221; background_image=&#8221;https:\/\/musiciensalacarte.com\/wp-content\/uploads\/2019\/05\/Trio-jazz-sax-piano-contrebasse225.jpg&#8221; background_blend=&#8221;overlay&#8221; custom_padding=&#8221;50px|20px|50px|20px|true|true&#8221; border_radii=&#8221;on|10px|10px|10px|10px&#8221; global_colors_info=&#8221;{}&#8221;][\/et_pb_audio][\/et_pb_column][et_pb_column type=&#8221;1_3&#8243; _builder_version=&#8221;4.16&#8243; global_colors_info=&#8221;{}&#8221;][et_pb_text admin_label=&#8221;Piano, contrebasse et saxophone&#8221; _builder_version=&#8221;4.16&#8243; header_font=&#8221;||||||||&#8221; header_2_font=&#8221;|700|||||||&#8221; header_2_text_color=&#8221;#000000&#8243; header_2_font_size=&#8221;38px&#8221; header_3_font=&#8221;|700|||||||&#8221; header_3_font_size=&#8221;24px&#8221; text_orientation=&#8221;center&#8221; global_colors_info=&#8221;{}&#8221;]<\/p>\n<h3>Piano, upright bass &amp; saxophone<\/h3>\n<p>[\/et_pb_text][et_pb_audio audio=&#8221;https:\/\/musiciensalacarte.com\/wp-content\/uploads\/2019\/04\/Ithadtobeyou2010triosax.mp3&#8243; title=&#8221;It had to be you&#8221; admin_label=&#8221;It had to be you&#8221; _builder_version=&#8221;4.16&#8243; title_font=&#8221;|600|||||||&#8221; title_font_size=&#8221;28px&#8221; background_color=&#8221;rgba(0,0,0,0.96)&#8221; background_image=&#8221;https:\/\/musiciensalacarte.com\/wp-content\/uploads\/2019\/05\/Trio-jazz-sax-piano-contrebasse225.jpg&#8221; background_blend=&#8221;overlay&#8221; custom_padding=&#8221;50px|20px|50px|20px|true|true&#8221; border_radii=&#8221;on|10px|10px|10px|10px&#8221; global_colors_info=&#8221;{}&#8221;][\/et_pb_audio][\/et_pb_column][et_pb_column type=&#8221;1_3&#8243; _builder_version=&#8221;4.27.3&#8243; custom_padding=&#8221;|||&#8221; global_colors_info=&#8221;{}&#8221; custom_padding__hover=&#8221;|||&#8221;][et_pb_text admin_label=&#8221;Piano, contrebasse et batterie&#8221; _builder_version=&#8221;4.27.3&#8243; header_font=&#8221;||||||||&#8221; header_2_font=&#8221;|700|||||||&#8221; header_2_text_color=&#8221;#000000&#8243; header_2_font_size=&#8221;38px&#8221; header_3_font=&#8221;|700|||||||&#8221; header_3_font_size=&#8221;24px&#8221; text_orientation=&#8221;center&#8221; global_colors_info=&#8221;{}&#8221;]<\/p>\n<h3>Piano, upright bass &amp; Drums<\/h3>\n<p>[\/et_pb_text][et_pb_audio audio=&#8221;https:\/\/musiciensalacarte.com\/wp-content\/uploads\/2019\/04\/GirlfromIpanematriopiano.mp3&#8243; title=&#8221;Girl From Ipanema&#8221; admin_label=&#8221;Girl From Ipanema&#8221; _builder_version=&#8221;4.16&#8243; title_font=&#8221;|600|||||||&#8221; title_font_size=&#8221;28px&#8221; background_color=&#8221;rgba(0,0,0,0.96)&#8221; background_image=&#8221;https:\/\/musiciensalacarte.com\/wp-content\/uploads\/2019\/05\/Trio-jazz-sax-piano-contrebasse225.jpg&#8221; background_blend=&#8221;overlay&#8221; custom_padding=&#8221;50px|20px|50px|20px|true|true&#8221; border_radii=&#8221;on|10px|10px|10px|10px&#8221; global_colors_info=&#8221;{}&#8221;][\/et_pb_audio][\/et_pb_column][\/et_pb_row][et_pb_row _builder_version=&#8221;4.27.3&#8243; custom_padding=&#8221;||10px||false|false&#8221; global_colors_info=&#8221;{}&#8221;][et_pb_column type=&#8221;4_4&#8243; _builder_version=&#8221;4.16&#8243; custom_padding=&#8221;|||&#8221; global_colors_info=&#8221;{}&#8221; custom_padding__hover=&#8221;|||&#8221;][et_pb_text admin_label=&#8221;Quatuor&#8221; _builder_version=&#8221;4.16&#8243; header_font=&#8221;||||||||&#8221; header_2_font=&#8221;|700|||||||&#8221; header_2_text_color=&#8221;#000000&#8243; header_2_font_size=&#8221;38px&#8221; text_orientation=&#8221;center&#8221; global_colors_info=&#8221;{}&#8221;]<\/p>\n<h2>Jazz Quartet<\/h2>\n<p>[\/et_pb_text][\/et_pb_column][\/et_pb_row][et_pb_row column_structure=&#8221;1_3,1_3,1_3&#8243; use_custom_gutter=&#8221;on&#8221; gutter_width=&#8221;2&#8243; _builder_version=&#8221;4.27.3&#8243; global_colors_info=&#8221;{}&#8221;][et_pb_column type=&#8221;1_3&#8243; _builder_version=&#8221;4.16&#8243; custom_padding=&#8221;|||&#8221; global_colors_info=&#8221;{}&#8221; custom_padding__hover=&#8221;|||&#8221;][et_pb_text admin_label=&#8221;Piano, contrebasse, batterie et saxophone&#8221; _builder_version=&#8221;4.16&#8243; header_font=&#8221;||||||||&#8221; header_2_font=&#8221;|700|||||||&#8221; header_2_text_color=&#8221;#000000&#8243; header_2_font_size=&#8221;38px&#8221; header_3_font=&#8221;|700|||||||&#8221; header_3_font_size=&#8221;24px&#8221; text_orientation=&#8221;center&#8221; global_colors_info=&#8221;{}&#8221;]<\/p>\n<h3>Piano, upright bass, saxophone &amp; drums<\/h3>\n<p>[\/et_pb_text][et_pb_audio audio=&#8221;https:\/\/musiciensalacarte.com\/wp-content\/uploads\/2019\/04\/theycanttkethatawayfrommequatuorpianocontrebassesaxbatterie.mp3&#8243; title=&#8221;They can&#8217;t take that away from me&#8221; admin_label=&#8221;They can&#8217;t take that away from me&#8221; _builder_version=&#8221;4.16&#8243; title_font=&#8221;|600|||||||&#8221; title_font_size=&#8221;28px&#8221; background_color=&#8221;rgba(0,0,0,0.96)&#8221; background_image=&#8221;https:\/\/musiciensalacarte.com\/wp-content\/uploads\/2019\/05\/Trio-jazz-sax-piano-contrebasse225.jpg&#8221; background_blend=&#8221;overlay&#8221; custom_padding=&#8221;50px|20px|50px|20px|true|true&#8221; border_radii=&#8221;on|10px|10px|10px|10px&#8221; global_colors_info=&#8221;{}&#8221;][\/et_pb_audio][\/et_pb_column][et_pb_column type=&#8221;1_3&#8243; _builder_version=&#8221;4.16&#8243; custom_padding=&#8221;|||&#8221; global_colors_info=&#8221;{}&#8221; custom_padding__hover=&#8221;|||&#8221;][et_pb_text admin_label=&#8221;Piano, contrebasse, guitare et saxophone&#8221; _builder_version=&#8221;4.16&#8243; header_font=&#8221;||||||||&#8221; header_2_font=&#8221;|700|||||||&#8221; header_2_text_color=&#8221;#000000&#8243; header_2_font_size=&#8221;38px&#8221; header_3_font=&#8221;|700|||||||&#8221; header_3_font_size=&#8221;24px&#8221; text_orientation=&#8221;center&#8221; global_colors_info=&#8221;{}&#8221;]<\/p>\n<h3>Piano, upright bass, guitar &amp; saxophone<\/h3>\n<p>[\/et_pb_text][et_pb_audio audio=&#8221;https:\/\/musiciensalacarte.com\/wp-content\/uploads\/2019\/04\/mistysax.mp3&#8243; title=&#8221;Misty&#8221; admin_label=&#8221;Misty&#8221; _builder_version=&#8221;4.16&#8243; title_font=&#8221;|600|||||||&#8221; title_font_size=&#8221;28px&#8221; background_color=&#8221;rgba(0,0,0,0.96)&#8221; background_image=&#8221;https:\/\/musiciensalacarte.com\/wp-content\/uploads\/2019\/05\/Trio-jazz-sax-piano-contrebasse225.jpg&#8221; background_blend=&#8221;overlay&#8221; custom_padding=&#8221;50px|20px|50px|20px|true|true&#8221; custom_css_audio_title=&#8221;padding-bottom: 32px&#8221; border_radii=&#8221;on|10px|10px|10px|10px&#8221; global_colors_info=&#8221;{}&#8221;][\/et_pb_audio][\/et_pb_column][et_pb_column type=&#8221;1_3&#8243; _builder_version=&#8221;4.16&#8243; custom_padding=&#8221;|||&#8221; global_colors_info=&#8221;{}&#8221; custom_padding__hover=&#8221;|||&#8221;][et_pb_text admin_label=&#8221;Piano, contrebasse, guitare et saxophone&#8221; _builder_version=&#8221;4.16&#8243; header_font=&#8221;||||||||&#8221; header_2_font=&#8221;|700|||||||&#8221; header_2_text_color=&#8221;#000000&#8243; header_2_font_size=&#8221;38px&#8221; header_3_font=&#8221;|700|||||||&#8221; header_3_font_size=&#8221;24px&#8221; text_orientation=&#8221;center&#8221; global_colors_info=&#8221;{}&#8221;]<\/p>\n<h3>Piano, upright bass, guitar &amp; saxophone<\/h3>\n<p>[\/et_pb_text][et_pb_audio audio=&#8221;https:\/\/musiciensalacarte.com\/wp-content\/uploads\/2019\/04\/Fly-me-to-the-moon-sax.mp3&#8243; title=&#8221;Fly me to the moon&#8221; admin_label=&#8221;Fly me to the moon&#8221; _builder_version=&#8221;4.16&#8243; title_font=&#8221;|600|||||||&#8221; title_font_size=&#8221;28px&#8221; background_color=&#8221;rgba(0,0,0,0.96)&#8221; background_image=&#8221;https:\/\/musiciensalacarte.com\/wp-content\/uploads\/2019\/05\/Trio-jazz-sax-piano-contrebasse225.jpg&#8221; background_blend=&#8221;overlay&#8221; custom_padding=&#8221;50px|20px|50px|20px|true|true&#8221; custom_css_audio_title=&#8221;padding-bottom: 32px&#8221; border_radii=&#8221;on|10px|10px|10px|10px&#8221; global_colors_info=&#8221;{}&#8221;][\/et_pb_audio][\/et_pb_column][\/et_pb_row][\/et_pb_section][et_pb_section fb_built=&#8221;1&#8243; _builder_version=&#8221;4.16&#8243; background_color=&#8221;rgba(222,213,196,0.05)&#8221; custom_padding=&#8221;50px||||false|false&#8221; locked=&#8221;off&#8221; global_colors_info=&#8221;{}&#8221;][et_pb_row _builder_version=&#8221;4.16&#8243; global_colors_info=&#8221;{}&#8221;][et_pb_column type=&#8221;4_4&#8243; _builder_version=&#8221;4.16&#8243; custom_padding=&#8221;|||&#8221; global_colors_info=&#8221;{}&#8221; custom_padding__hover=&#8221;|||&#8221;][et_pb_text _builder_version=&#8221;4.27.3&#8243; _module_preset=&#8221;default&#8221; text_text_color=&#8221;gcid-heading-color&#8221; text_font_size=&#8221;18px&#8221; header_2_font_size=&#8221;54px&#8221; header_4_text_align=&#8221;center&#8221; custom_margin=&#8221;||1px||false|false&#8221; locked=&#8221;off&#8221; global_colors_info=&#8221;{%22gcid-heading-color%22:%91%22text_text_color%22%93}&#8221;]<\/p>\n<h4>Make your gala unforgettable<\/h4>\n<p>[\/et_pb_text][et_pb_text _builder_version=&#8221;4.27.3&#8243; header_2_font=&#8221;|600|||||||&#8221; header_2_text_align=&#8221;center&#8221; header_2_text_color=&#8221;#000000&#8243; header_2_font_size=&#8221;60px&#8221; module_alignment=&#8221;center&#8221; custom_margin=&#8221;||10px||false|false&#8221; header_2_font_size_tablet=&#8221;60px&#8221; header_2_font_size_phone=&#8221;36px&#8221; header_2_font_size_last_edited=&#8221;on|phone&#8221; global_colors_info=&#8221;{}&#8221;]<\/p>\n<h2>Our professional musicians create a seamless, elegant atmosphere, ensuring a night of celebration and success.<\/h2>\n<p>[\/et_pb_text][\/et_pb_column][\/et_pb_row][et_pb_row _builder_version=&#8221;4.27.3&#8243; _module_preset=&#8221;default&#8221; global_colors_info=&#8221;{}&#8221;][et_pb_column type=&#8221;4_4&#8243; _builder_version=&#8221;4.27.3&#8243; _module_preset=&#8221;default&#8221; global_colors_info=&#8221;{}&#8221;][et_pb_button button_url=&#8221;https:\/\/musiciensalacarte.com\/en\/contact\/&#8221; button_text=&#8221;Contact Us&#8221; button_alignment=&#8221;center&#8221; admin_label=&#8221;Button&#8221; _builder_version=&#8221;4.27.3&#8243; custom_button=&#8221;on&#8221; button_text_size=&#8221;18px&#8221; button_text_color=&#8221;#FFFFFF&#8221; button_bg_color=&#8221;gcid-heading-color&#8221; button_border_radius=&#8221;50px&#8221; button_font=&#8221;&#8211;et_global_body_font||||||||&#8221; button_icon=&#8221;&#x24;||divi||400&#8243; button_icon_color=&#8221;#FFFFFF&#8221; button_on_hover=&#8221;off&#8221; custom_padding=&#8221;12px|65px|12px|45px|true|false&#8221; global_colors_info=&#8221;{%22gcid-heading-color%22:%91%22button_bg_color%22,%22button_bg_color%22%93,%22gcid-ea78e90f-549e-4c28-afe4-82fd44b5c529%22:%91%22button_bg_color__hover%22,%22button_border_color__hover%22%93}&#8221; button_bg_color__hover=&#8221;#000000&#8243; button_bg_color__hover_enabled=&#8221;on|hover&#8221; button_border_color__hover=&#8221;#000000&#8243; button_border_color__hover_enabled=&#8221;on|hover&#8221;][\/et_pb_button][\/et_pb_column][\/et_pb_row][\/et_pb_section][et_pb_section fb_built=&#8221;1&#8243; custom_padding_last_edited=&#8221;on|phone&#8221; _builder_version=&#8221;4.27.3&#8243; _module_preset=&#8221;default&#8221; custom_padding_tablet=&#8221;&#8221; custom_padding_phone=&#8221;60px||||false|false&#8221; locked=&#8221;off&#8221; global_colors_info=&#8221;{}&#8221;][et_pb_row column_structure=&#8221;1_2,1_2&#8243; make_equal=&#8221;on&#8221; _builder_version=&#8221;4.27.3&#8243; _module_preset=&#8221;default&#8221; custom_css_main_element=&#8221;align-items:center;&#8221; global_colors_info=&#8221;{}&#8221;][et_pb_column type=&#8221;1_2&#8243; _builder_version=&#8221;4.27.3&#8243; _module_preset=&#8221;default&#8221; global_colors_info=&#8221;{}&#8221;][et_pb_image src=&#8221;https:\/\/musiciensalacarte.com\/wp-content\/uploads\/2024\/11\/Isabelle-Janes-pianiste-scaled.jpg&#8221; title_text=&#8221;Isabelle Janes pianiste&#8221; _builder_version=&#8221;4.27.3&#8243; _module_preset=&#8221;default&#8221; max_width=&#8221;480px&#8221; module_alignment=&#8221;center&#8221; border_radii=&#8221;on|15px|15px|15px|15px&#8221; box_shadow_style=&#8221;preset4&#8243; box_shadow_horizontal=&#8221;20px&#8221; box_shadow_vertical=&#8221;-20px&#8221; box_shadow_color=&#8221;rgba(153,125,71,0.32)&#8221; global_colors_info=&#8221;{}&#8221;][\/et_pb_image][\/et_pb_column][et_pb_column type=&#8221;1_2&#8243; _builder_version=&#8221;4.27.3&#8243; _module_preset=&#8221;default&#8221; global_colors_info=&#8221;{}&#8221;][et_pb_text _builder_version=&#8221;4.27.3&#8243; _module_preset=&#8221;default&#8221; text_text_color=&#8221;gcid-heading-color&#8221; text_font_size=&#8221;18px&#8221; header_2_font_size=&#8221;54px&#8221; custom_margin=&#8221;||1px||false|false&#8221; global_colors_info=&#8221;{%22gcid-heading-color%22:%91%22text_text_color%22%93}&#8221;]<\/p>\n<h4>Testimonial<\/h4>\n<p>[\/et_pb_text][et_pb_text _builder_version=&#8221;4.27.3&#8243; _module_preset=&#8221;default&#8221; header_2_font=&#8221;|600|||||||&#8221; header_2_text_color=&#8221;#000000&#8243; header_2_font_size=&#8221;60px&#8221; custom_margin=&#8221;||10px||false|false&#8221; header_2_font_size_tablet=&#8221;60px&#8221; header_2_font_size_phone=&#8221;36px&#8221; header_2_font_size_last_edited=&#8221;on|phone&#8221; global_colors_info=&#8221;{}&#8221;]<\/p>\n<h2>What Our Clients Say<\/h2>\n<p>[\/et_pb_text][et_pb_image src=&#8221;https:\/\/musiciensalacarte.com\/wp-content\/uploads\/2024\/11\/5star-rating.png&#8221; title_text=&#8221;5star-rating&#8221; _builder_version=&#8221;4.27.3&#8243; _module_preset=&#8221;default&#8221; global_colors_info=&#8221;{}&#8221;][\/et_pb_image][et_pb_text _builder_version=&#8221;4.27.3&#8243; _module_preset=&#8221;default&#8221; text_letter_spacing=&#8221;0.3px&#8221; text_line_height=&#8221;1.75em&#8221; global_colors_info=&#8221;{}&#8221;]&#8221;Bonjour Mme Janes, Tout \u00e9tait sinc\u00e8rement parfait. Excellents musiciens et ils ont cr\u00e9\u00e9 exactement l&#8217;ambiance d\u00e9sir\u00e9e. Merci beaucoup!&#8221;[\/et_pb_text][et_pb_text _builder_version=&#8221;4.27.3&#8243; _module_preset=&#8221;default&#8221; text_text_color=&#8221;gcid-heading-color&#8221; text_font_size=&#8221;18px&#8221; header_2_font_size=&#8221;54px&#8221; custom_margin=&#8221;||1px||false|false&#8221; global_colors_info=&#8221;{%22gcid-heading-color%22:%91%22text_text_color%22%93}&#8221;]<\/p>\n<h4>Mathieu Sylvestre<\/h4>\n<p>[\/et_pb_text][et_pb_text _builder_version=&#8221;4.27.3&#8243; _module_preset=&#8221;default&#8221; text_letter_spacing=&#8221;0.3px&#8221; text_line_height=&#8221;1.75em&#8221; global_colors_info=&#8221;{}&#8221;] Sylvestre vins et spiritueux[\/et_pb_text][\/et_pb_column][\/et_pb_row][\/et_pb_section][et_pb_section fb_built=&#8221;1&#8243; custom_padding_last_edited=&#8221;on|desktop&#8221; disabled_on=&#8221;off|on|on&#8221; admin_label=&#8221;Inside Page Header Mobile&#8221; module_class=&#8221;services2&#8243; _builder_version=&#8221;4.27.3&#8243; _module_preset=&#8221;default&#8221; custom_padding=&#8221;20px||||false|false&#8221; custom_padding_tablet=&#8221;||||false|false&#8221; custom_padding_phone=&#8221;||60px||false|false&#8221; global_module=&#8221;4583&#8243; saved_tabs=&#8221;all&#8221; locked=&#8221;off&#8221; global_colors_info=&#8221;{}&#8221;][et_pb_row _builder_version=&#8221;4.27.3&#8243; _module_preset=&#8221;default&#8221; custom_padding=&#8221;||40px||false|false&#8221; global_colors_info=&#8221;{}&#8221;][et_pb_column type=&#8221;4_4&#8243; _builder_version=&#8221;4.27.3&#8243; _module_preset=&#8221;default&#8221; global_colors_info=&#8221;{}&#8221;][et_pb_text _builder_version=&#8221;4.27.3&#8243; _module_preset=&#8221;default&#8221; header_2_text_align=&#8221;center&#8221; global_colors_info=&#8221;{}&#8221;]<\/p>\n<h2>Explore More Services<\/h2>\n<p>[\/et_pb_text][\/et_pb_column][\/et_pb_row][et_pb_row column_structure=&#8221;1_4,1_4,1_4,1_4&#8243; use_custom_gutter=&#8221;on&#8221; gutter_width=&#8221;2&#8243; make_equal=&#8221;on&#8221; _builder_version=&#8221;4.27.3&#8243; _module_preset=&#8221;default&#8221; width=&#8221;90%&#8221; custom_margin=&#8221;||||false|false&#8221; custom_margin_tablet=&#8221;-70px||||false|false&#8221; custom_margin_last_edited=&#8221;off|phone&#8221; custom_padding=&#8221;||||false|false&#8221; global_colors_info=&#8221;{}&#8221;][et_pb_column type=&#8221;1_4&#8243; _builder_version=&#8221;4.27.3&#8243; _module_preset=&#8221;default&#8221; background_color=&#8221;#FFFFFF&#8221; custom_padding=&#8221;||20px||false|false&#8221; border_radii=&#8221;on|10px|10px|10px|10px&#8221; border_width_all=&#8221;2px&#8221; border_color_all=&#8221;rgba(153,125,71,0.32)&#8221; box_shadow_style=&#8221;preset4&#8243; box_shadow_horizontal=&#8221;15px&#8221; box_shadow_vertical=&#8221;-15px&#8221; box_shadow_color=&#8221;rgba(153,125,71,0.32)&#8221; global_colors_info=&#8221;{}&#8221;][et_pb_blurb title=&#8221;Jazz Trio&#8221; image=&#8221;https:\/\/musiciensalacarte.com\/wp-content\/uploads\/2024\/11\/Jazz-Trio-img.jpg&#8221; content_max_width=&#8221;100%&#8221; admin_label=&#8221;Blurb&#8221; _builder_version=&#8221;4.27.3&#8243; _dynamic_attributes=&#8221;link_option_url&#8221; _module_preset=&#8221;default&#8221; header_font=&#8221;|700|||||||&#8221; header_text_color=&#8221;gcid-heading-color&#8221; header_font_size=&#8221;26px&#8221; body_font=&#8221;||||||||&#8221; body_text_color=&#8221;#000000&#8243; body_font_size=&#8221;15px&#8221; body_letter_spacing=&#8221;0.5px&#8221; background_color=&#8221;RGBA(255,255,255,0)&#8221; link_option_url=&#8221;@ET-DC@eyJkeW5hbWljIjp0cnVlLCJjb250ZW50IjoicG9zdF9saW5rX3VybF9wYWdlIiwic2V0dGluZ3MiOnsicG9zdF9pZCI6IjIyMTIifX0=@&#8221; global_colors_info=&#8221;{%22gcid-heading-color%22:%91%22header_text_color%22%93}&#8221;]<\/p>\n<p>We will create the proper, elegant atmosphere while allowing your guests to chat comfortably.<\/p>\n<p>[\/et_pb_blurb][\/et_pb_column][et_pb_column type=&#8221;1_4&#8243; _builder_version=&#8221;4.27.3&#8243; _module_preset=&#8221;default&#8221; background_color=&#8221;#FFFFFF&#8221; custom_padding=&#8221;||20px||false|false&#8221; border_radii=&#8221;on|10px|10px|10px|10px&#8221; border_width_all=&#8221;2px&#8221; border_color_all=&#8221;rgba(153,125,71,0.32)&#8221; box_shadow_style=&#8221;preset4&#8243; box_shadow_horizontal=&#8221;15px&#8221; box_shadow_vertical=&#8221;-15px&#8221; box_shadow_color=&#8221;rgba(153,125,71,0.32)&#8221; global_colors_info=&#8221;{}&#8221;][et_pb_blurb title=&#8221;Corporate Events&#8221; image=&#8221;https:\/\/musiciensalacarte.com\/wp-content\/uploads\/2025\/01\/Corporate-events.jpg&#8221; content_max_width=&#8221;100%&#8221; _builder_version=&#8221;4.27.3&#8243; _dynamic_attributes=&#8221;link_option_url&#8221; _module_preset=&#8221;default&#8221; header_font=&#8221;|700|||||||&#8221; header_text_color=&#8221;#997d47&#8243; header_font_size=&#8221;26px&#8221; body_font=&#8221;||||||||&#8221; body_text_color=&#8221;#000000&#8243; body_font_size=&#8221;15px&#8221; body_letter_spacing=&#8221;0.5px&#8221; background_color=&#8221;RGBA(255,255,255,0)&#8221; link_option_url=&#8221;@ET-DC@eyJkeW5hbWljIjp0cnVlLCJjb250ZW50IjoicG9zdF9saW5rX3VybF9wYWdlIiwic2V0dGluZ3MiOnsicG9zdF9pZCI6IjIxNjQifX0=@&#8221; global_colors_info=&#8221;{%22gcid-heading-color%22:%91%22header_text_color%22,%22header_text_color%22%93}&#8221;]<\/p>\n<p>Dancing or background music. Crafting Memorable Events with Tailored Live Music for Every orporate Celebration!<\/p>\n<p>[\/et_pb_blurb][\/et_pb_column][et_pb_column type=&#8221;1_4&#8243; _builder_version=&#8221;4.27.3&#8243; _module_preset=&#8221;default&#8221; background_color=&#8221;#FFFFFF&#8221; custom_padding=&#8221;||20px||false|false&#8221; border_radii=&#8221;on|10px|10px|10px|10px&#8221; border_width_all=&#8221;2px&#8221; border_color_all=&#8221;rgba(153,125,71,0.32)&#8221; box_shadow_style=&#8221;preset4&#8243; box_shadow_horizontal=&#8221;15px&#8221; box_shadow_vertical=&#8221;-15px&#8221; box_shadow_color=&#8221;rgba(153,125,71,0.32)&#8221; global_colors_info=&#8221;{}&#8221;][et_pb_blurb title=&#8221;Private Events&#8221; image=&#8221;https:\/\/musiciensalacarte.com\/wp-content\/uploads\/2024\/11\/Private-Events-img.jpg&#8221; content_max_width=&#8221;100%&#8221; _builder_version=&#8221;4.27.3&#8243; _dynamic_attributes=&#8221;link_option_url&#8221; _module_preset=&#8221;default&#8221; header_font=&#8221;|700|||||||&#8221; header_text_color=&#8221;#997d47&#8243; header_font_size=&#8221;26px&#8221; body_font=&#8221;||||||||&#8221; body_text_color=&#8221;#000000&#8243; body_font_size=&#8221;15px&#8221; body_letter_spacing=&#8221;0.5px&#8221; background_color=&#8221;RGBA(255,255,255,0)&#8221; link_option_url=&#8221;@ET-DC@eyJkeW5hbWljIjp0cnVlLCJjb250ZW50IjoicG9zdF9saW5rX3VybF9wYWdlIiwic2V0dGluZ3MiOnsicG9zdF9pZCI6IjIxNjEifX0=@&#8221; global_colors_info=&#8221;{%22gcid-heading-color%22:%91%22header_text_color%22,%22header_text_color%22%93}&#8221;]<\/p>\n<p>Experience a unique moment&#8230;live music in your home! Delight your guests with our extensive repertoire. A concept that always impresses!<\/p>\n<p>[\/et_pb_blurb][\/et_pb_column][et_pb_column type=&#8221;1_4&#8243; _builder_version=&#8221;4.27.3&#8243; _module_preset=&#8221;default&#8221; background_color=&#8221;#FFFFFF&#8221; custom_padding=&#8221;||20px||false|false&#8221; border_radii=&#8221;on|10px|10px|10px|10px&#8221; border_width_all=&#8221;2px&#8221; border_color_all=&#8221;rgba(153,125,71,0.32)&#8221; box_shadow_style=&#8221;preset4&#8243; box_shadow_horizontal=&#8221;15px&#8221; box_shadow_vertical=&#8221;-15px&#8221; box_shadow_color=&#8221;rgba(153,125,71,0.32)&#8221; global_colors_info=&#8221;{}&#8221;][et_pb_blurb title=&#8221;Funerals&#8221; image=&#8221;https:\/\/musiciensalacarte.com\/wp-content\/uploads\/2025\/01\/Funeral-musicians.jpg&#8221; content_max_width=&#8221;100%&#8221; _builder_version=&#8221;4.27.3&#8243; _dynamic_attributes=&#8221;link_option_url&#8221; _module_preset=&#8221;default&#8221; header_font=&#8221;|700|||||||&#8221; header_text_color=&#8221;#997d47&#8243; header_font_size=&#8221;26px&#8221; body_font=&#8221;||||||||&#8221; body_text_color=&#8221;#000000&#8243; body_font_size=&#8221;15px&#8221; body_letter_spacing=&#8221;0.5px&#8221; background_color=&#8221;RGBA(255,255,255,0)&#8221; link_option_url=&#8221;@ET-DC@eyJkeW5hbWljIjp0cnVlLCJjb250ZW50IjoicG9zdF9saW5rX3VybF9wYWdlIiwic2V0dGluZ3MiOnsicG9zdF9pZCI6IjIxNTQifX0=@&#8221; global_colors_info=&#8221;{%22gcid-heading-color%22:%91%22header_text_color%22,%22header_text_color%22%93}&#8221;]<\/p>\n<p>We are the reference in Quebec for the musical aspect of funerals. Whether at the church or the funeral home, our teams are here for you.<\/p>\n<p>[\/et_pb_blurb][\/et_pb_column][\/et_pb_row][\/et_pb_section]<\/p>\n","protected":false},"excerpt":{"rendered":"<p>A Red Carpet Gala ExperienceMake your gala unforgettable with live music that enhances every moment, from guest arrivals to award presentations. Our professional musicians create a seamless, elegant atmosphere, ensuring a night of celebration and success.We will create the proper, elegant atmosphere while allowing your guests to chat comfortably.Dancing or background music. Crafting Memorable Events [&hellip;]<\/p>\n","protected":false},"author":2,"featured_media":0,"parent":0,"menu_order":0,"comment_status":"closed","ping_status":"closed","template":"","meta":{"_et_pb_use_builder":"on","_et_pb_old_content":"","_et_gb_content_width":"","footnotes":""},"class_list":["post-2139","page","type-page","status-publish","hentry"],"yoast_head":"<!-- This site is optimized with the Yoast SEO plugin v26.6 - https:\/\/yoast.com\/wordpress\/plugins\/seo\/ -->\n<title>Gala - Musiciens \u00e0 la carte<\/title>\n<meta name=\"robots\" content=\"index, follow, max-snippet:-1, max-image-preview:large, max-video-preview:-1\" \/>\n<link rel=\"canonical\" href=\"https:\/\/musiciensalacarte.com\/en\/gala\/\" \/>\n<meta property=\"og:locale\" content=\"en_US\" \/>\n<meta property=\"og:type\" content=\"article\" \/>\n<meta property=\"og:title\" content=\"Gala - Musiciens \u00e0 la carte\" \/>\n<meta property=\"og:description\" content=\"A Red Carpet Gala ExperienceMake your gala unforgettable with live music that enhances every moment, from guest arrivals to award presentations. Our professional musicians create a seamless, elegant atmosphere, ensuring a night of celebration and success.We will create the proper, elegant atmosphere while allowing your guests to chat comfortably.Dancing or background music. Crafting Memorable Events [&hellip;]\" \/>\n<meta property=\"og:url\" content=\"https:\/\/musiciensalacarte.com\/en\/gala\/\" \/>\n<meta property=\"og:site_name\" content=\"Musiciens \u00e0 la carte\" \/>\n<meta property=\"article:publisher\" content=\"https:\/\/www.facebook.com\/p\/Musiciens--la-carte-100035373021858\/?_rdr\" \/>\n<meta property=\"article:modified_time\" content=\"2025-02-05T17:30:24+00:00\" \/>\n<meta name=\"twitter:card\" content=\"summary_large_image\" \/>\n<meta name=\"twitter:label1\" content=\"Est. reading time\" \/>\n\t<meta name=\"twitter:data1\" content=\"25 minutes\" \/>\n<script type=\"application\/ld+json\" class=\"yoast-schema-graph\">{\"@context\":\"https:\/\/schema.org\",\"@graph\":[{\"@type\":\"WebPage\",\"@id\":\"https:\/\/musiciensalacarte.com\/en\/gala\/\",\"url\":\"https:\/\/musiciensalacarte.com\/en\/gala\/\",\"name\":\"Gala - Musiciens \u00e0 la carte\",\"isPartOf\":{\"@id\":\"https:\/\/musiciensalacarte.com\/#website\"},\"datePublished\":\"2019-04-26T15:59:00+00:00\",\"dateModified\":\"2025-02-05T17:30:24+00:00\",\"breadcrumb\":{\"@id\":\"https:\/\/musiciensalacarte.com\/en\/gala\/#breadcrumb\"},\"inLanguage\":\"en-US\",\"potentialAction\":[{\"@type\":\"ReadAction\",\"target\":[\"https:\/\/musiciensalacarte.com\/en\/gala\/\"]}]},{\"@type\":\"BreadcrumbList\",\"@id\":\"https:\/\/musiciensalacarte.com\/en\/gala\/#breadcrumb\",\"itemListElement\":[{\"@type\":\"ListItem\",\"position\":1,\"name\":\"Home\",\"item\":\"https:\/\/musiciensalacarte.com\/\"},{\"@type\":\"ListItem\",\"position\":2,\"name\":\"Gala\"}]},{\"@type\":\"WebSite\",\"@id\":\"https:\/\/musiciensalacarte.com\/#website\",\"url\":\"https:\/\/musiciensalacarte.com\/\",\"name\":\"Musiciens \u00e0 la carte\",\"description\":\"Productions Isabelle Janes inc.\",\"publisher\":{\"@id\":\"https:\/\/musiciensalacarte.com\/#organization\"},\"potentialAction\":[{\"@type\":\"SearchAction\",\"target\":{\"@type\":\"EntryPoint\",\"urlTemplate\":\"https:\/\/musiciensalacarte.com\/?s={search_term_string}\"},\"query-input\":{\"@type\":\"PropertyValueSpecification\",\"valueRequired\":true,\"valueName\":\"search_term_string\"}}],\"inLanguage\":\"en-US\"},{\"@type\":\"Organization\",\"@id\":\"https:\/\/musiciensalacarte.com\/#organization\",\"name\":\"Musiciens \u00e0 la Carte\",\"url\":\"https:\/\/musiciensalacarte.com\/\",\"logo\":{\"@type\":\"ImageObject\",\"inLanguage\":\"en-US\",\"@id\":\"https:\/\/musiciensalacarte.com\/#\/schema\/logo\/image\/\",\"url\":\"https:\/\/musiciensalacarte.com\/wp-content\/uploads\/2019\/03\/Musiciens-a-la-carte-Logo.png\",\"contentUrl\":\"https:\/\/musiciensalacarte.com\/wp-content\/uploads\/2019\/03\/Musiciens-a-la-carte-Logo.png\",\"width\":266,\"height\":120,\"caption\":\"Musiciens \u00e0 la Carte\"},\"image\":{\"@id\":\"https:\/\/musiciensalacarte.com\/#\/schema\/logo\/image\/\"},\"sameAs\":[\"https:\/\/www.facebook.com\/p\/Musiciens--la-carte-100035373021858\/?_rdr\"]}]}<\/script>\n<!-- \/ Yoast SEO plugin. -->","yoast_head_json":{"title":"Gala - Musiciens \u00e0 la carte","robots":{"index":"index","follow":"follow","max-snippet":"max-snippet:-1","max-image-preview":"max-image-preview:large","max-video-preview":"max-video-preview:-1"},"canonical":"https:\/\/musiciensalacarte.com\/en\/gala\/","og_locale":"en_US","og_type":"article","og_title":"Gala - Musiciens \u00e0 la carte","og_description":"A Red Carpet Gala ExperienceMake your gala unforgettable with live music that enhances every moment, from guest arrivals to award presentations. Our professional musicians create a seamless, elegant atmosphere, ensuring a night of celebration and success.We will create the proper, elegant atmosphere while allowing your guests to chat comfortably.Dancing or background music. Crafting Memorable Events [&hellip;]","og_url":"https:\/\/musiciensalacarte.com\/en\/gala\/","og_site_name":"Musiciens \u00e0 la carte","article_publisher":"https:\/\/www.facebook.com\/p\/Musiciens--la-carte-100035373021858\/?_rdr","article_modified_time":"2025-02-05T17:30:24+00:00","twitter_card":"summary_large_image","twitter_misc":{"Est. reading time":"25 minutes"},"schema":{"@context":"https:\/\/schema.org","@graph":[{"@type":"WebPage","@id":"https:\/\/musiciensalacarte.com\/en\/gala\/","url":"https:\/\/musiciensalacarte.com\/en\/gala\/","name":"Gala - Musiciens \u00e0 la carte","isPartOf":{"@id":"https:\/\/musiciensalacarte.com\/#website"},"datePublished":"2019-04-26T15:59:00+00:00","dateModified":"2025-02-05T17:30:24+00:00","breadcrumb":{"@id":"https:\/\/musiciensalacarte.com\/en\/gala\/#breadcrumb"},"inLanguage":"en-US","potentialAction":[{"@type":"ReadAction","target":["https:\/\/musiciensalacarte.com\/en\/gala\/"]}]},{"@type":"BreadcrumbList","@id":"https:\/\/musiciensalacarte.com\/en\/gala\/#breadcrumb","itemListElement":[{"@type":"ListItem","position":1,"name":"Home","item":"https:\/\/musiciensalacarte.com\/"},{"@type":"ListItem","position":2,"name":"Gala"}]},{"@type":"WebSite","@id":"https:\/\/musiciensalacarte.com\/#website","url":"https:\/\/musiciensalacarte.com\/","name":"Musiciens \u00e0 la carte","description":"Productions Isabelle Janes inc.","publisher":{"@id":"https:\/\/musiciensalacarte.com\/#organization"},"potentialAction":[{"@type":"SearchAction","target":{"@type":"EntryPoint","urlTemplate":"https:\/\/musiciensalacarte.com\/?s={search_term_string}"},"query-input":{"@type":"PropertyValueSpecification","valueRequired":true,"valueName":"search_term_string"}}],"inLanguage":"en-US"},{"@type":"Organization","@id":"https:\/\/musiciensalacarte.com\/#organization","name":"Musiciens \u00e0 la Carte","url":"https:\/\/musiciensalacarte.com\/","logo":{"@type":"ImageObject","inLanguage":"en-US","@id":"https:\/\/musiciensalacarte.com\/#\/schema\/logo\/image\/","url":"https:\/\/musiciensalacarte.com\/wp-content\/uploads\/2019\/03\/Musiciens-a-la-carte-Logo.png","contentUrl":"https:\/\/musiciensalacarte.com\/wp-content\/uploads\/2019\/03\/Musiciens-a-la-carte-Logo.png","width":266,"height":120,"caption":"Musiciens \u00e0 la Carte"},"image":{"@id":"https:\/\/musiciensalacarte.com\/#\/schema\/logo\/image\/"},"sameAs":["https:\/\/www.facebook.com\/p\/Musiciens--la-carte-100035373021858\/?_rdr"]}]}},"_links":{"self":[{"href":"https:\/\/musiciensalacarte.com\/en\/wp-json\/wp\/v2\/pages\/2139","targetHints":{"allow":["GET"]}}],"collection":[{"href":"https:\/\/musiciensalacarte.com\/en\/wp-json\/wp\/v2\/pages"}],"about":[{"href":"https:\/\/musiciensalacarte.com\/en\/wp-json\/wp\/v2\/types\/page"}],"author":[{"embeddable":true,"href":"https:\/\/musiciensalacarte.com\/en\/wp-json\/wp\/v2\/users\/2"}],"replies":[{"embeddable":true,"href":"https:\/\/musiciensalacarte.com\/en\/wp-json\/wp\/v2\/comments?post=2139"}],"version-history":[{"count":29,"href":"https:\/\/musiciensalacarte.com\/en\/wp-json\/wp\/v2\/pages\/2139\/revisions"}],"predecessor-version":[{"id":5016,"href":"https:\/\/musiciensalacarte.com\/en\/wp-json\/wp\/v2\/pages\/2139\/revisions\/5016"}],"wp:attachment":[{"href":"https:\/\/musiciensalacarte.com\/en\/wp-json\/wp\/v2\/media?parent=2139"}],"curies":[{"name":"wp","href":"https:\/\/api.w.org\/{rel}","templated":true}]}}